{"id":6099,"date":"2022-01-01T13:05:24","date_gmt":"2022-01-01T13:05:24","guid":{"rendered":"https:\/\/themepanthers.com\/wp\/creote\/v-new\/?page_id=7"},"modified":"2026-04-02T11:51:30","modified_gmt":"2026-04-02T11:51:30","slug":"ballina","status":"publish","type":"page","link":"https:\/\/www.iber-lepenc.org\/sq\/","title":{"rendered":"<span key=\"menu_ballina\">BALLINA<\/span>"},"content":{"rendered":"\t\t<div data-elementor-type=\"wp-page\" data-elementor-id=\"6099\" class=\"elementor elementor-6099\">\n\t\t\t\t\t\t<section class=\"elementor-section elementor-top-section elementor-element elementor-element-cada261 elementor-section-full_width elementor-section-height-default elementor-section-height-default\" data-id=\"cada261\" data-element_type=\"section\" id=\"home\">\n\t\t\t\t\t\t<div class=\"elementor-container elementor-column-gap-no\">\n\t\t\t\t\t<div class=\"elementor-column elementor-col-100 elementor-top-column elementor-element elementor-element-8c003e6\" data-id=\"8c003e6\" data-element_type=\"column\">\n\t\t\t<div class=\"elementor-widget-wrap\">\n\t\t\t\t\t\t\t<\/div>\n\t\t<\/div>\n\t\t\t\t\t<\/div>\n\t\t<\/section>\n\t\t\t\t<section class=\"elementor-section elementor-top-section elementor-element elementor-element-22050b8 elementor-section-full_width elementor-section-height-default elementor-section-height-default\" data-id=\"22050b8\" data-element_type=\"section\">\n\t\t\t\t\t\t<div class=\"elementor-container elementor-column-gap-no\">\n\t\t\t\t\t<div class=\"elementor-column elementor-col-100 elementor-top-column elementor-element elementor-element-2175a64\" data-id=\"2175a64\" data-element_type=\"column\">\n\t\t\t<div class=\"elementor-widget-wrap elementor-element-populated\">\n\t\t\t\t\t\t<div class=\"elementor-element elementor-element-ee79829 elementor-widget elementor-widget-creote-slider-v1\" data-id=\"ee79829\" data-element_type=\"widget\" data-widget_type=\"creote-slider-v1.default\">\n\t\t\t\t<div class=\"elementor-widget-container\">\n\t\t\t\t\t<section class=\"slider style_four  nav_position_one\">\r\n   <div class=\"banner-carousel theme_carousel owl-theme owl-carousel\" data-options='{\"loop\": true, \"margin\": 0, \"autoheight\":true, \"lazyload\":true, \"nav\": true, \"dots\": true, \"autoplay\": true, \"autoplayTimeout\": 7000, \"smartSpeed\": 1800, \"responsive\":{ \"0\" :{ \"items\": \"1\" }, \"768\" :{ \"items\" : \"1\" } , \"1000\":{ \"items\" : \"1\" }}}'>\r\n                                 <div class=\"slide-item\">\r\n \r\n      <div class=\"slide-item-content\">\r\n\r\n         <div class=\"slide-item content_center\">\r\n            <div class=\"image-layer\"  style=\"background-image:url(https:\/\/www.iber-lepenc.org\/wp-content\/uploads\/2026\/04\/V.B-Foto1.jpeg)\" ><\/div>\r\n            <div class=\"auto-container\">\r\n               <div class=\"row\">\r\n                  <div class=\"col-md-12 col-lg-12 col-sm-12 col-xs-12\">\r\n                     <div class=\"slider_content\" style=''>\r\n                                                                        <h1  class=\"animated _bounceInDown\">\r\n                           <div class=\"slider-container\">\n<h1>NJOFTIM MORTOR<\/h1>\n<p>Me pik\u00ebllim t\u00eb thell\u00eb dhe me ndjenj\u00ebn e humbjes s\u00eb parikuperueshme, Nd\u00ebrmarrja Publike Hidroekonomike \"Ib\u00ebr-Lepenc\" Sh.A. njofton se kolegu yn\u00eb i dashur, Valmir Berisha, Zyrtar i Teknologjis\u00eb s\u00eb Informacionit, na ka l\u00ebn\u00eb p\u00ebrgjithmon\u00eb.\n<\/p>                        <\/h1>\r\n                                                                                                                        <a href=\"https:\/\/www.iber-lepenc.org\/sq\/publikime\/njoftim-mortor\/\"  target=&quot;_blank&quot;  rel=&quot;nofollow&quot; class=\"theme-btn one  animated _FadeInLeftBig\">\r\n                        Lexo m\u00eb shum\u00eb                        <\/a>\r\n                                             <\/div>\r\n                  <\/div>\r\n               <\/div>\r\n            <\/div>\r\n         <\/div>\r\n      <\/div>\r\n      <\/div>\r\n                     <div class=\"slide-item\">\r\n \r\n      <div class=\"slide-item-content\">\r\n\r\n         <div class=\"slide-item content_center\">\r\n            <div class=\"image-layer\"  style=\"background-image:url(https:\/\/www.iber-lepenc.org\/wp-content\/uploads\/2026\/04\/V.E-F.M.Copy7_.jpeg)\" ><\/div>\r\n            <div class=\"auto-container\">\r\n               <div class=\"row\">\r\n                  <div class=\"col-md-12 col-lg-12 col-sm-12 col-xs-12\">\r\n                     <div class=\"slider_content\" style=''>\r\n                                                                        <h1  class=\"animated _bounceInDown\">\r\n                           <div class=\"slider-container\">\n<h1>Mir\u00ebnjohje p\u00ebr \u201cIb\u00ebr-Lepenc\u201d nga Zv. Drejtori i Policis\u00eb s\u00eb Kosov\u00ebs<\/h1>\n<p>Nd\u00ebrmarrja publike \u201cIb\u00ebr-Lepenc\u201d vazhdon t\u00eb tregoj\u00eb bashk\u00ebpunim t\u00eb ngusht\u00eb dhe efektiv me Policin\u00eb e Kosov\u00ebs n\u00eb veri. P\u00ebr angazhimin dhe koordinimin e vazhduesh\u00ebm, Policia ka vler\u00ebsuar kontributin e nd\u00ebrmarrjes duke i dh\u00ebn\u00eb mir\u00ebnjohje t\u00eb posa\u00e7me.\n<\/p>                        <\/h1>\r\n                                                                                                                        <a href=\"https:\/\/www.iber-lepenc.org\/sq\/publikime\/mirenjohje-per-iber-lepenc-nga-zv-drejtori-i-policise-se-kosoves\/\"  target=&quot;_blank&quot;  rel=&quot;nofollow&quot; class=\"theme-btn one  animated _FadeInLeftBig\">\r\n                        Lexo m\u00eb shum\u00eb                        <\/a>\r\n                                             <\/div>\r\n                  <\/div>\r\n               <\/div>\r\n            <\/div>\r\n         <\/div>\r\n      <\/div>\r\n      <\/div>\r\n                     <div class=\"slide-item\">\r\n \r\n      <div class=\"slide-item-content\">\r\n\r\n         <div class=\"slide-item content_center\">\r\n            <div class=\"image-layer\"  style=\"background-image:url(https:\/\/www.iber-lepenc.org\/wp-content\/uploads\/2022\/11\/02_09_13_28868_Liqeni_i_Ujmanit-1.jpg)\" ><\/div>\r\n            <div class=\"auto-container\">\r\n               <div class=\"row\">\r\n                  <div class=\"col-md-12 col-lg-12 col-sm-12 col-xs-12\">\r\n                     <div class=\"slider_content\" style=''>\r\n                                                                        <h1  class=\"animated _bounceInDown\">\r\n                           <div class=\"slider-container\">\n<h1>Shpallje Publike<\/h1>\n<p>Ib\u00ebr Lepenc njofton opinionin publik p\u00ebr shpalljen e Ankandit Publik p\u00ebr dh\u00ebnien me qira t\u00eb nj\u00eb pjese t\u00eb objektit dhe parcel\u00ebs me num\u00ebr 02386-0.\n<\/p>                        <\/h1>\r\n                                                                                                                        <a href=\"https:\/\/www.iber-lepenc.org\/sq\/publikime\/shpallje-publike\/\"  target=&quot;_blank&quot;  rel=&quot;nofollow&quot; class=\"theme-btn one  animated _FadeInLeftBig\">\r\n                        Lexo m\u00eb shum\u00eb                        <\/a>\r\n                                             <\/div>\r\n                  <\/div>\r\n               <\/div>\r\n            <\/div>\r\n         <\/div>\r\n      <\/div>\r\n      <\/div>\r\n                     <div class=\"slide-item\">\r\n \r\n      <div class=\"slide-item-content\">\r\n\r\n         <div class=\"slide-item content_center\">\r\n            <div class=\"image-layer\"  style=\"background-image:url(https:\/\/www.iber-lepenc.org\/wp-content\/uploads\/2022\/11\/02_09_13_28868_Liqeni_i_Ujmanit-1.jpg)\" ><\/div>\r\n            <div class=\"auto-container\">\r\n               <div class=\"row\">\r\n                  <div class=\"col-md-12 col-lg-12 col-sm-12 col-xs-12\">\r\n                     <div class=\"slider_content\" style=''>\r\n                                                                        <h1  class=\"animated _bounceInDown\">\r\n                           <div class=\"slider-container\">\n<h1>NJOFTIM P\u00cbR PUBLIKUN<\/h1>\n<p>T\u00eb nderuar qytetar\u00eb,\n\nSi pasoj\u00eb e reshjeve t\u00eb fundit atmosferike, rritjes s\u00eb prurjeve t\u00eb pakontrolluara nga p\u00ebrrockat p\u00ebrreth, si dhe rr\u00ebshqitjeve t\u00eb dheut p\u00ebrgjat\u00eb kanalit t\u00eb Ib\u00ebr-Lepencit, \u00ebsht\u00eb sh\u00ebnuar nj\u00eb nivel i lart\u00eb i turbullir\u00ebs n\u00eb kanalin kryesor.\n<\/p>                        <\/h1>\r\n                                                                                                                        <a href=\"https:\/\/www.iber-lepenc.org\/sq\/publikime\/njoftim-per-publikun\/\"  target=&quot;_blank&quot;  rel=&quot;nofollow&quot; class=\"theme-btn one  animated _FadeInLeftBig\">\r\n                        Lexo m\u00eb shum\u00eb                        <\/a>\r\n                                             <\/div>\r\n                  <\/div>\r\n               <\/div>\r\n            <\/div>\r\n         <\/div>\r\n      <\/div>\r\n      <\/div>\r\n                     <div class=\"slide-item\">\r\n \r\n      <div class=\"slide-item-content\">\r\n\r\n         <div class=\"slide-item content_center\">\r\n            <div class=\"image-layer\"  style=\"background-image:url(https:\/\/www.iber-lepenc.org\/wp-content\/uploads\/2022\/11\/02_09_13_28868_Liqeni_i_Ujmanit-1.jpg)\" ><\/div>\r\n            <div class=\"auto-container\">\r\n               <div class=\"row\">\r\n                  <div class=\"col-md-12 col-lg-12 col-sm-12 col-xs-12\">\r\n                     <div class=\"slider_content\" style=''>\r\n                                                                        <h1  class=\"animated _bounceInDown\">\r\n                           <div class=\"slider-container\">\n<h1>REAGIM LIDHUR ME KONKURSIN P\u00cbR KRYESHEF EKZEKUTIV T\u00cb NPH \u201cIB\u00cbR-LEPENC\u201d SH.A.<\/h1>\n<p>19 dhjetor, 2025 \u2013 Lidhur me shkrimet, pretendimet e pabazuara dhe dezinformatat e publikuara s\u00eb fundmi n\u00eb media n\u00eb lidhje me konkursin p\u00ebr pozit\u00ebn e Kryeshefit Ekzekutiv t\u00eb NPH \u201cIb\u00ebr-Lepenc\u201d Sh.A., e shohim t\u00eb nevojshme t\u00eb informojm\u00eb opinionin publik n\u00eb m\u00ebnyr\u00eb t\u00eb sakt\u00eb, t\u00eb plot\u00eb dhe transparente mbi rrjedh\u00ebn e k\u00ebtij procesi.\n<\/p>                        <\/h1>\r\n                                                                                                                        <a href=\"https:\/\/www.iber-lepenc.org\/sq\/publikime\/reagim-lidhur-me-konkursin-per-kryeshef-ekzekutiv-te-nph-iber-lepenc-sh-a\/\"  target=&quot;_blank&quot;  rel=&quot;nofollow&quot; class=\"theme-btn one  animated _FadeInLeftBig\">\r\n                        Lexo m\u00eb shum\u00eb                        <\/a>\r\n                                             <\/div>\r\n                  <\/div>\r\n               <\/div>\r\n            <\/div>\r\n         <\/div>\r\n      <\/div>\r\n      <\/div>\r\n                     <div class=\"slide-item\">\r\n \r\n      <div class=\"slide-item-content\">\r\n\r\n         <div class=\"slide-item content_center\">\r\n            <div class=\"image-layer\"  style=\"background-image:url(https:\/\/www.iber-lepenc.org\/wp-content\/uploads\/2025\/12\/Te-hyrat-nga-2005@2x-scaled.png)\" ><\/div>\r\n            <div class=\"auto-container\">\r\n               <div class=\"row\">\r\n                  <div class=\"col-md-12 col-lg-12 col-sm-12 col-xs-12\">\r\n                     <div class=\"slider_content\" style=''>\r\n                                                                        <h1  class=\"animated _bounceInDown\">\r\n                           <div class=\"slider-container\">\n<h1>Performanca financiare nga viti 2005-2025<\/h1>\n<p>Ka pasur vite kur Ib\u00ebr Lepenc luftonte vet\u00ebm p\u00ebr t\u00eb mbijetuar, mes humbjeve t\u00eb m\u00ebdha, pritjeve t\u00eb ul\u00ebta dhe mosbesimit t\u00eb vazhduesh\u00ebm. Sot, realiteti \u00ebsht\u00eb tjet\u00ebr.\n<\/p>                        <\/h1>\r\n                                                                                                                        <a href=\"https:\/\/www.iber-lepenc.org\/sq\/publikime\/performanca-financiare-nga-viti-2005-2025\/\"  target=&quot;_blank&quot;  rel=&quot;nofollow&quot; class=\"theme-btn one  animated _FadeInLeftBig\">\r\n                        Lexo m\u00eb shum\u00eb                        <\/a>\r\n                                             <\/div>\r\n                  <\/div>\r\n               <\/div>\r\n            <\/div>\r\n         <\/div>\r\n      <\/div>\r\n      <\/div>\r\n                     <div class=\"slide-item\">\r\n \r\n      <div class=\"slide-item-content\">\r\n\r\n         <div class=\"slide-item content_center\">\r\n            <div class=\"image-layer\"  style=\"background-image:url(https:\/\/www.iber-lepenc.org\/wp-content\/uploads\/2025\/10\/image1-scaled.jpg)\" ><\/div>\r\n            <div class=\"auto-container\">\r\n               <div class=\"row\">\r\n                  <div class=\"col-md-12 col-lg-12 col-sm-12 col-xs-12\">\r\n                     <div class=\"slider_content\" style=''>\r\n                                                                        <h1  class=\"animated _bounceInDown\">\r\n                           <div class=\"slider-container\">\n<h1>N.P.H. \u201cIb\u00ebr-Lepenc\u201d SH.A. mban Mbledhjen e P\u00ebrgjithshme Vjetore t\u00eb Aksionarit<\/h1>\n<p>M\u00eb 7 shtator 2025, Nd\u00ebrmarrja Hidroekonomike \u201cIb\u00ebr-Lepenc\u201d SH.A. mbajti Mbledhjen e P\u00ebrgjithshme Vjetore t\u00eb Aksionarit, ku u prezantuan dhe u shqyrtuan raportet kryesore p\u00ebr veprimtarin\u00eb e nd\u00ebrmarrjes gjat\u00eb vitit 2024.<\/p>                        <\/h1>\r\n                                                                                                                        <a href=\"https:\/\/www.iber-lepenc.org\/sq\/publikime\/n-p-h-iber-lepenc-sh-a-mban-mbledhjen-e-pergjithshme-vjetore-te-aksionarit\/\"  target=&quot;_blank&quot;  rel=&quot;nofollow&quot; class=\"theme-btn one  animated _FadeInLeftBig\">\r\n                        Lexo m\u00eb shum\u00eb                        <\/a>\r\n                                             <\/div>\r\n                  <\/div>\r\n               <\/div>\r\n            <\/div>\r\n         <\/div>\r\n      <\/div>\r\n      <\/div>\r\n                     <div class=\"slide-item\">\r\n \r\n      <div class=\"slide-item-content\">\r\n\r\n         <div class=\"slide-item content_center\">\r\n            <div class=\"image-layer\"  style=\"background-image:url(https:\/\/www.iber-lepenc.org\/wp-content\/uploads\/2022\/12\/07_03_2014_9108559_Liqeni_i_Ujmanit.jpg)\" ><\/div>\r\n            <div class=\"auto-container\">\r\n               <div class=\"row\">\r\n                  <div class=\"col-md-12 col-lg-12 col-sm-12 col-xs-12\">\r\n                     <div class=\"slider_content\" style=''>\r\n                                                                        <h1  class=\"animated _bounceInDown\">\r\n                           <div class=\"slider-container\">\n<h1>Njoftim: Nd\u00ebrrimi i p\u00ebrkosh\u00ebm i lokacionit t\u00eb nd\u00ebrmarrjes<\/h1>\n<p>Nd\u00ebrmarrja Publike \u201cIb\u00ebr Lepenc\u201d SH.A. njofton opinionin publik, partner\u00ebt dhe pal\u00ebt e interesit se, p\u00ebr shkak t\u00eb renovimeve n\u00eb objektin aktual n\u00eb rrug\u00ebn \u201cBill Clinton\u201d, \u00ebsht\u00eb b\u00ebr\u00eb zhvendosja e p\u00ebrkohshme e stafit dhe zyrave t\u00eb nd\u00ebrmarrjes.<\/p>                        <\/h1>\r\n                                                                                                                        <a href=\"https:\/\/www.iber-lepenc.org\/sq\/uncategorized\/njoftim-nderrimi-i-lokacionit-te-ndermarrjes\/\"  target=&quot;_blank&quot;  rel=&quot;nofollow&quot; class=\"theme-btn one  animated _FadeInLeftBig\">\r\n                        Lexo m\u00eb shum\u00eb                        <\/a>\r\n                                             <\/div>\r\n                  <\/div>\r\n               <\/div>\r\n            <\/div>\r\n         <\/div>\r\n      <\/div>\r\n      <\/div>\r\n                     <div class=\"slide-item\">\r\n \r\n      <div class=\"slide-item-content\">\r\n\r\n         <div class=\"slide-item content_center\">\r\n            <div class=\"image-layer\"  style=\"background-image:url(https:\/\/www.iber-lepenc.org\/wp-content\/uploads\/2025\/08\/DSC04410-scaled.jpg)\" ><\/div>\r\n            <div class=\"auto-container\">\r\n               <div class=\"row\">\r\n                  <div class=\"col-md-12 col-lg-12 col-sm-12 col-xs-12\">\r\n                     <div class=\"slider_content\" style=''>\r\n                                                                        <h1  class=\"animated _bounceInDown\">\r\n                           <div class=\"slider-container\">\n<h1>Ministrja e Ekonomis\u00eb znj. Artane Rizvanolli viziton punimet e rehabilitimit t\u00eb kanalit kryesor n\u00eb Zubin Potok<\/h1>\n<p>Ministrja e Ekonomis\u00eb znj. Artane Rizvanolli ka vizituar nga af\u00ebr punimet q\u00eb po zhvillohen n\u00eb projektin e rehabilitimit t\u00eb kanalit t\u00eb Ib\u00ebr-Lepenc n\u00eb Zubin Potok<\/p>                        <\/h1>\r\n                                                                                                                        <a href=\"https:\/\/www.iber-lepenc.org\/sq\/publikime\/ministrja-e-ekonomise-znj-artane-rizvanolli-viziton-punimet-e-rehabilitimit-te-kanalit-kryesor-ne-zubin-potok\/\"  target=&quot;_blank&quot;  rel=&quot;nofollow&quot; class=\"theme-btn one  animated _FadeInLeftBig\">\r\n                        Lexo m\u00eb shum\u00eb                        <\/a>\r\n                                             <\/div>\r\n                  <\/div>\r\n               <\/div>\r\n            <\/div>\r\n         <\/div>\r\n      <\/div>\r\n      <\/div>\r\n                     <div class=\"slide-item\">\r\n \r\n      <div class=\"slide-item-content\">\r\n\r\n         <div class=\"slide-item content_center\">\r\n            <div class=\"image-layer\"  style=\"background-image:url(https:\/\/www.iber-lepenc.org\/wp-content\/uploads\/2025\/05\/2-2-1-scaled.jpg)\" ><\/div>\r\n            <div class=\"auto-container\">\r\n               <div class=\"row\">\r\n                  <div class=\"col-md-12 col-lg-12 col-sm-12 col-xs-12\">\r\n                     <div class=\"slider_content\" style=''>\r\n                                                                        <h1  class=\"animated _bounceInDown\">\r\n                           <div class=\"slider-container\">\n<h1>Njoftim p\u00ebr opinionin publik\nKthimi n\u00eb shfryt\u00ebzim i pron\u00ebs s\u00eb nd\u00ebrmarrjes \u201cIb\u00ebr-Lepenc\u201d n\u00eb veri t\u00eb vendit<\/h1>\n<p>Nd\u00ebrmarrja Publike Hidroekonomike \u201cIb\u00ebr-Lepenc\u201d njofton opinionin publik se m\u00eb dat\u00eb 20 maj 2025<\/p>                        <\/h1>\r\n                                                                                                                        <a href=\"https:\/\/www.iber-lepenc.org\/sq\/dokumente\/njoftim-per-opinionin-publik\/\"  target=&quot;_blank&quot;  rel=&quot;nofollow&quot; class=\"theme-btn one  animated _FadeInLeftBig\">\r\n                        Lexo m\u00eb shum\u00eb                        <\/a>\r\n                                             <\/div>\r\n                  <\/div>\r\n               <\/div>\r\n            <\/div>\r\n         <\/div>\r\n      <\/div>\r\n      <\/div>\r\n                     <div class=\"slide-item\">\r\n \r\n      <div class=\"slide-item-content\">\r\n\r\n         <div class=\"slide-item content_center\">\r\n            <div class=\"image-layer\"  style=\"background-image:url(https:\/\/www.iber-lepenc.org\/wp-content\/uploads\/2025\/03\/1.1-scaled.jpg)\" ><\/div>\r\n            <div class=\"auto-container\">\r\n               <div class=\"row\">\r\n                  <div class=\"col-md-12 col-lg-12 col-sm-12 col-xs-12\">\r\n                     <div class=\"slider_content\" style=''>\r\n                                                                        <h1  class=\"animated _fadeInDownBig\">\r\n                           <div class=\"slider-container\">\n<h1>Epopeja e U\u00c7K-s\u00eb ...<\/h1>\n<p>Nd\u00ebrmarrja hidroekonomike \u201cIber Lepenc\u201d SH.A., nderon Epopen e Ushtris\u00eb \u00c7lirimtare...<\/p>\n<\/div>                        <\/h1>\r\n                                                                                                                        <a href=\"https:\/\/www.iber-lepenc.org\/sq\/publikime\/epopeja-e-uck-se\/\"  target=&quot;_blank&quot;  rel=&quot;nofollow&quot; class=\"theme-btn one  animated _zoomIn\">\r\n                        Lexo m\u00eb shum\u00eb                        <\/a>\r\n                                             <\/div>\r\n                  <\/div>\r\n               <\/div>\r\n            <\/div>\r\n         <\/div>\r\n      <\/div>\r\n      <\/div>\r\n                     <div class=\"slide-item\">\r\n \r\n      <div class=\"slide-item-content\">\r\n\r\n         <div class=\"slide-item content_left\">\r\n            <div class=\"image-layer\"  style=\"background-image:url(https:\/\/www.iber-lepenc.org\/wp-content\/uploads\/2025\/02\/1-ballina-scaled.jpg)\" ><\/div>\r\n            <div class=\"auto-container\">\r\n               <div class=\"row\">\r\n                  <div class=\"col-md-12 col-lg-12 col-sm-12 col-xs-12\">\r\n                     <div class=\"slider_content\" style=''>\r\n                                                                        <h1  class=\"animated _fadeInDownBig\">\r\n                           <div class=\"slider-container\">\n<h1>Rezervuari i ujit n\u00eb Mihaliq: Nj\u00eb hap i madh <br> p\u00ebr sigurin\u00eb dhe stabilitetin e furnizimit<\/h1>\n<p>M\u00eb 29 janar 2025, Ministrja e Ekonomis\u00eb znj. Artane Rizvanolli dhe Kryeshefi Ekzekutiv i NPH \u201cIb\u00ebr-Lepenc\u201d sh.a., z. Faruk Mujka, inauguruan nd\u00ebrtimin e rezervuarit t\u00eb ujit me kapacitet 30,000 m\u00b3<\/p>\n<\/div>                        <\/h1>\r\n                                                                                                                        <a href=\"https:\/\/www.iber-lepenc.org\/sq\/publikime\/rezervuari-i-ujit-ne-mihaliq-nje-hap-i-madh-per-sigurine-dhe-stabilitetin-e-furnizimit\/\"  target=&quot;_blank&quot;  rel=&quot;nofollow&quot; class=\"theme-btn one  animated _zoomIn\">\r\n                        Lexo m\u00eb shum\u00eb                        <\/a>\r\n                                             <\/div>\r\n                  <\/div>\r\n               <\/div>\r\n            <\/div>\r\n         <\/div>\r\n      <\/div>\r\n      <\/div>\r\n                     <div class=\"slide-item\">\r\n \r\n      <div class=\"slide-item-content\">\r\n\r\n         <div class=\"slide-item content_center\">\r\n            <div class=\"image-layer\"  style=\"background-image:url(https:\/\/www.iber-lepenc.org\/wp-content\/uploads\/2025\/01\/1-scaled.jpg)\" ><\/div>\r\n            <div class=\"auto-container\">\r\n               <div class=\"row\">\r\n                  <div class=\"col-md-12 col-lg-12 col-sm-12 col-xs-12\">\r\n                     <div class=\"slider_content\" style=''>\r\n                                                                        <h1  class=\"animated _fadeInDownBig\">\r\n                           <div class=\"slider-container\">\n<h1>Kryeministri i Republik\u00ebs s\u00eb Kosov\u00ebs z.Albin Kurti dhe Ministrja e Ekonomis\u00eb   ...<\/h1>\n<p>Kryeministri i Republik\u00ebs s\u00eb Kosov\u00ebs dhe Ministrja e Ekonomis\u00eb znj. Artane Rizvanolli kan\u00eb vizituar nd\u00ebrmarrjen hidroekonomike \u201cIber Lepenc\u201d sh.a.. ..<\/p>\n<\/div>                        <\/h1>\r\n                                                                                                                        <a href=\"https:\/\/www.iber-lepenc.org\/sq\/publikime\/kryeministri-i-republikes-se-kosoves-z-albin-kurti-dhe-ministrja-e-ekonomise-znj-artane-rizvanolli-vizituan-ndermarrjen-hidroekonomike-iber-lepenc-sh-a\/\"  target=&quot;_blank&quot;  rel=&quot;nofollow&quot; class=\"theme-btn one  animated _zoomIn\">\r\n                        Lexo m\u00eb shum\u00eb                        <\/a>\r\n                                             <\/div>\r\n                  <\/div>\r\n               <\/div>\r\n            <\/div>\r\n         <\/div>\r\n      <\/div>\r\n      <\/div>\r\n                     <div class=\"slide-item\">\r\n \r\n      <div class=\"slide-item-content\">\r\n\r\n         <div class=\"slide-item content_left\">\r\n            <div class=\"image-layer\"  style=\"background-image:url(https:\/\/www.iber-lepenc.org\/wp-content\/uploads\/2022\/12\/07_03_2014_9108559_Liqeni_i_Ujmanit.jpg)\" ><\/div>\r\n            <div class=\"auto-container\">\r\n               <div class=\"row\">\r\n                  <div class=\"col-md-12 col-lg-12 col-sm-12 col-xs-12\">\r\n                     <div class=\"slider_content\" style=''>\r\n                                                                        <h1  class=\"animated _fadeInDownBig\">\r\n                           <div class=\"slider-container\">\n<h1>Njoftim p\u00ebr Media<\/h1>\n<p>Njoftim p\u00ebr Media mbi Situat\u00ebn pas Sulmit Terrorist n\u00eb Kanalin Kryesor t\u00eb NPH \u201cIb\u00ebr Lepenc\u201d SH.A.<\/p>\n<\/div>                        <\/h1>\r\n                                                                                                                        <a href=\"\/publikime\/njoftim-per-media\/\"  target=&quot;_blank&quot;  rel=&quot;nofollow&quot; class=\"theme-btn one  animated _zoomIn\">\r\n                        Lexo m\u00eb shum\u00eb                        <\/a>\r\n                                             <\/div>\r\n                  <\/div>\r\n               <\/div>\r\n            <\/div>\r\n         <\/div>\r\n      <\/div>\r\n      <\/div>\r\n                     <div class=\"slide-item\">\r\n \r\n      <div class=\"slide-item-content\">\r\n\r\n         <div class=\"slide-item content_left\">\r\n            <div class=\"image-layer\"  style=\"background-image:url(https:\/\/www.iber-lepenc.org\/wp-content\/uploads\/2024\/08\/1-scaled.jpg)\" ><\/div>\r\n            <div class=\"auto-container\">\r\n               <div class=\"row\">\r\n                  <div class=\"col-md-12 col-lg-12 col-sm-12 col-xs-12\">\r\n                     <div class=\"slider_content\" style=''>\r\n                                                                        <h1  class=\"animated _fadeInDownBig\">\r\n                           <div class=\"slider-container\">\n<h1>Kryeshefi ekzekutiv z.Faruk Mujka priti n\u00eb takim  ...<\/h1>\n<p>N\u00eb nd\u00ebrmarrjen hidroekonomike \u201cIb\u00ebr Lepenc\u201d sh.a. me 21.08.2024, kryeshefi ekzekutiv z.Faruk Mujka me bashk\u00ebpun\u00ebtor\u00eb, prit\u00ebn n\u00eb takim z\u00ebvend\u00ebsministrin e Ministris\u00eb s\u00eb Mbrojtjes. ..<\/p>\n<\/div>\n                        <\/h1>\r\n                                                                                                                        <a href=\"https:\/\/www.iber-lepenc.org\/uncategorized\/kryeshefi-ekzekutiv-z-faruk-mujka-priti-ne-takim-zevendesministrin-e-ministrise-se-mbrojtjes-se-republikes-se-kosoves-z-shemsi-syla\/\"  target=&quot;_blank&quot;  rel=&quot;nofollow&quot; class=\"theme-btn one  animated _zoomIn\">\r\n                        Lexo m\u00eb shum\u00eb                        <\/a>\r\n                                             <\/div>\r\n                  <\/div>\r\n               <\/div>\r\n            <\/div>\r\n         <\/div>\r\n      <\/div>\r\n      <\/div>\r\n                     <div class=\"slide-item\">\r\n \r\n      <div class=\"slide-item-content\">\r\n\r\n         <div class=\"slide-item content_center\">\r\n            <div class=\"image-layer\"  style=\"background-image:url(https:\/\/www.iber-lepenc.org\/wp-content\/uploads\/2024\/07\/3.jpg)\" ><\/div>\r\n            <div class=\"auto-container\">\r\n               <div class=\"row\">\r\n                  <div class=\"col-md-12 col-lg-12 col-sm-12 col-xs-12\">\r\n                     <div class=\"slider_content\" style=''>\r\n                                                                        <h1  class=\"animated _fadeInDownBig\">\r\n                           <div class=\"slider-container\">\n<h1>Kryeshefi ekzekutiv z.Faruk Mujka me bashk\u00ebpun\u00ebtor\u00eb  ...<\/h1>\n<p>N\u00eb hidrocentralin e Ujman-it deputet\u00eb t\u00eb Kuvendit t\u00eb Republik\u00ebs s\u00eb Kosov\u00ebs ...<\/p>\n<\/div>                        <\/h1>\r\n                                                                                                                        <a href=\"https:\/\/www.iber-lepenc.org\/publikime\/kryeshefi-ekzekutiv-z-faruk-mujka-me-bashkepunetore-mirepriti-ne-liqenin-e-ujman-it-deputetet-e-kuvendit-te-republikes-se-kosoves\/\"  target=&quot;_blank&quot;  rel=&quot;nofollow&quot; class=\"theme-btn one  animated _zoomIn\">\r\n                        Lexo m\u00eb shum\u00eb                        <\/a>\r\n                                             <\/div>\r\n                  <\/div>\r\n               <\/div>\r\n            <\/div>\r\n         <\/div>\r\n      <\/div>\r\n      <\/div>\r\n                     <div class=\"slide-item\">\r\n \r\n      <div class=\"slide-item-content\">\r\n\r\n         <div class=\"slide-item content_left\">\r\n            <div class=\"image-layer\"  style=\"background-image:url(https:\/\/www.iber-lepenc.org\/wp-content\/uploads\/2024\/06\/1a-1.png)\" ><\/div>\r\n            <div class=\"auto-container\">\r\n               <div class=\"row\">\r\n                  <div class=\"col-md-12 col-lg-12 col-sm-12 col-xs-12\">\r\n                     <div class=\"slider_content\" style=''>\r\n                                                                        <h1  class=\"animated _fadeInDownBig\">\r\n                           <div class=\"slider-container\">\n<h1>Kryeshefi Ekzekutiv z.Faruk Mujka priti n\u00eb takim Deputet\u00ebt e Kuvendit ...<\/h1>\n<p>N\u00eb nd\u00ebrmarrjen hidroekonomike \u201cIber Lepenc\u201d sh.a. me 10.06.2024, kryesuesi i Bordit z.Bajram Mustafa ...<\/p>\n<\/div>                        <\/h1>\r\n                                                                                                                        <a href=\"https:\/\/www.iber-lepenc.org\/publikime\/kryeshefi-ekzekutiv-z-faruk-mujka-priti-ne-takim-deputetet-e-kuvendit-te-republikes-se-kosoves-nga-komisioni-parlamentar-per-ekonomi\/%20\"  target=&quot;_blank&quot;  rel=&quot;nofollow&quot; class=\"theme-btn one  animated _zoomIn\">\r\n                        Lexo m\u00eb shum\u00eb                        <\/a>\r\n                                             <\/div>\r\n                  <\/div>\r\n               <\/div>\r\n            <\/div>\r\n         <\/div>\r\n      <\/div>\r\n      <\/div>\r\n                     <div class=\"slide-item\">\r\n \r\n      <div class=\"slide-item-content\">\r\n\r\n         <div class=\"slide-item content_center\">\r\n            <div class=\"image-layer\"  style=\"background-image:url(https:\/\/www.iber-lepenc.org\/wp-content\/uploads\/2024\/06\/1a.png)\" ><\/div>\r\n            <div class=\"auto-container\">\r\n               <div class=\"row\">\r\n                  <div class=\"col-md-12 col-lg-12 col-sm-12 col-xs-12\">\r\n                     <div class=\"slider_content\" style=''>\r\n                                                                        <h1  class=\"animated _fadeInDownBig\">\r\n                           <div class=\"slider-container\">\n<h1>Mbahet mbledhja e p\u00ebrgjithshme vjetore ...<\/h1>\n<p>Bordi i Drejtor\u00ebve i nd\u00ebrmarrjes hidroekonomike \u201cIber Lepenc\u201d sh.a. i udh\u00ebhequr nga kryesuesi z.Bajram Mustafa...<\/p>\n<\/div>                        <\/h1>\r\n                                                                                                                        <a href=\"https:\/\/www.iber-lepenc.org\/publikime\/mbahet-mbledhja-e-pergjithshme-vjetore-e-aksionarit\/\"  target=&quot;_blank&quot;  rel=&quot;nofollow&quot; class=\"theme-btn one  animated _zoomIn\">\r\n                        Lexo m\u00eb shum\u00eb                        <\/a>\r\n                                             <\/div>\r\n                  <\/div>\r\n               <\/div>\r\n            <\/div>\r\n         <\/div>\r\n      <\/div>\r\n      <\/div>\r\n                     <div class=\"slide-item\">\r\n \r\n      <div class=\"slide-item-content\">\r\n\r\n         <div class=\"slide-item content_center\">\r\n            <div class=\"image-layer\"  style=\"background-image:url(https:\/\/www.iber-lepenc.org\/wp-content\/uploads\/2024\/02\/2-scaled.jpg)\" ><\/div>\r\n            <div class=\"auto-container\">\r\n               <div class=\"row\">\r\n                  <div class=\"col-md-12 col-lg-12 col-sm-12 col-xs-12\">\r\n                     <div class=\"slider_content\" style=''>\r\n                                                                        <h1  class=\"animated _fadeInDownBig\">\r\n                           <div class=\"slider-container\">\n<h1>Kryeshefi Ekzekutiv z. Mujka priti n\u00eb takim Deputet\u00ebt ...<\/h1>\n<p>Kryeshefi Ekzekutiv i NPH \u201cIb\u00ebr-Lepenc\u201d sh.a., z.Faruk Mujka ka pritur n\u00eb takim deputet\u00ebt e Kuvendit t\u00eb Republik\u00ebs s\u00eb Kosov\u00ebs...<\/p>\n<\/div>                        <\/h1>\r\n                                                                                                                        <a href=\"https:\/\/www.iber-lepenc.org\/publikime\/kryeshefi-ekzekutiv-z-mujka-priti-ne-takim-deputetet-e-kuvendit-te-republikes-se-kosoves\/\"  target=&quot;_blank&quot;  rel=&quot;nofollow&quot; class=\"theme-btn one  animated _zoomIn\">\r\n                        Lexo m\u00eb shum\u00eb                        <\/a>\r\n                                             <\/div>\r\n                  <\/div>\r\n               <\/div>\r\n            <\/div>\r\n         <\/div>\r\n      <\/div>\r\n      <\/div>\r\n                     <div class=\"slide-item\">\r\n \r\n      <div class=\"slide-item-content\">\r\n\r\n         <div class=\"slide-item content_center\">\r\n            <div class=\"image-layer\"  style=\"background-image:url(https:\/\/www.iber-lepenc.org\/wp-content\/uploads\/2024\/01\/1.jpg)\" ><\/div>\r\n            <div class=\"auto-container\">\r\n               <div class=\"row\">\r\n                  <div class=\"col-md-12 col-lg-12 col-sm-12 col-xs-12\">\r\n                     <div class=\"slider_content\" style=''>\r\n                                                                        <h1  class=\"animated _fadeInDownBig\">\r\n                           <div class=\"slider-container\">\n<h1>N\u00ebnshkruhet Marr\u00ebveshje Partneriteti n\u00eb mes t\u00eb ...<\/h1>\n<p>Kryeshefi i Nd\u00ebrmarrjes Hidroekonomike \u201cIber Lepenc\u201d sh.a. z.Faruk Mujka dhe Ambasadori i Republik\u00ebs s\u00eb Franc\u00ebs n\u00eb Kosov\u00eb z. Olivier Guerot, n\u00ebnshkruan Marr\u00ebveshje Partneriteti p\u00ebr t\u00eb menaxhuar p\u00ebrdorimin e ujit dhe p\u00ebr t\u00eb ruajtur k\u00ebt\u00eb burim. ...<\/p>\n<\/div>                        <\/h1>\r\n                                                                                                                        <a href=\"https:\/\/www.iber-lepenc.org\/publikime\/nenshkruhet-marreveshje-partneriteti-ne-mes-te-ndermarrjes-hidroekonomike-iber-lepenc-sh-a-dhe-scp-societe-du-canal-de-provence\/\"  target=&quot;_blank&quot;  rel=&quot;nofollow&quot; class=\"theme-btn one  animated _zoomIn\">\r\n                        Lexo m\u00eb shum\u00eb                        <\/a>\r\n                                             <\/div>\r\n                  <\/div>\r\n               <\/div>\r\n            <\/div>\r\n         <\/div>\r\n      <\/div>\r\n      <\/div>\r\n                     <div class=\"slide-item\">\r\n \r\n      <div class=\"slide-item-content\">\r\n\r\n         <div class=\"slide-item content_center\">\r\n            <div class=\"image-layer\"  style=\"background-image:url(https:\/\/www.iber-lepenc.org\/wp-content\/uploads\/2023\/12\/foto-2.jpg)\" ><\/div>\r\n            <div class=\"auto-container\">\r\n               <div class=\"row\">\r\n                  <div class=\"col-md-12 col-lg-12 col-sm-12 col-xs-12\">\r\n                     <div class=\"slider_content\" style=''>\r\n                                                                        <h1  class=\"animated _fadeInDownBig\">\r\n                           <div class=\"slider-container\">\n<h1>N\u00ebnshkruhet Marr\u00ebveshje Bashk\u00ebpunimi nd\u00ebrmjet NPH \u201cIb\u00ebr-Lepenc\u201d sh.a. dhe Fakultetit t\u00eb Nd\u00ebrtimtaris\u00eb ...<\/h1>\n<p>Bazuar n\u00eb interesat e p\u00ebrbashk\u00ebta \u00ebsht\u00eb arritur nj\u00eb marr\u00ebveshje n\u00eb mes t\u00eb k\u00ebtyre dy institucioneve me q\u00ebllim t\u00eb avancimit dhe ngritjes s\u00eb arritjeve profesionale n\u00eb arsimin e lart\u00eb, shkenc\u00eb, bashk\u00ebpunimin arsimor dhe akademik nd\u00ebrmjet dy institucioneve, duke hapur mund\u00ebsi t\u00eb reja bashk\u00ebpunimi p\u00ebr student\u00ebt, stafin akademik dhe atij administrativ.r...<\/p>\n<\/div>                        <\/h1>\r\n                                                                                                                        <a href=\"https:\/\/www.iber-lepenc.org\/publikime\/nenshkruhet-marreveshje-bashkepunimi-ndermjet-nph-iber-lepenc-sh-a-dhe-fakultetit-te-ndertimtarise-universiteti-i-prishtines\/\"  target=&quot;_blank&quot;  rel=&quot;nofollow&quot; class=\"theme-btn one  animated _zoomIn\">\r\n                        Lexo m\u00eb shum\u00eb                        <\/a>\r\n                                             <\/div>\r\n                  <\/div>\r\n               <\/div>\r\n            <\/div>\r\n         <\/div>\r\n      <\/div>\r\n      <\/div>\r\n                     <div class=\"slide-item\">\r\n \r\n      <div class=\"slide-item-content\">\r\n\r\n         <div class=\"slide-item content_center\">\r\n            <div class=\"image-layer\"  style=\"background-image:url(https:\/\/www.iber-lepenc.org\/wp-content\/uploads\/2023\/11\/Takimi-scaled.jpg)\" ><\/div>\r\n            <div class=\"auto-container\">\r\n               <div class=\"row\">\r\n                  <div class=\"col-md-12 col-lg-12 col-sm-12 col-xs-12\">\r\n                     <div class=\"slider_content\" style=''>\r\n                                                                        <h1  class=\"animated _fadeInDownBig\">\r\n                           <div class=\"slider-container\">\n<h1>Sekretari i Nd\u00ebrmarrjes \u201cIB\u00cbR LEPENC\u201d SH.A. z. Hysni Mustafa n\u00eb takim me...<\/h1>\n<p>Sekretari i nd\u00ebrmarrjes \u201cIb\u00ebr Lepenc\u201d sh.a. z. Hysni Mustafa n\u00eb takim me z\u00ebvend\u00ebsministrin...<\/p>\n<\/div>                        <\/h1>\r\n                                                                                                                        <a href=\"https:\/\/www.iber-lepenc.org\/publikime\/sekretari-i-ndermarrjes-iber-lepenc-sh-a-z-hysni-mustafa-ne-takim-me-zevendesministerin-e-ministrise-se-ekonomise-z-getoar-mjeku-dhe-udheheqesin-e-njpmnp-z-valon-prebreza\/\"  target=&quot;_blank&quot;  rel=&quot;nofollow&quot; class=\"theme-btn one  animated _zoomIn\">\r\n                        Lexo m\u00eb shum\u00eb                        <\/a>\r\n                                             <\/div>\r\n                  <\/div>\r\n               <\/div>\r\n            <\/div>\r\n         <\/div>\r\n      <\/div>\r\n      <\/div>\r\n                     <div class=\"slide-item\">\r\n \r\n      <div class=\"slide-item-content\">\r\n\r\n         <div class=\"slide-item content_center\">\r\n            <div class=\"image-layer\"  style=\"background-image:url(https:\/\/www.iber-lepenc.org\/wp-content\/uploads\/2023\/11\/2-scaled.jpg)\" ><\/div>\r\n            <div class=\"auto-container\">\r\n               <div class=\"row\">\r\n                  <div class=\"col-md-12 col-lg-12 col-sm-12 col-xs-12\">\r\n                     <div class=\"slider_content\" style=''>\r\n                                                                        <h1  class=\"animated _fadeInDownBig\">\r\n                           <div class=\"slider-container\">\n<h1>Mbledhja e Bordit t\u00eb Drejtor\u00ebve \u2013 NH \u201cIber-Lepenc\u201d sh.a. ...<\/h1>\n<p>Me dat\u00eb 31.10.2023 Bordi i Drejtor\u00ebve t\u00eb nd\u00ebrmarrjes hidroekonomike \u201cIb\u00ebr-Lepenc\u201d Sh.A. ka mbajtur mbledhjen e tremb\u00ebdhjet\u00eb (XIII). \n\n\nBordi i Drejtor\u00ebve n\u00eb ket\u00eb mbledhje ka miratuar...<\/p>\n<\/div>                        <\/h1>\r\n                                                                                                                        <a href=\"https:\/\/www.iber-lepenc.org\/publikime\/mbledhja-e-bordit-te-drejtoreve-nh-iber-lepenc-sh-a\/\"  target=&quot;_blank&quot;  rel=&quot;nofollow&quot; class=\"theme-btn one  animated _zoomIn\">\r\n                        Lexo m\u00eb shum\u00eb                        <\/a>\r\n                                             <\/div>\r\n                  <\/div>\r\n               <\/div>\r\n            <\/div>\r\n         <\/div>\r\n      <\/div>\r\n      <\/div>\r\n                     <div class=\"slide-item\">\r\n \r\n      <div class=\"slide-item-content\">\r\n\r\n         <div class=\"slide-item content_center\">\r\n            <div class=\"image-layer\"  style=\"background-image:url(https:\/\/www.iber-lepenc.org\/wp-content\/uploads\/2023\/10\/1.a-1.jpg)\" ><\/div>\r\n            <div class=\"auto-container\">\r\n               <div class=\"row\">\r\n                  <div class=\"col-md-12 col-lg-12 col-sm-12 col-xs-12\">\r\n                     <div class=\"slider_content\" style=''>\r\n                                                                        <h1  class=\"animated _fadeInDownBig\">\r\n                           <div class=\"slider-container\">\n<h1>Vizit\u00eb n\u00eb familjen e heroit rreshter Afrim Bunjaku ...<\/h1>\n<p>Me dat\u00eb 19.10.2023 kryeshefi ekzekutiv i nd\u00ebrmarrjes \u201cIb\u00ebr Lepenc\u201d sh.a. z.Faruk Mujka me bashk\u00ebpun\u00ebtor\u00eb...<\/p>\n<\/div>                        <\/h1>\r\n                                                                                                                        <a href=\"https:\/\/www.iber-lepenc.org\/publikime\/vizite-ne-famijen-e-heroit-rreshter-afrim-bunjaku\/\"  target=&quot;_blank&quot;  rel=&quot;nofollow&quot; class=\"theme-btn one  animated _zoomIn\">\r\n                        Lexo m\u00eb shum\u00eb                        <\/a>\r\n                                             <\/div>\r\n                  <\/div>\r\n               <\/div>\r\n            <\/div>\r\n         <\/div>\r\n      <\/div>\r\n      <\/div>\r\n                     <div class=\"slide-item\">\r\n \r\n      <div class=\"slide-item-content\">\r\n\r\n         <div class=\"slide-item content_center\">\r\n            <div class=\"image-layer\"  style=\"background-image:url(https:\/\/www.iber-lepenc.org\/wp-content\/uploads\/2023\/09\/vizita.jpg)\" ><\/div>\r\n            <div class=\"auto-container\">\r\n               <div class=\"row\">\r\n                  <div class=\"col-md-12 col-lg-12 col-sm-12 col-xs-12\">\r\n                     <div class=\"slider_content\" style=''>\r\n                                                                        <h1  class=\"animated _fadeInDownBig\">\r\n                           <div class=\"slider-container\">\n<h1>KRYESHEFI EKZEKUTIV I ND\u0401RMARRJES \u201cIBER-LEPENC\u201d SH.A. z.FARUK MUJKA N\u0401 VIZIT\u0401 ZYRTARE N\u0401 KRU MITROVICA SH.A...<\/h1>\n<p> N\u00eb vazhd\u00ebn e takimeve me nd\u00ebrmarrjet partnere, Kryeshefi Ekzekutiv i NPH Ib\u00ebr-Lepenc, z.Faruk Mujka vizitoi nd\u00ebrmarrjen KRU Mitrovica,..<\/p>\n<\/div>                        <\/h1>\r\n                                                                                                                        <a href=\"https:\/\/www.iber-lepenc.org\/publikime\/kryeshefi-ekzekutiv-i-nd%d1%91rmarrjes-iber-lepenc-sh-a-z-faruk-mujka-n%d1%91-vizit%d1%91-zyrtare-n%d1%91-kru-mitrovica-sh-a\/\"  target=&quot;_blank&quot;  rel=&quot;nofollow&quot; class=\"theme-btn one  animated _zoomIn\">\r\n                        Lexo m\u00eb shum\u00eb                        <\/a>\r\n                                             <\/div>\r\n                  <\/div>\r\n               <\/div>\r\n            <\/div>\r\n         <\/div>\r\n      <\/div>\r\n      <\/div>\r\n                     <div class=\"slide-item\">\r\n \r\n      <div class=\"slide-item-content\">\r\n\r\n         <div class=\"slide-item content_center\">\r\n            <div class=\"image-layer\"  style=\"background-image:url(https:\/\/www.iber-lepenc.org\/wp-content\/uploads\/2023\/09\/1.jpg)\" ><\/div>\r\n            <div class=\"auto-container\">\r\n               <div class=\"row\">\r\n                  <div class=\"col-md-12 col-lg-12 col-sm-12 col-xs-12\">\r\n                     <div class=\"slider_content\" style=''>\r\n                                                                        <h1  class=\"animated _fadeInDownBig\">\r\n                           <div class=\"slider-container\">\n<h1>Kryeshefi ekzekutiv i nd\u00ebrmarrjes \u201cIber Lepenc\u201d sh.a. z. Faruk Mujka n\u00eb vizit\u00eb zyrtare n\u00eb nd\u00ebrmarrjen Trep\u00e7a sh.a....<\/h1>\n<p>\n..<\/p>\n<\/div>                        <\/h1>\r\n                                                                                                                        <a href=\"https:\/\/www.iber-lepenc.org\/publikime\/kryeshefi-ekzekutiv-i-ndermarrjes-iber-lepenc-sh-a-z-faruk-mujka-ne-vizite-zyrtare-ne-ndermarrjen-trepca-sh-a\/\"  target=&quot;_blank&quot;  rel=&quot;nofollow&quot; class=\"theme-btn one  animated _zoomIn\">\r\n                        Lexo m\u00eb shum\u00eb                        <\/a>\r\n                                             <\/div>\r\n                  <\/div>\r\n               <\/div>\r\n            <\/div>\r\n         <\/div>\r\n      <\/div>\r\n      <\/div>\r\n                     <div class=\"slide-item\">\r\n \r\n      <div class=\"slide-item-content\">\r\n\r\n         <div class=\"slide-item content_right\">\r\n            <div class=\"image-layer\"  style=\"background-image:url(https:\/\/iberlepenci.hajt24.xyz\/wp-content\/uploads\/2022\/11\/Jezero_Gazivode-scaled.jpg)\" ><\/div>\r\n            <div class=\"auto-container\">\r\n               <div class=\"row\">\r\n                  <div class=\"col-md-12 col-lg-12 col-sm-12 col-xs-12\">\r\n                     <div class=\"slider_content\" style=''>\r\n                                                                        <h1  class=\"animated _fadeInDownBig\">\r\n                           <div class=\"slider-container\">\n<h1>Miratimi i <br> raportit vjetor!<\/h1>\n<p>N\u00eb vazhd\u00ebn e pun\u00ebve dhe misionit t\u00eb besuar nga Qeveria e Kosov\u00ebs, <br>sot me dat\u00eb 27.10.2022 prit\u00ebm n\u00eb vizit\u00eb pune z. Getoar Mjeku \u2013 zv. Minist\u00ebr i Ekonomis\u00eb s\u00eb bashku me<\/p>\n<\/div>                        <\/h1>\r\n                                                                                                                        <a href=\"\/publikime\/miratimi-i-raportit-vjetor-te-nderrmarjes-n-h-iber-lepenc-per-vitin-2021\/\"  target=&quot;_blank&quot;  rel=&quot;nofollow&quot; class=\"theme-btn one  animated _zoomIn\">\r\n                        Lexo m\u00eb shum\u00eb                        <\/a>\r\n                                             <\/div>\r\n                  <\/div>\r\n               <\/div>\r\n            <\/div>\r\n         <\/div>\r\n      <\/div>\r\n      <\/div>\r\n                     <div class=\"slide-item\">\r\n \r\n      <div class=\"slide-item-content\">\r\n\r\n         <div class=\"slide-item content_left\">\r\n            <div class=\"image-layer\"  style=\"background-image:url(https:\/\/www.iber-lepenc.org\/wp-content\/uploads\/2025\/06\/Ujitja-2.png)\" ><\/div>\r\n            <div class=\"auto-container\">\r\n               <div class=\"row\">\r\n                  <div class=\"col-md-12 col-lg-12 col-sm-12 col-xs-12\">\r\n                     <div class=\"slider_content\" style=''>\r\n                                                                        <h1  class=\"animated _fadeInDownBig\">\r\n                           Inspired <br>  Performance                        <\/h1>\r\n                                                                                                                        <a href=\"https:\/\/www.iber-lepenc.org\/wp-content\/uploads\/2025\/06\/Ujitja-2.png\"  target=&quot;_blank&quot;  rel=&quot;nofollow&quot; class=\"theme-btn one  animated _zoomIn\">\r\n                        Contact Us                        <\/a>\r\n                                             <\/div>\r\n                  <\/div>\r\n               <\/div>\r\n            <\/div>\r\n         <\/div>\r\n      <\/div>\r\n      <\/div>\r\n                  \r\n   <\/div>\r\n<\/section>\r\n\t\t\t\t<\/div>\n\t\t\t\t<\/div>\n\t\t\t\t\t<\/div>\n\t\t<\/div>\n\t\t\t\t\t<\/div>\n\t\t<\/section>\n\t\t\t\t<section class=\"elementor-section elementor-top-section elementor-element elementor-element-9a3ebb6 elementor-hidden-desktop elementor-hidden-tablet elementor-hidden-mobile elementor-section-boxed elementor-section-height-default elementor-section-height-default\" data-id=\"9a3ebb6\" data-element_type=\"section\" id=\"about\">\n\t\t\t\t\t\t<div class=\"elementor-container elementor-column-gap-default\">\n\t\t\t\t\t<div class=\"elementor-column elementor-col-33 elementor-top-column elementor-element elementor-element-6bdd674\" data-id=\"6bdd674\" data-element_type=\"column\">\n\t\t\t<div class=\"elementor-widget-wrap elementor-element-populated\">\n\t\t\t\t\t\t<section class=\"elementor-section elementor-inner-section elementor-element elementor-element-5e9c874 elementor-section-boxed elementor-section-height-default elementor-section-height-default\" data-id=\"5e9c874\" data-element_type=\"section\">\n\t\t\t\t\t\t<div class=\"elementor-container elementor-column-gap-default\">\n\t\t\t\t\t<div class=\"elementor-column elementor-col-100 elementor-inner-column elementor-element elementor-element-d66dce5\" data-id=\"d66dce5\" data-element_type=\"column\">\n\t\t\t<div class=\"elementor-widget-wrap elementor-element-populated\">\n\t\t\t\t\t\t<div class=\"elementor-element elementor-element-55ac8ec elementor-widget elementor-widget-html\" data-id=\"55ac8ec\" data-element_type=\"widget\" data-widget_type=\"html.default\">\n\t\t\t\t<div class=\"elementor-widget-container\">\n\t\t\t\t\t<h1>Pyetje t\u00eb shpeshta<\/h1>\t\t\t\t<\/div>\n\t\t\t\t<\/div>\n\t\t\t\t\t<\/div>\n\t\t<\/div>\n\t\t\t\t\t<\/div>\n\t\t<\/section>\n\t\t\t\t<div class=\"elementor-element elementor-element-d9f916e elementor-widget elementor-widget-creote-faqs-v1\" data-id=\"d9f916e\" data-element_type=\"widget\" data-widget_type=\"creote-faqs-v1.default\">\n\t\t\t\t<div class=\"elementor-widget-container\">\n\t\t\t\t\t \r\n<section class=\"faq_section type_one\">\r\n   <div class=\"block_faq\">\r\n      <div class=\"accordion\">\r\n         <dl>\r\n                                    <dt class=\"faq_header active\"  >\r\n               <span class=\"fa fa-arrow-right\"><\/span> Lorem ipsum dolor sit amet, consectetur adipiscing elit.            <\/dt>\r\n            <dd class=\"accordion-content\"  style=\"display:block;\"   >\r\n               <p>\r\n                  \nLorem ipsum dolor sit amet, consectetur adipiscing elit. Nulla erat quam, hendrerit aliquet justo sed, molestie elementum mi.               <\/p>\r\n            <\/dd>\r\n                        <dt class=\"faq_header \"  >\r\n               <span class=\"fa fa-arrow-right\"><\/span> Lorem ipsum dolor sit amet, consectetur adipiscing elit.            <\/dt>\r\n            <dd class=\"accordion-content\"   >\r\n               <p>\r\n                  \nLorem ipsum dolor sit amet, consectetur adipiscing elit. Nulla erat quam, hendrerit aliquet justo sed, molestie elementum mi.               <\/p>\r\n            <\/dd>\r\n                        <dt class=\"faq_header \"  >\r\n               <span class=\"fa fa-arrow-right\"><\/span> Lorem ipsum dolor sit amet, consectetur adipiscing elit.            <\/dt>\r\n            <dd class=\"accordion-content\"   >\r\n               <p>\r\n                  \nLorem ipsum dolor sit amet, consectetur adipiscing elit. Nulla erat quam, hendrerit aliquet justo sed, molestie elementum mi.               <\/p>\r\n            <\/dd>\r\n                        <dt class=\"faq_header \"  >\r\n               <span class=\"fa fa-arrow-right\"><\/span> Lorem ipsum dolor sit amet, consectetur adipiscing elit.            <\/dt>\r\n            <dd class=\"accordion-content\"   >\r\n               <p>\r\n                  \nLorem ipsum dolor sit amet, consectetur adipiscing elit. Nulla erat quam, hendrerit aliquet justo sed, molestie elementum mi.               <\/p>\r\n            <\/dd>\r\n                                 <\/dl>\r\n      <\/div>\r\n   <\/div>\r\n<\/section>\r\n\t\t\t\t<\/div>\n\t\t\t\t<\/div>\n\t\t\t\t\t<\/div>\n\t\t<\/div>\n\t\t\t\t<div class=\"elementor-column elementor-col-33 elementor-top-column elementor-element elementor-element-625e610\" data-id=\"625e610\" data-element_type=\"column\">\n\t\t\t<div class=\"elementor-widget-wrap elementor-element-populated\">\n\t\t\t\t\t\t<div class=\"elementor-element elementor-element-d316df7 elementor-widget elementor-widget-creote-title-v1\" data-id=\"d316df7\" data-element_type=\"widget\" data-widget_type=\"creote-title-v1.default\">\n\t\t\t\t<div class=\"elementor-widget-container\">\n\t\t\t\t\t<div class=\"title_all_box style_one  dark_color\">\r\n         <div class=\"title_sections left\">\r\n            <div class=\"before_title\">\r\n         Intelligent      <\/div>\r\n                    <div class=\"title\">  Human Resources<\/div>\r\n                  <p>  Our power of choice is untrammelled and when nothing prevents being able to do what we like best every pleasure.<\/p>\r\n         <\/div>\r\n               \r\n<\/div>\r\n\t\t\t\t<\/div>\n\t\t\t\t<\/div>\n\t\t\t\t<div class=\"elementor-element elementor-element-7d4fd40 elementor-widget elementor-widget-creote-process-v1\" data-id=\"7d4fd40\" data-element_type=\"widget\" data-widget_type=\"creote-process-v1.default\">\n\t\t\t\t<div class=\"elementor-widget-container\">\n\t\t\t\t\t<div class=\"process_box style_one dark_color\"   data-aos=\"fade-up\" data-aos-delay=\"0\"  data-aos-offset=\"0\" >\r\n         <div class=\"process_box_outer\">\r\n            <div class=\"icon\">\r\n         <span class=\" icon-line-chart\"><\/span>\r\n                  <div class=\"number\">\r\n            01         <\/div>\r\n               <\/div>\r\n            <div class=\"content_box\">\r\n                           <h2>    <a href=\"#\"   target=&quot;_blank&quot;  rel=&quot;nofollow&quot;>\r\n            Claims of duty            <\/a>\r\n         <\/h2>\r\n                           <p>  Certain circumstances seds owing to the claims duty ourighteous indignation and so beguiled.<\/p>\r\n               <\/div>\r\n   <\/div>\r\n               \r\n<\/div>\r\n\t\t\t\t<\/div>\n\t\t\t\t<\/div>\n\t\t\t\t<div class=\"elementor-element elementor-element-bf737e6 elementor-widget elementor-widget-creote-process-v1\" data-id=\"bf737e6\" data-element_type=\"widget\" data-widget_type=\"creote-process-v1.default\">\n\t\t\t\t<div class=\"elementor-widget-container\">\n\t\t\t\t\t<div class=\"process_box style_one dark_color\"   data-aos=\"fade-up\" data-aos-delay=\"0\"  data-aos-offset=\"0\" >\r\n         <div class=\"process_box_outer\">\r\n            <div class=\"icon\">\r\n         <span class=\" icon-line-chart\"><\/span>\r\n                  <div class=\"number\">\r\n            01         <\/div>\r\n               <\/div>\r\n            <div class=\"content_box\">\r\n                           <h2>    <a href=\"#\"   target=&quot;_blank&quot;  rel=&quot;nofollow&quot;>\r\n            Accepted always            <\/a>\r\n         <\/h2>\r\n                           <p>  To take a trivial example, which of us ever undertakes get\nlaborious physical exercise.<\/p>\r\n               <\/div>\r\n   <\/div>\r\n               \r\n<\/div>\r\n\t\t\t\t<\/div>\n\t\t\t\t<\/div>\n\t\t\t\t<section class=\"elementor-section elementor-inner-section elementor-element elementor-element-ece299c elementor-section-boxed elementor-section-height-default elementor-section-height-default\" data-id=\"ece299c\" data-element_type=\"section\">\n\t\t\t\t\t\t<div class=\"elementor-container elementor-column-gap-default\">\n\t\t\t\t\t<div class=\"elementor-column elementor-col-50 elementor-inner-column elementor-element elementor-element-f3c0f38\" data-id=\"f3c0f38\" data-element_type=\"column\">\n\t\t\t<div class=\"elementor-widget-wrap elementor-element-populated\">\n\t\t\t\t\t\t<div class=\"elementor-element elementor-element-f32694a elementor-widget elementor-widget-creote-themebtns-v1\" data-id=\"f32694a\" data-element_type=\"widget\" data-widget_type=\"creote-themebtns-v1.default\">\n\t\t\t\t<div class=\"elementor-widget-container\">\n\t\t\t\t\t<div class=\"theme_btn_all color_one\">\r\n      <a href=\"https:\/\/themepanthers.com\/wp\/creote\/v-new\/about-us\/\"   target=&quot;_blank&quot;  rel=&quot;nofollow&quot; class=\"theme-btn two\">\r\n   Read More   <\/a>\r\n   <\/div>\r\n\t\t\t\t<\/div>\n\t\t\t\t<\/div>\n\t\t\t\t\t<\/div>\n\t\t<\/div>\n\t\t\t\t<div class=\"elementor-column elementor-col-50 elementor-inner-column elementor-element elementor-element-11e21e1\" data-id=\"11e21e1\" data-element_type=\"column\">\n\t\t\t<div class=\"elementor-widget-wrap elementor-element-populated\">\n\t\t\t\t\t\t<div class=\"elementor-element elementor-element-b48faca elementor-widget elementor-widget-creote-extra-content-v1\" data-id=\"b48faca\" data-element_type=\"widget\" data-widget_type=\"creote-extra-content-v1.default\">\n\t\t\t\t<div class=\"elementor-widget-container\">\n\t\t\t\t\t<div class=\"extra_content authour_box dark_color\"   data-aos=\"fade-up\" data-aos-delay=\"100\"  data-aos-offset=\"0\" >\r\n      <div class=\"authour_box_content\">\r\n            <div class=\"image\">\r\n         <img decoding=\"async\" src=\"https:\/\/www.iber-lepenc.org\/wp-content\/plugins\/creote-addons\/assets\/images\/signature.png\" class=\"img-fluid sign_image\" alt=\"authour Image\" \/>\r\n      <\/div>\r\n                  <div class=\"text\">\r\n         <h6>Liam Oliver, <span>Founder &amp; CEO of Qetus<\/span><\/h6>\r\n      <\/div>\r\n         <\/div>\r\n   <\/div>\r\n\t\t\t\t<\/div>\n\t\t\t\t<\/div>\n\t\t\t\t\t<\/div>\n\t\t<\/div>\n\t\t\t\t\t<\/div>\n\t\t<\/section>\n\t\t\t\t<section class=\"elementor-section elementor-inner-section elementor-element elementor-element-5e2330c elementor-section-boxed elementor-section-height-default elementor-section-height-default\" data-id=\"5e2330c\" data-element_type=\"section\">\n\t\t\t\t\t\t<div class=\"elementor-container elementor-column-gap-default\">\n\t\t\t\t\t<div class=\"elementor-column elementor-col-100 elementor-inner-column elementor-element elementor-element-5ffdcd0\" data-id=\"5ffdcd0\" data-element_type=\"column\">\n\t\t\t<div class=\"elementor-widget-wrap elementor-element-populated\">\n\t\t\t\t\t\t<div class=\"elementor-element elementor-element-d45efe0 elementor-widget elementor-widget-creote-extra-content-v1\" data-id=\"d45efe0\" data-element_type=\"widget\" data-widget_type=\"creote-extra-content-v1.default\">\n\t\t\t\t<div class=\"elementor-widget-container\">\n\t\t\t\t\t<div class=\"extra_content download_docs dark_color\"   data-aos=\"fade-up\" data-aos-delay=\"100\"  data-aos-offset=\"0\" >\r\n      <div class=\"download_box_content\">\r\n            <a href=\"#\" download>\r\n      Download our latest presentation      <i class=\"icon-download-symbol\"><\/i>\r\n      <\/a>\r\n         <\/div>\r\n   <\/div>\r\n\t\t\t\t<\/div>\n\t\t\t\t<\/div>\n\t\t\t\t\t<\/div>\n\t\t<\/div>\n\t\t\t\t\t<\/div>\n\t\t<\/section>\n\t\t\t\t\t<\/div>\n\t\t<\/div>\n\t\t\t\t<div class=\"elementor-column elementor-col-33 elementor-top-column elementor-element elementor-element-b25aabd\" data-id=\"b25aabd\" data-element_type=\"column\" data-settings=\"{&quot;background_background&quot;:&quot;classic&quot;}\">\n\t\t\t<div class=\"elementor-widget-wrap elementor-element-populated\">\n\t\t\t\t\t\t<section class=\"elementor-section elementor-inner-section elementor-element elementor-element-5835f46 elementor-section-full_width elementor-section-height-default elementor-section-height-default\" data-id=\"5835f46\" data-element_type=\"section\">\n\t\t\t\t\t\t<div class=\"elementor-container elementor-column-gap-default\">\n\t\t\t\t\t<div class=\"elementor-column elementor-col-50 elementor-inner-column elementor-element elementor-element-779269f\" data-id=\"779269f\" data-element_type=\"column\">\n\t\t\t<div class=\"elementor-widget-wrap elementor-element-populated\">\n\t\t\t\t\t\t<div class=\"elementor-element elementor-element-cf6ddd5 elementor-widget elementor-widget-creote-service-box-v1\" data-id=\"cf6ddd5\" data-element_type=\"widget\" data-widget_type=\"creote-service-box-v1.default\">\n\t\t\t\t<div class=\"elementor-widget-container\">\n\t\t\t\t\t<div class=\"service_box style_one dark_color\"   data-aos=\"fade-up\" data-aos-delay=\"0\"  data-aos-offset=\"0\" >\r\n      <div class=\"service_content\">\r\n            <div class=\"image \">\r\n         <img decoding=\"async\" src=\"https:\/\/themepanthers.com\/wp\/creote\/v-new\/wp-content\/uploads\/2021\/10\/serv-ico-img-1.png\" class=\"img-fluid\" alt=\"Service Image\" \/>\r\n      <\/div>\r\n            <div class=\"content_inner\">\r\n                  <h2>\r\n            <a href=\"#\"   >\r\n            Innovative\nHR Solutions            <\/a> \r\n         <\/h2>\r\n                           <p>  Except too obtain some work\nadvantages from it but whom\nhas any rights.<\/p>\r\n                           <a href=\"#\"    class=\"read_more\">\r\n         Read more         <\/a>\r\n               <\/div>\r\n   <\/div>\r\n   <\/div>\r\n\t\t\t\t<\/div>\n\t\t\t\t<\/div>\n\t\t\t\t\t<\/div>\n\t\t<\/div>\n\t\t\t\t<div class=\"elementor-column elementor-col-50 elementor-inner-column elementor-element elementor-element-d06647f\" data-id=\"d06647f\" data-element_type=\"column\">\n\t\t\t<div class=\"elementor-widget-wrap elementor-element-populated\">\n\t\t\t\t\t\t<div class=\"elementor-element elementor-element-9ce8dbd elementor-widget elementor-widget-creote-moving-image-v1\" data-id=\"9ce8dbd\" data-element_type=\"widget\" data-widget_type=\"creote-moving-image-v1.default\">\n\t\t\t\t<div class=\"elementor-widget-container\">\n\t\t\t\t\t<div class=\"move_image_absolute\">    \r\n      <img decoding=\"async\" src=\"https:\/\/themepanthers.com\/wp\/creote\/v-new\/wp-content\/uploads\/2021\/10\/about-img-1-min.png\" class=\"class-fluid\" alt=\"image\" \/>\r\n   <\/div>\r\n\t\t\t\t<\/div>\n\t\t\t\t<\/div>\n\t\t\t\t<div class=\"elementor-element elementor-element-bf3122f elementor-widget elementor-widget-creote-service-box-v1\" data-id=\"bf3122f\" data-element_type=\"widget\" data-widget_type=\"creote-service-box-v1.default\">\n\t\t\t\t<div class=\"elementor-widget-container\">\n\t\t\t\t\t<div class=\"service_box style_one dark_color\"   data-aos=\"fade-up\" data-aos-delay=\"0\"  data-aos-offset=\"0\" >\r\n      <div class=\"service_content\">\r\n            <div class=\"image \">\r\n         <img decoding=\"async\" src=\"https:\/\/themepanthers.com\/wp\/creote\/v-new\/wp-content\/uploads\/2021\/10\/serv-ico-img-2.png\" class=\"img-fluid\" alt=\"Service Image\" \/>\r\n      <\/div>\r\n            <div class=\"content_inner\">\r\n                  <h2>\r\n            <a href=\"#\"   >\r\n            Leadership\nDevelopment            <\/a> \r\n         <\/h2>\r\n                           <p>  Actual teachings of the great explorer of the truth masters human happiness.<\/p>\r\n                           <a href=\"#\"    class=\"read_more\">\r\n         Read more         <\/a>\r\n               <\/div>\r\n   <\/div>\r\n   <\/div>\r\n\t\t\t\t<\/div>\n\t\t\t\t<\/div>\n\t\t\t\t\t<\/div>\n\t\t<\/div>\n\t\t\t\t\t<\/div>\n\t\t<\/section>\n\t\t\t\t\t<\/div>\n\t\t<\/div>\n\t\t\t\t\t<\/div>\n\t\t<\/section>\n\t\t\t\t<section class=\"elementor-section elementor-top-section elementor-element elementor-element-0bbc418 elementor-section-boxed elementor-section-height-default elementor-section-height-default\" data-id=\"0bbc418\" data-element_type=\"section\">\n\t\t\t\t\t\t<div class=\"elementor-container elementor-column-gap-default\">\n\t\t\t\t\t<div class=\"elementor-column elementor-col-33 elementor-top-column elementor-element elementor-element-eaeaa5e\" data-id=\"eaeaa5e\" data-element_type=\"column\">\n\t\t\t<div class=\"elementor-widget-wrap\">\n\t\t\t\t\t\t\t<\/div>\n\t\t<\/div>\n\t\t\t\t<div class=\"elementor-column elementor-col-33 elementor-top-column elementor-element elementor-element-c950346\" data-id=\"c950346\" data-element_type=\"column\">\n\t\t\t<div class=\"elementor-widget-wrap\">\n\t\t\t\t\t\t\t<\/div>\n\t\t<\/div>\n\t\t\t\t<div class=\"elementor-column elementor-col-33 elementor-top-column elementor-element elementor-element-15e1882\" data-id=\"15e1882\" data-element_type=\"column\">\n\t\t\t<div class=\"elementor-widget-wrap elementor-element-populated\">\n\t\t\t\t\t\t<div class=\"elementor-element elementor-element-f831fa9 elementor-widget elementor-widget-creote-floating-menu-v1\" data-id=\"f831fa9\" data-element_type=\"widget\" data-widget_type=\"creote-floating-menu-v1.default\">\n\t\t\t\t<div class=\"elementor-widget-container\">\n\t\t\t\t\t \r\n<div class=\"floating_menu_box\">\r\n   \r\n    <ul class=\"float_menu_box\">\r\n    <i class=\"close fa fa-times\"><\/i>\r\n         \r\n        <li class=\"floating_menu_text active\">\r\n            <a href=\"\/\"   >\r\n                                Ballina            <\/a>\r\n        <\/li>\r\n         \r\n        <li class=\"floating_menu_text \">\r\n            <a href=\"\/per-ne\"   >\r\n                                P\u00ebr ne            <\/a>\r\n        <\/li>\r\n         \r\n        <li class=\"floating_menu_text \">\r\n            <a href=\"\/publikimet\"   >\r\n                                Publikimet            <\/a>\r\n        <\/li>\r\n         \r\n        <li class=\"floating_menu_text \">\r\n            <a href=\"\/sherbimet\"   >\r\n                                Sh\u00ebrbimet            <\/a>\r\n        <\/li>\r\n         \r\n        <li class=\"floating_menu_text \">\r\n            <a href=\"http:\/\/192.232.251.217:2095\/mail\"   >\r\n                                Kontakti            <\/a>\r\n        <\/li>\r\n         \r\n        <li class=\"floating_menu_text \">\r\n            <a href=\"\/na-kontaktoni\"   >\r\n                 \r\n                    <i class=\" icon-email\"><\/i> \r\n                                Webmail            <\/a>\r\n        <\/li>\r\n            <\/ul>\r\n<\/div>\r\n \r\n\t\t\t\t<\/div>\n\t\t\t\t<\/div>\n\t\t\t\t\t<\/div>\n\t\t<\/div>\n\t\t\t\t\t<\/div>\n\t\t<\/section>\n\t\t\t\t<section class=\"elementor-section elementor-top-section elementor-element elementor-element-3ed5c6f elementor-section-boxed elementor-section-height-default elementor-section-height-default\" data-id=\"3ed5c6f\" data-element_type=\"section\" id=\"service\" data-settings=\"{&quot;background_background&quot;:&quot;classic&quot;}\">\n\t\t\t\t\t\t<div class=\"elementor-container elementor-column-gap-default\">\n\t\t\t\t\t<div class=\"elementor-column elementor-col-100 elementor-top-column elementor-element elementor-element-f085f74\" data-id=\"f085f74\" data-element_type=\"column\">\n\t\t\t<div class=\"elementor-widget-wrap elementor-element-populated\">\n\t\t\t\t\t\t<section class=\"elementor-section elementor-inner-section elementor-element elementor-element-896e0a3 elementor-section-full_width elementor-section-height-default elementor-section-height-default\" data-id=\"896e0a3\" data-element_type=\"section\">\n\t\t\t\t\t\t<div class=\"elementor-container elementor-column-gap-default\">\n\t\t\t\t\t<div class=\"elementor-column elementor-col-33 elementor-inner-column elementor-element elementor-element-49e9d9e\" data-id=\"49e9d9e\" data-element_type=\"column\">\n\t\t\t<div class=\"elementor-widget-wrap elementor-element-populated\">\n\t\t\t\t\t\t<div class=\"elementor-element elementor-element-18c02d9 elementor-widget elementor-widget-creote-service-box-v1\" data-id=\"18c02d9\" data-element_type=\"widget\" data-widget_type=\"creote-service-box-v1.default\">\n\t\t\t\t<div class=\"elementor-widget-container\">\n\t\t\t\t\t<div class=\"service_box style_two dark_color\"   data-aos=\"fade-up\" data-aos-delay=\"0\"  data-aos-offset=\"0\" >\r\n      <div class=\"service_content_two \">\r\n      <div class=\"content_inner\"  style=\"background-image:url(https:\/\/iberlepenci.hajt24.xyz\/wp-content\/uploads\/2022\/12\/scott-graham-OQMZwNd3ThU-unsplash.jpg);\" >\r\n         <div class=\"content_inner_in\">\r\n                        <div class=\"icon_image\">\r\n               <img decoding=\"async\" src=\"https:\/\/www.iber-lepenc.org\/wp-content\/plugins\/creote-addons\/assets\/images\/010-job-search.png\" class=\"img-fluid\" alt=\"Service Image\" \/>\r\n            <\/div>\r\n                                    <h2>\r\n               <a href=\"\/category\/publikime\/publikim-konkursi\/\"   >\r\n               <h2>Konkurset<\/h2>               <\/a> \r\n            <\/h2>\r\n                                    <p>  <p>K\u00ebtu mund t\u00eb gjeni t\u00eb gjitha konkurset e publikuara.<\/p><\/p>\r\n                                 <\/div>\r\n      <\/div>\r\n      <div class=\"ovarlay_link\">\r\n         <a href=\"\/category\/publikime\/publikim-konkursi\/\"   >\r\n         <i class=\"icon-right-arrow\"><\/i>\r\n         <\/a> \r\n      <\/div>\r\n      <div class=\"overlay_content\">\r\n                  <h2>\r\n            <a href=\"\/category\/publikime\/publikim-konkursi\/\"   >\r\n            <h2>Konkurset<\/h2>            <\/a> \r\n         <\/h2>\r\n                           <p>  <p>K\u00ebtu mund t\u00eb gjeni t\u00eb gjitha konkurset e publikuara.<\/p><\/p>\r\n               <\/div>\r\n   <\/div>\r\n   <\/div>\r\n\t\t\t\t<\/div>\n\t\t\t\t<\/div>\n\t\t\t\t\t<\/div>\n\t\t<\/div>\n\t\t\t\t<div class=\"elementor-column elementor-col-33 elementor-inner-column elementor-element elementor-element-afffcf5\" data-id=\"afffcf5\" data-element_type=\"column\">\n\t\t\t<div class=\"elementor-widget-wrap elementor-element-populated\">\n\t\t\t\t\t\t<div class=\"elementor-element elementor-element-8aa5c6f elementor-widget elementor-widget-creote-service-box-v1\" data-id=\"8aa5c6f\" data-element_type=\"widget\" data-widget_type=\"creote-service-box-v1.default\">\n\t\t\t\t<div class=\"elementor-widget-container\">\n\t\t\t\t\t<div class=\"service_box style_two dark_color\"   data-aos=\"fade-up\" data-aos-delay=\"100\"  data-aos-offset=\"0\" >\r\n      <div class=\"service_content_two \">\r\n      <div class=\"content_inner\"  style=\"background-image:url(https:\/\/iberlepenci.hajt24.xyz\/wp-content\/uploads\/2022\/12\/howtostoredocuments.webp);\" >\r\n         <div class=\"content_inner_in\">\r\n                        <div class=\"icon_image\">\r\n               <img decoding=\"async\" src=\"https:\/\/themepanthers.com\/wp\/creote\/v-new\/wp-content\/uploads\/2021\/10\/service-ico-1.png\" class=\"img-fluid\" alt=\"Service Image\" \/>\r\n            <\/div>\r\n                                    <h2>\r\n               <a href=\"https:\/\/www.iber-lepenc.org\/per-ne\/dokumente\/\"   >\r\n               <h2>Dokumente<\/h2>               <\/a> \r\n            <\/h2>\r\n                                    <p>  <p>K\u00ebtu mund t\u00eb gjeni t\u00eb gjitha dokumentet e publikuara.<\/p><\/p>\r\n                                 <\/div>\r\n      <\/div>\r\n      <div class=\"ovarlay_link\">\r\n         <a href=\"https:\/\/www.iber-lepenc.org\/per-ne\/dokumente\/\"   >\r\n         <i class=\"icon-right-arrow\"><\/i>\r\n         <\/a> \r\n      <\/div>\r\n      <div class=\"overlay_content\">\r\n                  <h2>\r\n            <a href=\"https:\/\/www.iber-lepenc.org\/per-ne\/dokumente\/\"   >\r\n            <h2>Dokumente<\/h2>            <\/a> \r\n         <\/h2>\r\n                           <p>  <p>K\u00ebtu mund t\u00eb gjeni t\u00eb gjitha dokumentet e publikuara.<\/p><\/p>\r\n               <\/div>\r\n   <\/div>\r\n   <\/div>\r\n\t\t\t\t<\/div>\n\t\t\t\t<\/div>\n\t\t\t\t\t<\/div>\n\t\t<\/div>\n\t\t\t\t<div class=\"elementor-column elementor-col-33 elementor-inner-column elementor-element elementor-element-4eb92d1\" data-id=\"4eb92d1\" data-element_type=\"column\">\n\t\t\t<div class=\"elementor-widget-wrap elementor-element-populated\">\n\t\t\t\t\t\t<div class=\"elementor-element elementor-element-9d539bb elementor-widget elementor-widget-creote-service-box-v1\" data-id=\"9d539bb\" data-element_type=\"widget\" data-widget_type=\"creote-service-box-v1.default\">\n\t\t\t\t<div class=\"elementor-widget-container\">\n\t\t\t\t\t<div class=\"service_box style_two dark_color\"   data-aos=\"fade-up\" data-aos-delay=\"200\"  data-aos-offset=\"0\" >\r\n      <div class=\"service_content_two \">\r\n      <div class=\"content_inner\"  style=\"background-image:url(https:\/\/iberlepenci.hajt24.xyz\/wp-content\/uploads\/2022\/12\/absolutvision-WYd_PkCa1BY-unsplash.jpg);\" >\r\n         <div class=\"content_inner_in\">\r\n                        <div class=\"icon_image\">\r\n               <img decoding=\"async\" src=\"https:\/\/themepanthers.com\/wp\/creote\/v-new\/wp-content\/uploads\/2021\/10\/service-ico-2.png\" class=\"img-fluid\" alt=\"Service Image\" \/>\r\n            <\/div>\r\n                                    <h2>\r\n               <a href=\"\/publikimet\"   >\r\n               <h2>Njoftime<\/h2>               <\/a> \r\n            <\/h2>\r\n                                    <p>  <p>K\u00ebtu mund t\u00eb gjeni t\u00eb gjitha njoftimet e publikuara.<\/p><\/p>\r\n                                 <\/div>\r\n      <\/div>\r\n      <div class=\"ovarlay_link\">\r\n         <a href=\"\/publikimet\"   >\r\n         <i class=\"icon-right-arrow\"><\/i>\r\n         <\/a> \r\n      <\/div>\r\n      <div class=\"overlay_content\">\r\n                  <h2>\r\n            <a href=\"\/publikimet\"   >\r\n            <h2>Njoftime<\/h2>            <\/a> \r\n         <\/h2>\r\n                           <p>  <p>K\u00ebtu mund t\u00eb gjeni t\u00eb gjitha njoftimet e publikuara.<\/p><\/p>\r\n               <\/div>\r\n   <\/div>\r\n   <\/div>\r\n\t\t\t\t<\/div>\n\t\t\t\t<\/div>\n\t\t\t\t\t<\/div>\n\t\t<\/div>\n\t\t\t\t\t<\/div>\n\t\t<\/section>\n\t\t\t\t\t<\/div>\n\t\t<\/div>\n\t\t\t\t\t<\/div>\n\t\t<\/section>\n\t\t\t\t<section class=\"elementor-section elementor-top-section elementor-element elementor-element-8d1da30 elementor-section-full_width elementor-section-height-default elementor-section-height-default\" data-id=\"8d1da30\" data-element_type=\"section\">\n\t\t\t\t\t\t<div class=\"elementor-container elementor-column-gap-no\">\n\t\t\t\t\t<div class=\"elementor-column elementor-col-100 elementor-top-column elementor-element elementor-element-ef11e04\" data-id=\"ef11e04\" data-element_type=\"column\">\n\t\t\t<div class=\"elementor-widget-wrap elementor-element-populated\">\n\t\t\t\t\t\t<div class=\"elementor-element elementor-element-9eb5adf elementor-widget elementor-widget-creote-expertise-v1\" data-id=\"9eb5adf\" data-element_type=\"widget\" data-widget_type=\"creote-expertise-v1.default\">\n\t\t\t\t<div class=\"elementor-widget-container\">\n\t\t\t\t\t<div class=\"area_of_expertise\">\r\n    \r\n   <img decoding=\"async\" src=\"https:\/\/iberlepenci.hajt24.xyz\/wp-content\/uploads\/2022\/11\/02_09_13_28868_Liqeni_i_Ujmanit.jpg\" class=\"cover-parallax\" alt=\"image\" \/>\r\n      <div class=\"title_and_video\">\r\n      <div class=\"auto-container\">\r\n         <div class=\"row\">\r\n                        <div class=\"col-lg-4\">\r\n               <div class=\"video_box text-center\">\r\n                  <a href=\"https:\/\/www.youtube.com\/watch?v=-8_AuZLmCzs&amp;t=3s\" class=\"lightbox-image\"><i class=\"icon-play\"><\/i><\/a>\r\n               <\/div>\r\n            <\/div>\r\n                        <div class=\"col-lg-2\"><\/div>\r\n            <div class=\"col-lg-6\">\r\n               <div class=\"title_all_box style_one text-end\">\r\n                  <div class=\"title_sections\">\r\n                                          <h2>  VIDEO GALERIA<\/h2>\r\n                                                               <p>  <br><\/p>\r\n                                       <\/div>\r\n                                    <div class=\"theme_btn\">\r\n                                          <a href=\"\/galeria\/\"    class=\"theme-btn one\">\r\n                     Shikoni m\u00eb shum\u00eb                     <\/a>\r\n                  <\/div>\r\n                                 <\/div>\r\n            <\/div>\r\n         <\/div>\r\n      <\/div>\r\n   <\/div>\r\n   <div class=\"expertise\">\r\n      <div class=\"auto-container\">\r\n         <div class=\"row\">\r\n                        <div class=\"col-lg-4 col-md-6 col-sm-12 col-xs-12 expertise_box\">\r\n                                          <\/div>\r\n                     <\/div>\r\n      <\/div>\r\n   <\/div>\r\n<\/div>\r\n\t\t\t\t<\/div>\n\t\t\t\t<\/div>\n\t\t\t\t\t<\/div>\n\t\t<\/div>\n\t\t\t\t\t<\/div>\n\t\t<\/section>\n\t\t\t\t<section class=\"elementor-section elementor-top-section elementor-element elementor-element-78061ad elementor-section-full_width elementor-hidden-tablet elementor-hidden-mobile elementor-section-height-default elementor-section-height-default\" data-id=\"78061ad\" data-element_type=\"section\" id=\"projects\">\n\t\t\t\t\t\t<div class=\"elementor-container elementor-column-gap-no\">\n\t\t\t\t\t<div class=\"elementor-column elementor-col-100 elementor-top-column elementor-element elementor-element-0b1f11e\" data-id=\"0b1f11e\" data-element_type=\"column\">\n\t\t\t<div class=\"elementor-widget-wrap elementor-element-populated\">\n\t\t\t\t\t\t<section class=\"elementor-section elementor-inner-section elementor-element elementor-element-236a714 elementor-section-boxed elementor-section-height-default elementor-section-height-default\" data-id=\"236a714\" data-element_type=\"section\">\n\t\t\t\t\t\t<div class=\"elementor-container elementor-column-gap-default\">\n\t\t\t\t\t<div class=\"elementor-column elementor-col-100 elementor-inner-column elementor-element elementor-element-09f6347\" data-id=\"09f6347\" data-element_type=\"column\">\n\t\t\t<div class=\"elementor-widget-wrap elementor-element-populated\">\n\t\t\t\t\t\t<div class=\"elementor-element elementor-element-eb1f62a elementor-widget elementor-widget-html\" data-id=\"eb1f62a\" data-element_type=\"widget\" data-widget_type=\"html.default\">\n\t\t\t\t<div class=\"elementor-widget-container\">\n\t\t\t\t\t<h1 key=\"home_publikimet\">Publikimet<\/h1>\t\t\t\t<\/div>\n\t\t\t\t<\/div>\n\t\t\t\t\t<\/div>\n\t\t<\/div>\n\t\t\t\t\t<\/div>\n\t\t<\/section>\n\t\t\t\t<div class=\"elementor-element elementor-element-82bc889 elementor-widget elementor-widget-creote-news-v1-new\" data-id=\"82bc889\" data-element_type=\"widget\" data-widget_type=\"creote-news-v1-new.default\">\n\t\t\t\t<div class=\"elementor-widget-container\">\n\t\t\t\t\t\r\n<section class=\"blog_all_styles owl_new_one carousel \">\r\n <div class=\"owl_nav_block owl_dots_block owl_type_one theme_carousel owl-theme owl-carousel\"\r\n        data-options='{\"loop\": true, \"margin\": 30, \"autoheight\":true, \"lazyload\":true, \"nav\": true, \"dots\": true, \"autoplay\": true, \"autoplayTimeout\": 7000, \"smartSpeed\": 1800, \"responsive\":{ \"0\" :{ \"items\": \"1\" }, \"768\" :{ \"items\" : \"3\" } , \"1000\":{ \"items\" : \"3\" }}}'>\r\n                                                                <div id=\"post-11129\" class=\"post-11129 post type-post status-publish format-standard has-post-thumbnail hentry category-publikime\">\r\n                                        <div class=\"news_box type_one clearfix\">\r\n                        <div class=\"news_inner\">\r\n                                                        <div class=\"image_box\">\r\n                                <img fetchpriority=\"high\" decoding=\"async\" width=\"1386\" height=\"805\" src=\"https:\/\/www.iber-lepenc.org\/wp-content\/uploads\/2026\/04\/V.B-Foto1.jpeg\" class=\"attachment-creote_object_fits size-creote_object_fits wp-post-image\" alt=\"\" srcset=\"https:\/\/www.iber-lepenc.org\/wp-content\/uploads\/2026\/04\/V.B-Foto1.jpeg 1386w, https:\/\/www.iber-lepenc.org\/wp-content\/uploads\/2026\/04\/V.B-Foto1-300x174.jpeg 300w, https:\/\/www.iber-lepenc.org\/wp-content\/uploads\/2026\/04\/V.B-Foto1-1024x595.jpeg 1024w, https:\/\/www.iber-lepenc.org\/wp-content\/uploads\/2026\/04\/V.B-Foto1-768x446.jpeg 768w\" sizes=\"(max-width: 1386px) 100vw, 1386px\" \/>                                <div class=\"overlay\"><\/div>\r\n                                <div class=\"post-category\">\r\n                                <a href=\"https:\/\/www.iber-lepenc.org\/sq\/category\/publikime\/\" class=\"categories\"><i class=\"icon-folder\"><\/i>Publikime<\/a> <\/div>\r\n                            <\/div>\r\n                                                        <div class=\"content_box\">\r\n                                  <ul class=\"post-info clearfix\">\r\n          <li class=\"authour_name\"><i class=\"fa fa-user\"><\/i><a href=\"\"> gezimiIL <\/a> <\/li>\r\n          <li class=\"date\">  <a href=\"https:\/\/www.iber-lepenc.org\/sq\/publikime\/njoftim-mortor\/\" rel=\"bookmark\"><i class=\"fa  fa-calendar\"><\/i><time class=\"date published\" datetime=\"2026-04-02T11:43:39+00:00\">2 Pri , 2026 <\/time><\/a> <\/li> \r\n      <\/ul>\r\n                            <h2 class=\"entry-title\"><a href=\"https:\/\/www.iber-lepenc.org\/sq\/publikime\/njoftim-mortor\/\" >NJOFTIM MORTOR<\/a><\/h2>                                                            <p class=\"short_desc\">VALMIR BERISHA Zyrtar i Teknologjis\u00eb s\u00eb Informacionit NPH &#8220;Ib\u00ebr-Lepenc&#8221; Sh.A. Me pik\u00ebllim t\u00eb thell\u00eb dhe me ndjenj\u00ebn e&hellip;<\/p>\r\n                            \r\n                                <div class=\"bottom_content clearfix\">\r\n                                    <div class=\"continure_reading\">\r\n                                                                                <a href=\"https:\/\/www.iber-lepenc.org\/sq\/publikime\/njoftim-mortor\/\" class=\"read_more type_one\">\r\n                                            Lexoni m\u00eb shum\u00eb <span\r\n                                                class=\"icon-arrow-right\"><\/span><\/a>\r\n                                                                            <\/div>\r\n                                    <div class=\"comments\">\r\n  <i class=\"icon-text\"><\/i>\r\n  <a href=\"https:\/\/www.iber-lepenc.org\/sq\/publikime\/njoftim-mortor\/#respond\" class=\"Comments are Closed\" >Post Comment<\/a>   \r\n  <\/div>\r\n                                  <\/div>\r\n                            <\/div>\r\n                        <\/div>\r\n                    <\/div>\r\n\r\n                                                        <\/div>\r\n                                                <div id=\"post-11113\" class=\"post-11113 post type-post status-publish format-standard has-post-thumbnail hentry category-publikime\">\r\n                                        <div class=\"news_box type_one clearfix\">\r\n                        <div class=\"news_inner\">\r\n                                                        <div class=\"image_box\">\r\n                                <img decoding=\"async\" width=\"1024\" height=\"683\" src=\"https:\/\/www.iber-lepenc.org\/wp-content\/uploads\/2022\/11\/02_09_13_28868_Liqeni_i_Ujmanit-1.jpg\" class=\"attachment-creote_object_fits size-creote_object_fits wp-post-image\" alt=\"\" srcset=\"https:\/\/www.iber-lepenc.org\/wp-content\/uploads\/2022\/11\/02_09_13_28868_Liqeni_i_Ujmanit-1.jpg 1024w, https:\/\/www.iber-lepenc.org\/wp-content\/uploads\/2022\/11\/02_09_13_28868_Liqeni_i_Ujmanit-1-300x200.jpg 300w, https:\/\/www.iber-lepenc.org\/wp-content\/uploads\/2022\/11\/02_09_13_28868_Liqeni_i_Ujmanit-1-768x512.jpg 768w\" sizes=\"(max-width: 1024px) 100vw, 1024px\" \/>                                <div class=\"overlay\"><\/div>\r\n                                <div class=\"post-category\">\r\n                                <a href=\"https:\/\/www.iber-lepenc.org\/sq\/category\/publikime\/\" class=\"categories\"><i class=\"icon-folder\"><\/i>Publikime<\/a> <\/div>\r\n                            <\/div>\r\n                                                        <div class=\"content_box\">\r\n                                  <ul class=\"post-info clearfix\">\r\n          <li class=\"authour_name\"><i class=\"fa fa-user\"><\/i><a href=\"\"> gezimiIL <\/a> <\/li>\r\n          <li class=\"date\">  <a href=\"https:\/\/www.iber-lepenc.org\/sq\/publikime\/mirenjohje-per-iber-lepenc-nga-zv-drejtori-i-policise-se-kosoves\/\" rel=\"bookmark\"><i class=\"fa  fa-calendar\"><\/i><time class=\"date published\" datetime=\"2026-04-01T09:22:59+00:00\">1 Pri , 2026 <\/time><\/a> <\/li> \r\n      <\/ul>\r\n                            <h2 class=\"entry-title\"><a href=\"https:\/\/www.iber-lepenc.org\/sq\/publikime\/mirenjohje-per-iber-lepenc-nga-zv-drejtori-i-policise-se-kosoves\/\" >Mir\u00ebnjohje p\u00ebr \u201cIb\u00ebr-Lepenc\u201d nga Zv. Drejtori i Policis\u00eb s\u00eb Kosov\u00ebs<\/a><\/h2>                                                            <p class=\"short_desc\">Nd\u00ebrmarrja publike \u201cIb\u00ebr-Lepenc\u201d vazhdon t\u00eb tregoj\u00eb bashk\u00ebpunim t\u00eb ngusht\u00eb dhe efektiv me Policin\u00eb e Kosov\u00ebs n\u00eb veri. P\u00ebr&hellip;<\/p>\r\n                            \r\n                                <div class=\"bottom_content clearfix\">\r\n                                    <div class=\"continure_reading\">\r\n                                                                                <a href=\"https:\/\/www.iber-lepenc.org\/sq\/publikime\/mirenjohje-per-iber-lepenc-nga-zv-drejtori-i-policise-se-kosoves\/\" class=\"read_more type_one\">\r\n                                            Lexoni m\u00eb shum\u00eb <span\r\n                                                class=\"icon-arrow-right\"><\/span><\/a>\r\n                                                                            <\/div>\r\n                                    <div class=\"comments\">\r\n  <i class=\"icon-text\"><\/i>\r\n  <a href=\"https:\/\/www.iber-lepenc.org\/sq\/publikime\/mirenjohje-per-iber-lepenc-nga-zv-drejtori-i-policise-se-kosoves\/#respond\" class=\"Comments are Closed\" >Post Comment<\/a>   \r\n  <\/div>\r\n                                  <\/div>\r\n                            <\/div>\r\n                        <\/div>\r\n                    <\/div>\r\n\r\n                                                        <\/div>\r\n                                                <div id=\"post-11060\" class=\"post-11060 post type-post status-publish format-standard has-post-thumbnail hentry category-publikime\">\r\n                                        <div class=\"news_box type_one clearfix\">\r\n                        <div class=\"news_inner\">\r\n                                                        <div class=\"image_box\">\r\n                                <img decoding=\"async\" width=\"1024\" height=\"683\" src=\"https:\/\/www.iber-lepenc.org\/wp-content\/uploads\/2022\/12\/07_03_2014_9108559_Liqeni_i_Ujmanit.jpg\" class=\"attachment-creote_object_fits size-creote_object_fits wp-post-image\" alt=\"\" srcset=\"https:\/\/www.iber-lepenc.org\/wp-content\/uploads\/2022\/12\/07_03_2014_9108559_Liqeni_i_Ujmanit.jpg 1024w, https:\/\/www.iber-lepenc.org\/wp-content\/uploads\/2022\/12\/07_03_2014_9108559_Liqeni_i_Ujmanit-300x200.jpg 300w, https:\/\/www.iber-lepenc.org\/wp-content\/uploads\/2022\/12\/07_03_2014_9108559_Liqeni_i_Ujmanit-768x512.jpg 768w\" sizes=\"(max-width: 1024px) 100vw, 1024px\" \/>                                <div class=\"overlay\"><\/div>\r\n                                <div class=\"post-category\">\r\n                                <a href=\"https:\/\/www.iber-lepenc.org\/sq\/category\/publikime\/\" class=\"categories\"><i class=\"icon-folder\"><\/i>Publikime<\/a> <\/div>\r\n                            <\/div>\r\n                                                        <div class=\"content_box\">\r\n                                  <ul class=\"post-info clearfix\">\r\n          <li class=\"authour_name\"><i class=\"fa fa-user\"><\/i><a href=\"\"> gezimiIL <\/a> <\/li>\r\n          <li class=\"date\">  <a href=\"https:\/\/www.iber-lepenc.org\/sq\/publikime\/njoftim-per-publikun\/\" rel=\"bookmark\"><i class=\"fa  fa-calendar\"><\/i><time class=\"date published\" datetime=\"2026-01-06T15:40:37+00:00\">6 Jan , 2026 <\/time><\/a> <\/li> \r\n      <\/ul>\r\n                            <h2 class=\"entry-title\"><a href=\"https:\/\/www.iber-lepenc.org\/sq\/publikime\/njoftim-per-publikun\/\" >NJOFTIM P\u00cbR PUBLIKUN<\/a><\/h2>                                                            <p class=\"short_desc\">T\u00eb nderuar qytetar\u00eb, Si pasoj\u00eb e reshjeve t\u00eb fundit atmosferike, rritjes s\u00eb prurjeve t\u00eb pakontrolluara nga p\u00ebrrockat p\u00ebrreth,&hellip;<\/p>\r\n                            \r\n                                <div class=\"bottom_content clearfix\">\r\n                                    <div class=\"continure_reading\">\r\n                                                                                <a href=\"https:\/\/www.iber-lepenc.org\/sq\/publikime\/njoftim-per-publikun\/\" class=\"read_more type_one\">\r\n                                            Lexoni m\u00eb shum\u00eb <span\r\n                                                class=\"icon-arrow-right\"><\/span><\/a>\r\n                                                                            <\/div>\r\n                                    <div class=\"comments\">\r\n  <i class=\"icon-text\"><\/i>\r\n  <a href=\"https:\/\/www.iber-lepenc.org\/sq\/publikime\/njoftim-per-publikun\/#respond\" class=\"Comments are Closed\" >Post Comment<\/a>   \r\n  <\/div>\r\n                                  <\/div>\r\n                            <\/div>\r\n                        <\/div>\r\n                    <\/div>\r\n\r\n                                                        <\/div>\r\n                                                <div id=\"post-11054\" class=\"post-11054 post type-post status-publish format-standard has-post-thumbnail hentry category-publikime\">\r\n                                        <div class=\"news_box type_one clearfix\">\r\n                        <div class=\"news_inner\">\r\n                                                        <div class=\"image_box\">\r\n                                <img decoding=\"async\" width=\"1024\" height=\"683\" src=\"https:\/\/www.iber-lepenc.org\/wp-content\/uploads\/2022\/12\/07_03_2014_9108559_Liqeni_i_Ujmanit.jpg\" class=\"attachment-creote_object_fits size-creote_object_fits wp-post-image\" alt=\"\" srcset=\"https:\/\/www.iber-lepenc.org\/wp-content\/uploads\/2022\/12\/07_03_2014_9108559_Liqeni_i_Ujmanit.jpg 1024w, https:\/\/www.iber-lepenc.org\/wp-content\/uploads\/2022\/12\/07_03_2014_9108559_Liqeni_i_Ujmanit-300x200.jpg 300w, https:\/\/www.iber-lepenc.org\/wp-content\/uploads\/2022\/12\/07_03_2014_9108559_Liqeni_i_Ujmanit-768x512.jpg 768w\" sizes=\"(max-width: 1024px) 100vw, 1024px\" \/>                                <div class=\"overlay\"><\/div>\r\n                                <div class=\"post-category\">\r\n                                <a href=\"https:\/\/www.iber-lepenc.org\/sq\/category\/publikime\/\" class=\"categories\"><i class=\"icon-folder\"><\/i>Publikime<\/a> <\/div>\r\n                            <\/div>\r\n                                                        <div class=\"content_box\">\r\n                                  <ul class=\"post-info clearfix\">\r\n          <li class=\"authour_name\"><i class=\"fa fa-user\"><\/i><a href=\"\"> gezimiIL <\/a> <\/li>\r\n          <li class=\"date\">  <a href=\"https:\/\/www.iber-lepenc.org\/sq\/publikime\/reagim-lidhur-me-konkursin-per-kryeshef-ekzekutiv-te-nph-iber-lepenc-sh-a\/\" rel=\"bookmark\"><i class=\"fa  fa-calendar\"><\/i><time class=\"date published\" datetime=\"2025-12-19T17:51:52+00:00\">19 Dhj , 2025 <\/time><\/a> <\/li> \r\n      <\/ul>\r\n                            <h2 class=\"entry-title\"><a href=\"https:\/\/www.iber-lepenc.org\/sq\/publikime\/reagim-lidhur-me-konkursin-per-kryeshef-ekzekutiv-te-nph-iber-lepenc-sh-a\/\" >REAGIM LIDHUR ME KONKURSIN P\u00cbR KRYESHEF EKZEKUTIV T\u00cb NPH \u201cIB\u00cbR-LEPENC\u201d SH.A.<\/a><\/h2>                                                            <p class=\"short_desc\">19 dhjetor, 2025 &#8211; Lidhur me shkrimet, pretendimet e pabazuara dhe dezinformatat e publikuara s\u00eb fundmi n\u00eb media&hellip;<\/p>\r\n                            \r\n                                <div class=\"bottom_content clearfix\">\r\n                                    <div class=\"continure_reading\">\r\n                                                                                <a href=\"https:\/\/www.iber-lepenc.org\/sq\/publikime\/reagim-lidhur-me-konkursin-per-kryeshef-ekzekutiv-te-nph-iber-lepenc-sh-a\/\" class=\"read_more type_one\">\r\n                                            Lexoni m\u00eb shum\u00eb <span\r\n                                                class=\"icon-arrow-right\"><\/span><\/a>\r\n                                                                            <\/div>\r\n                                    <div class=\"comments\">\r\n  <i class=\"icon-text\"><\/i>\r\n  <a href=\"https:\/\/www.iber-lepenc.org\/sq\/publikime\/reagim-lidhur-me-konkursin-per-kryeshef-ekzekutiv-te-nph-iber-lepenc-sh-a\/#respond\" class=\"Comments are Closed\" >Post Comment<\/a>   \r\n  <\/div>\r\n                                  <\/div>\r\n                            <\/div>\r\n                        <\/div>\r\n                    <\/div>\r\n\r\n                                                        <\/div>\r\n                                                <div id=\"post-11041\" class=\"post-11041 post type-post status-publish format-standard has-post-thumbnail hentry category-publikime\">\r\n                                        <div class=\"news_box type_one clearfix\">\r\n                        <div class=\"news_inner\">\r\n                                                        <div class=\"image_box\">\r\n                                <img loading=\"lazy\" decoding=\"async\" width=\"2560\" height=\"1440\" src=\"https:\/\/www.iber-lepenc.org\/wp-content\/uploads\/2025\/12\/Fitimi-nga-2005@2x-scaled.png\" class=\"attachment-creote_object_fits size-creote_object_fits wp-post-image\" alt=\"\" srcset=\"https:\/\/www.iber-lepenc.org\/wp-content\/uploads\/2025\/12\/Fitimi-nga-2005@2x-scaled.png 2560w, https:\/\/www.iber-lepenc.org\/wp-content\/uploads\/2025\/12\/Fitimi-nga-2005@2x-300x169.png 300w, https:\/\/www.iber-lepenc.org\/wp-content\/uploads\/2025\/12\/Fitimi-nga-2005@2x-1024x576.png 1024w, https:\/\/www.iber-lepenc.org\/wp-content\/uploads\/2025\/12\/Fitimi-nga-2005@2x-768x432.png 768w, https:\/\/www.iber-lepenc.org\/wp-content\/uploads\/2025\/12\/Fitimi-nga-2005@2x-1536x864.png 1536w, https:\/\/www.iber-lepenc.org\/wp-content\/uploads\/2025\/12\/Fitimi-nga-2005@2x-2048x1152.png 2048w\" sizes=\"(max-width: 2560px) 100vw, 2560px\" \/>                                <div class=\"overlay\"><\/div>\r\n                                <div class=\"post-category\">\r\n                                <a href=\"https:\/\/www.iber-lepenc.org\/sq\/category\/publikime\/\" class=\"categories\"><i class=\"icon-folder\"><\/i>Publikime<\/a> <\/div>\r\n                            <\/div>\r\n                                                        <div class=\"content_box\">\r\n                                  <ul class=\"post-info clearfix\">\r\n          <li class=\"authour_name\"><i class=\"fa fa-user\"><\/i><a href=\"\"> gezimiIL <\/a> <\/li>\r\n          <li class=\"date\">  <a href=\"https:\/\/www.iber-lepenc.org\/sq\/publikime\/performanca-financiare-nga-viti-2005-2025\/\" rel=\"bookmark\"><i class=\"fa  fa-calendar\"><\/i><time class=\"date published\" datetime=\"2025-12-18T17:18:12+00:00\">18 Dhj , 2025 <\/time><\/a> <\/li> \r\n      <\/ul>\r\n                            <h2 class=\"entry-title\"><a href=\"https:\/\/www.iber-lepenc.org\/sq\/publikime\/performanca-financiare-nga-viti-2005-2025\/\" >Performanca financiare nga viti 2005-2025<\/a><\/h2>                                                            <p class=\"short_desc\">Ka pasur vite kur Ib\u00ebr Lepenc luftonte vet\u00ebm p\u00ebr t\u00eb mbijetuar, mes humbjeve t\u00eb m\u00ebdha, pritjeve t\u00eb ul\u00ebta&hellip;<\/p>\r\n                            \r\n                                <div class=\"bottom_content clearfix\">\r\n                                    <div class=\"continure_reading\">\r\n                                                                                <a href=\"https:\/\/www.iber-lepenc.org\/sq\/publikime\/performanca-financiare-nga-viti-2005-2025\/\" class=\"read_more type_one\">\r\n                                            Lexoni m\u00eb shum\u00eb <span\r\n                                                class=\"icon-arrow-right\"><\/span><\/a>\r\n                                                                            <\/div>\r\n                                    <div class=\"comments\">\r\n  <i class=\"icon-text\"><\/i>\r\n  <a href=\"https:\/\/www.iber-lepenc.org\/sq\/publikime\/performanca-financiare-nga-viti-2005-2025\/#respond\" class=\"Comments are Closed\" >Post Comment<\/a>   \r\n  <\/div>\r\n                                  <\/div>\r\n                            <\/div>\r\n                        <\/div>\r\n                    <\/div>\r\n\r\n                                                        <\/div>\r\n                                                <div id=\"post-10987\" class=\"post-10987 post type-post status-publish format-standard has-post-thumbnail hentry category-publikime\">\r\n                                        <div class=\"news_box type_one clearfix\">\r\n                        <div class=\"news_inner\">\r\n                                                        <div class=\"image_box\">\r\n                                <img loading=\"lazy\" decoding=\"async\" width=\"2560\" height=\"1437\" src=\"https:\/\/www.iber-lepenc.org\/wp-content\/uploads\/2025\/10\/image1-scaled.jpg\" class=\"attachment-creote_object_fits size-creote_object_fits wp-post-image\" alt=\"\" srcset=\"https:\/\/www.iber-lepenc.org\/wp-content\/uploads\/2025\/10\/image1-scaled.jpg 2560w, https:\/\/www.iber-lepenc.org\/wp-content\/uploads\/2025\/10\/image1-300x168.jpg 300w, https:\/\/www.iber-lepenc.org\/wp-content\/uploads\/2025\/10\/image1-1024x575.jpg 1024w, https:\/\/www.iber-lepenc.org\/wp-content\/uploads\/2025\/10\/image1-768x431.jpg 768w, https:\/\/www.iber-lepenc.org\/wp-content\/uploads\/2025\/10\/image1-1536x862.jpg 1536w, https:\/\/www.iber-lepenc.org\/wp-content\/uploads\/2025\/10\/image1-2048x1150.jpg 2048w\" sizes=\"(max-width: 2560px) 100vw, 2560px\" \/>                                <div class=\"overlay\"><\/div>\r\n                                <div class=\"post-category\">\r\n                                <a href=\"https:\/\/www.iber-lepenc.org\/sq\/category\/publikime\/\" class=\"categories\"><i class=\"icon-folder\"><\/i>Publikime<\/a> <\/div>\r\n                            <\/div>\r\n                                                        <div class=\"content_box\">\r\n                                  <ul class=\"post-info clearfix\">\r\n          <li class=\"authour_name\"><i class=\"fa fa-user\"><\/i><a href=\"\"> gezimiIL <\/a> <\/li>\r\n          <li class=\"date\">  <a href=\"https:\/\/www.iber-lepenc.org\/sq\/publikime\/n-p-h-iber-lepenc-sh-a-mban-mbledhjen-e-pergjithshme-vjetore-te-aksionarit\/\" rel=\"bookmark\"><i class=\"fa  fa-calendar\"><\/i><time class=\"date published\" datetime=\"2025-10-10T16:03:39+00:00\">10 Tet , 2025 <\/time><\/a> <\/li> \r\n      <\/ul>\r\n                            <h2 class=\"entry-title\"><a href=\"https:\/\/www.iber-lepenc.org\/sq\/publikime\/n-p-h-iber-lepenc-sh-a-mban-mbledhjen-e-pergjithshme-vjetore-te-aksionarit\/\" >N.P.H. \u201cIb\u00ebr-Lepenc\u201d SH.A. mban Mbledhjen e P\u00ebrgjithshme Vjetore t\u00eb Aksionarit<\/a><\/h2>                                                            <p class=\"short_desc\">M\u00eb 7 shtator 2025, Nd\u00ebrmarrja Hidroekonomike \u201cIb\u00ebr-Lepenc\u201d SH.A. mbajti Mbledhjen e P\u00ebrgjithshme Vjetore t\u00eb Aksionarit, ku u prezantuan&hellip;<\/p>\r\n                            \r\n                                <div class=\"bottom_content clearfix\">\r\n                                    <div class=\"continure_reading\">\r\n                                                                                <a href=\"https:\/\/www.iber-lepenc.org\/sq\/publikime\/n-p-h-iber-lepenc-sh-a-mban-mbledhjen-e-pergjithshme-vjetore-te-aksionarit\/\" class=\"read_more type_one\">\r\n                                            Lexoni m\u00eb shum\u00eb <span\r\n                                                class=\"icon-arrow-right\"><\/span><\/a>\r\n                                                                            <\/div>\r\n                                    <div class=\"comments\">\r\n  <i class=\"icon-text\"><\/i>\r\n  <a href=\"https:\/\/www.iber-lepenc.org\/sq\/publikime\/n-p-h-iber-lepenc-sh-a-mban-mbledhjen-e-pergjithshme-vjetore-te-aksionarit\/#respond\" class=\"Comments are Closed\" >Post Comment<\/a>   \r\n  <\/div>\r\n                                  <\/div>\r\n                            <\/div>\r\n                        <\/div>\r\n                    <\/div>\r\n\r\n                                                        <\/div>\r\n                                                <div id=\"post-10960\" class=\"post-10960 post type-post status-publish format-standard has-post-thumbnail hentry category-publikime\">\r\n                                        <div class=\"news_box type_one clearfix\">\r\n                        <div class=\"news_inner\">\r\n                                                        <div class=\"image_box\">\r\n                                <img decoding=\"async\" width=\"1024\" height=\"683\" src=\"https:\/\/www.iber-lepenc.org\/wp-content\/uploads\/2022\/12\/07_03_2014_9108559_Liqeni_i_Ujmanit.jpg\" class=\"attachment-creote_object_fits size-creote_object_fits wp-post-image\" alt=\"\" srcset=\"https:\/\/www.iber-lepenc.org\/wp-content\/uploads\/2022\/12\/07_03_2014_9108559_Liqeni_i_Ujmanit.jpg 1024w, https:\/\/www.iber-lepenc.org\/wp-content\/uploads\/2022\/12\/07_03_2014_9108559_Liqeni_i_Ujmanit-300x200.jpg 300w, https:\/\/www.iber-lepenc.org\/wp-content\/uploads\/2022\/12\/07_03_2014_9108559_Liqeni_i_Ujmanit-768x512.jpg 768w\" sizes=\"(max-width: 1024px) 100vw, 1024px\" \/>                                <div class=\"overlay\"><\/div>\r\n                                <div class=\"post-category\">\r\n                                <a href=\"https:\/\/www.iber-lepenc.org\/sq\/category\/publikime\/\" class=\"categories\"><i class=\"icon-folder\"><\/i>Publikime<\/a> <\/div>\r\n                            <\/div>\r\n                                                        <div class=\"content_box\">\r\n                                  <ul class=\"post-info clearfix\">\r\n          <li class=\"authour_name\"><i class=\"fa fa-user\"><\/i><a href=\"\"> gezimiIL <\/a> <\/li>\r\n          <li class=\"date\">  <a href=\"https:\/\/www.iber-lepenc.org\/sq\/publikime\/vendim-elza-sadiku-zyrtar-e-per-mbrojtjen-e-te-dhenave-personale\/\" rel=\"bookmark\"><i class=\"fa  fa-calendar\"><\/i><time class=\"date published\" datetime=\"2025-09-22T09:41:31+00:00\">22 Sht , 2025 <\/time><\/a> <\/li> \r\n      <\/ul>\r\n                            <h2 class=\"entry-title\"><a href=\"https:\/\/www.iber-lepenc.org\/sq\/publikime\/vendim-elza-sadiku-zyrtar-e-per-mbrojtjen-e-te-dhenave-personale\/\" >Vendim \u2013 Elza Sadiku Zyrtare p\u00ebr Mbrojtjen e t\u00eb dh\u00ebnave Personale<\/a><\/h2>                            \r\n                                <div class=\"bottom_content clearfix\">\r\n                                    <div class=\"continure_reading\">\r\n                                                                                <a href=\"https:\/\/www.iber-lepenc.org\/sq\/publikime\/vendim-elza-sadiku-zyrtar-e-per-mbrojtjen-e-te-dhenave-personale\/\" class=\"read_more type_one\">\r\n                                            Lexoni m\u00eb shum\u00eb <span\r\n                                                class=\"icon-arrow-right\"><\/span><\/a>\r\n                                                                            <\/div>\r\n                                    <div class=\"comments\">\r\n  <i class=\"icon-text\"><\/i>\r\n  <a href=\"https:\/\/www.iber-lepenc.org\/sq\/publikime\/vendim-elza-sadiku-zyrtar-e-per-mbrojtjen-e-te-dhenave-personale\/#respond\" class=\"Comments are Closed\" >Post Comment<\/a>   \r\n  <\/div>\r\n                                  <\/div>\r\n                            <\/div>\r\n                        <\/div>\r\n                    <\/div>\r\n\r\n                                                        <\/div>\r\n                                                <div id=\"post-10936\" class=\"post-10936 post type-post status-publish format-standard has-post-thumbnail hentry category-publikime category-uncategorized\">\r\n                                        <div class=\"news_box type_one clearfix\">\r\n                        <div class=\"news_inner\">\r\n                                                        <div class=\"image_box\">\r\n                                <img decoding=\"async\" width=\"1024\" height=\"683\" src=\"https:\/\/www.iber-lepenc.org\/wp-content\/uploads\/2022\/12\/07_03_2014_9108559_Liqeni_i_Ujmanit.jpg\" class=\"attachment-creote_object_fits size-creote_object_fits wp-post-image\" alt=\"\" srcset=\"https:\/\/www.iber-lepenc.org\/wp-content\/uploads\/2022\/12\/07_03_2014_9108559_Liqeni_i_Ujmanit.jpg 1024w, https:\/\/www.iber-lepenc.org\/wp-content\/uploads\/2022\/12\/07_03_2014_9108559_Liqeni_i_Ujmanit-300x200.jpg 300w, https:\/\/www.iber-lepenc.org\/wp-content\/uploads\/2022\/12\/07_03_2014_9108559_Liqeni_i_Ujmanit-768x512.jpg 768w\" sizes=\"(max-width: 1024px) 100vw, 1024px\" \/>                                <div class=\"overlay\"><\/div>\r\n                                <div class=\"post-category\">\r\n                                <a href=\"https:\/\/www.iber-lepenc.org\/sq\/category\/publikime\/\" class=\"categories\"><i class=\"icon-folder\"><\/i>Publikime<\/a> <\/div>\r\n                            <\/div>\r\n                                                        <div class=\"content_box\">\r\n                                  <ul class=\"post-info clearfix\">\r\n          <li class=\"authour_name\"><i class=\"fa fa-user\"><\/i><a href=\"\"> gezimiIL <\/a> <\/li>\r\n          <li class=\"date\">  <a href=\"https:\/\/www.iber-lepenc.org\/sq\/uncategorized\/njoftim-nderrimi-i-lokacionit-te-ndermarrjes\/\" rel=\"bookmark\"><i class=\"fa  fa-calendar\"><\/i><time class=\"date published\" datetime=\"2025-09-01T12:40:04+00:00\">1 Sht , 2025 <\/time><\/a> <\/li> \r\n      <\/ul>\r\n                            <h2 class=\"entry-title\"><a href=\"https:\/\/www.iber-lepenc.org\/sq\/uncategorized\/njoftim-nderrimi-i-lokacionit-te-ndermarrjes\/\" >NJOFTIM: Nd\u00ebrrimi p\u00ebrkohsh\u00ebm i lokacionit t\u00eb nd\u00ebrmarrjes dhe numrit kontaktues<\/a><\/h2>                                                            <p class=\"short_desc\">Njoftim Nd\u00ebrmarrja Publike \u201cIb\u00ebr Lepenc\u201d SH.A. njofton opinionin publik, partner\u00ebt dhe pal\u00ebt e interesit se, p\u00ebr shkak t\u00eb&hellip;<\/p>\r\n                            \r\n                                <div class=\"bottom_content clearfix\">\r\n                                    <div class=\"continure_reading\">\r\n                                                                                <a href=\"https:\/\/www.iber-lepenc.org\/sq\/uncategorized\/njoftim-nderrimi-i-lokacionit-te-ndermarrjes\/\" class=\"read_more type_one\">\r\n                                            Lexoni m\u00eb shum\u00eb <span\r\n                                                class=\"icon-arrow-right\"><\/span><\/a>\r\n                                                                            <\/div>\r\n                                    <div class=\"comments\">\r\n  <i class=\"icon-text\"><\/i>\r\n  <a href=\"https:\/\/www.iber-lepenc.org\/sq\/uncategorized\/njoftim-nderrimi-i-lokacionit-te-ndermarrjes\/#respond\" class=\"Comments are Closed\" >Post Comment<\/a>   \r\n  <\/div>\r\n                                  <\/div>\r\n                            <\/div>\r\n                        <\/div>\r\n                    <\/div>\r\n\r\n                                                        <\/div>\r\n                                \r\n       \r\n    <\/div>\r\n<\/section><!-- \/.blog-one -->\r\n \r\n\r\n \r\n\r\n\t\t\t\t<\/div>\n\t\t\t\t<\/div>\n\t\t\t\t\t<\/div>\n\t\t<\/div>\n\t\t\t\t\t<\/div>\n\t\t<\/section>\n\t\t\t\t<section class=\"elementor-section elementor-top-section elementor-element elementor-element-da62e1f elementor-section-full_width elementor-hidden-desktop elementor-hidden-mobile elementor-section-height-default elementor-section-height-default\" data-id=\"da62e1f\" data-element_type=\"section\">\n\t\t\t\t\t\t<div class=\"elementor-container elementor-column-gap-no\">\n\t\t\t\t\t<div class=\"elementor-column elementor-col-100 elementor-top-column elementor-element elementor-element-1fd3f38\" data-id=\"1fd3f38\" data-element_type=\"column\">\n\t\t\t<div class=\"elementor-widget-wrap elementor-element-populated\">\n\t\t\t\t\t\t<section class=\"elementor-section elementor-inner-section elementor-element elementor-element-a30652c elementor-section-boxed elementor-section-height-default elementor-section-height-default\" data-id=\"a30652c\" data-element_type=\"section\">\n\t\t\t\t\t\t<div class=\"elementor-container elementor-column-gap-default\">\n\t\t\t\t\t<div class=\"elementor-column elementor-col-100 elementor-inner-column elementor-element elementor-element-61f3e1b\" data-id=\"61f3e1b\" data-element_type=\"column\">\n\t\t\t<div class=\"elementor-widget-wrap elementor-element-populated\">\n\t\t\t\t\t\t<div class=\"elementor-element elementor-element-0c14579 elementor-widget elementor-widget-html\" data-id=\"0c14579\" data-element_type=\"widget\" data-widget_type=\"html.default\">\n\t\t\t\t<div class=\"elementor-widget-container\">\n\t\t\t\t\t<h1 key=\"home_tab_publikimet\">Publikimet<\/h1>\t\t\t\t<\/div>\n\t\t\t\t<\/div>\n\t\t\t\t\t<\/div>\n\t\t<\/div>\n\t\t\t\t\t<\/div>\n\t\t<\/section>\n\t\t\t\t<div class=\"elementor-element elementor-element-089064c elementor-widget elementor-widget-creote-news-v1-new\" data-id=\"089064c\" data-element_type=\"widget\" data-widget_type=\"creote-news-v1-new.default\">\n\t\t\t\t<div class=\"elementor-widget-container\">\n\t\t\t\t\t\r\n\r\n<section class=\"blog_all_styles grid \">\r\n\r\n\r\n    <div class=\"row\">\r\n                          \r\n        <div class=\"col-xl-6 col-md-6 col-sm-6  col-xs-12\">\r\n            <div id=\"post-11129\" class=\"post-11129 post type-post status-publish format-standard has-post-thumbnail hentry category-publikime\">\r\n                                <div class=\"news_box type_three clearfix\">\r\n                    <div class=\"news_inner\">\r\n                                                <div class=\"image_box\">\r\n                            <img fetchpriority=\"high\" decoding=\"async\" width=\"1386\" height=\"805\" src=\"https:\/\/www.iber-lepenc.org\/wp-content\/uploads\/2026\/04\/V.B-Foto1.jpeg\" class=\"attachment-creote_object_fits size-creote_object_fits wp-post-image\" alt=\"\" srcset=\"https:\/\/www.iber-lepenc.org\/wp-content\/uploads\/2026\/04\/V.B-Foto1.jpeg 1386w, https:\/\/www.iber-lepenc.org\/wp-content\/uploads\/2026\/04\/V.B-Foto1-300x174.jpeg 300w, https:\/\/www.iber-lepenc.org\/wp-content\/uploads\/2026\/04\/V.B-Foto1-1024x595.jpeg 1024w, https:\/\/www.iber-lepenc.org\/wp-content\/uploads\/2026\/04\/V.B-Foto1-768x446.jpeg 768w\" sizes=\"(max-width: 1386px) 100vw, 1386px\" \/>                            <div class=\"overlay\"><\/div>\r\n                            <div class=\"post-category\">\r\n                                <a href=\"https:\/\/www.iber-lepenc.org\/sq\/category\/publikime\/\" class=\"categories\"><i class=\"icon-folder\"><\/i>Publikime<\/a><\/div>\r\n                        <\/div>\r\n                                                <div class=\"content_box\">\r\n                                  <ul class=\"post-info clearfix\">\r\n          <li class=\"authour_name\"><i class=\"fa fa-user\"><\/i><a href=\"\"> gezimiIL <\/a> <\/li>\r\n          <li class=\"date\">  <a href=\"https:\/\/www.iber-lepenc.org\/sq\/publikime\/njoftim-mortor\/\" rel=\"bookmark\"><i class=\"fa  fa-calendar\"><\/i><time class=\"date published\" datetime=\"2026-04-02T11:43:39+00:00\">2 Pri , 2026 <\/time><\/a> <\/li> \r\n      <\/ul>\r\n                            <h2 class=\"entry-title\"><a href=\"https:\/\/www.iber-lepenc.org\/sq\/publikime\/njoftim-mortor\/\">NJOFTIM MORTOR<\/a><\/h2>                                                            <p class=\"short_desc\">VALMIR BERISHA Zyrtar i Teknologjis\u00eb s\u00eb Informacionit NPH &#8220;Ib\u00ebr-Lepenc&#8221; Sh.A. Me pik\u00ebllim t\u00eb thell\u00eb dhe me ndjenj\u00ebn e&hellip;<\/p>\r\n                                                        <div class=\"bottom_content clearfix\">\r\n                                <div class=\"continure_reading\">\r\n                                                                        <a href=\"https:\/\/www.iber-lepenc.org\/sq\/publikime\/njoftim-mortor\/\" class=\"read_more type_one\">\r\n                                        Lexoni m\u00eb shum\u00eb <span\r\n                                            class=\"icon-arrow-right\"><\/span><\/a>\r\n                                                                    <\/div>\r\n                                <div class=\"comments\">\r\n  <i class=\"icon-text\"><\/i>\r\n  <a href=\"https:\/\/www.iber-lepenc.org\/sq\/publikime\/njoftim-mortor\/#respond\" class=\"Comments are Closed\" >Post Comment<\/a>   \r\n  <\/div>\r\n                              <\/div>\r\n                        <\/div>\r\n                    <\/div>\r\n                <\/div>\r\n\r\n                \r\n                 <\/div>\r\n        <\/div><!-- \/.col-lg-3 -->\r\n                  \r\n        <div class=\"col-xl-6 col-md-6 col-sm-6  col-xs-12\">\r\n            <div id=\"post-11113\" class=\"post-11113 post type-post status-publish format-standard has-post-thumbnail hentry category-publikime\">\r\n                                <div class=\"news_box type_three clearfix\">\r\n                    <div class=\"news_inner\">\r\n                                                <div class=\"image_box\">\r\n                            <img decoding=\"async\" width=\"1024\" height=\"683\" src=\"https:\/\/www.iber-lepenc.org\/wp-content\/uploads\/2022\/11\/02_09_13_28868_Liqeni_i_Ujmanit-1.jpg\" class=\"attachment-creote_object_fits size-creote_object_fits wp-post-image\" alt=\"\" srcset=\"https:\/\/www.iber-lepenc.org\/wp-content\/uploads\/2022\/11\/02_09_13_28868_Liqeni_i_Ujmanit-1.jpg 1024w, https:\/\/www.iber-lepenc.org\/wp-content\/uploads\/2022\/11\/02_09_13_28868_Liqeni_i_Ujmanit-1-300x200.jpg 300w, https:\/\/www.iber-lepenc.org\/wp-content\/uploads\/2022\/11\/02_09_13_28868_Liqeni_i_Ujmanit-1-768x512.jpg 768w\" sizes=\"(max-width: 1024px) 100vw, 1024px\" \/>                            <div class=\"overlay\"><\/div>\r\n                            <div class=\"post-category\">\r\n                                <a href=\"https:\/\/www.iber-lepenc.org\/sq\/category\/publikime\/\" class=\"categories\"><i class=\"icon-folder\"><\/i>Publikime<\/a><\/div>\r\n                        <\/div>\r\n                                                <div class=\"content_box\">\r\n                                  <ul class=\"post-info clearfix\">\r\n          <li class=\"authour_name\"><i class=\"fa fa-user\"><\/i><a href=\"\"> gezimiIL <\/a> <\/li>\r\n          <li class=\"date\">  <a href=\"https:\/\/www.iber-lepenc.org\/sq\/publikime\/mirenjohje-per-iber-lepenc-nga-zv-drejtori-i-policise-se-kosoves\/\" rel=\"bookmark\"><i class=\"fa  fa-calendar\"><\/i><time class=\"date published\" datetime=\"2026-04-01T09:22:59+00:00\">1 Pri , 2026 <\/time><\/a> <\/li> \r\n      <\/ul>\r\n                            <h2 class=\"entry-title\"><a href=\"https:\/\/www.iber-lepenc.org\/sq\/publikime\/mirenjohje-per-iber-lepenc-nga-zv-drejtori-i-policise-se-kosoves\/\">Mir\u00ebnjohje p\u00ebr \u201cIb\u00ebr-Lepenc\u201d nga Zv. Drejtori i Policis\u00eb s\u00eb Kosov\u00ebs<\/a><\/h2>                                                            <p class=\"short_desc\">Nd\u00ebrmarrja publike \u201cIb\u00ebr-Lepenc\u201d vazhdon t\u00eb tregoj\u00eb bashk\u00ebpunim t\u00eb ngusht\u00eb dhe efektiv me Policin\u00eb e Kosov\u00ebs n\u00eb veri. P\u00ebr&hellip;<\/p>\r\n                                                        <div class=\"bottom_content clearfix\">\r\n                                <div class=\"continure_reading\">\r\n                                                                        <a href=\"https:\/\/www.iber-lepenc.org\/sq\/publikime\/mirenjohje-per-iber-lepenc-nga-zv-drejtori-i-policise-se-kosoves\/\" class=\"read_more type_one\">\r\n                                        Lexoni m\u00eb shum\u00eb <span\r\n                                            class=\"icon-arrow-right\"><\/span><\/a>\r\n                                                                    <\/div>\r\n                                <div class=\"comments\">\r\n  <i class=\"icon-text\"><\/i>\r\n  <a href=\"https:\/\/www.iber-lepenc.org\/sq\/publikime\/mirenjohje-per-iber-lepenc-nga-zv-drejtori-i-policise-se-kosoves\/#respond\" class=\"Comments are Closed\" >Post Comment<\/a>   \r\n  <\/div>\r\n                              <\/div>\r\n                        <\/div>\r\n                    <\/div>\r\n                <\/div>\r\n\r\n                \r\n                 <\/div>\r\n        <\/div><!-- \/.col-lg-3 -->\r\n                                                <\/div>\r\n        \r\n                    <div class=\"row\">\r\n      <div class=\"col-lg-12\">\r\n         <div class=\"pagination text-center\">\r\n            <ul class='page-numbers'>\n\t<li><span aria-current=\"page\" class=\"page-numbers current\">1<\/span><\/li>\n\t<li><a class=\"page-numbers\" href=\"https:\/\/www.iber-lepenc.org\/sq\/wp-json\/wp\/v2\/pages\/6099\/page\/2\/\">2<\/a><\/li>\n\t<li><a class=\"page-numbers\" href=\"https:\/\/www.iber-lepenc.org\/sq\/wp-json\/wp\/v2\/pages\/6099\/page\/3\/\">3<\/a><\/li>\n\t<li><span class=\"page-numbers dots\">&hellip;<\/span><\/li>\n\t<li><a class=\"page-numbers\" href=\"https:\/\/www.iber-lepenc.org\/sq\/wp-json\/wp\/v2\/pages\/6099\/page\/30\/\">30<\/a><\/li>\n\t<li><a class=\"next page-numbers\" href=\"https:\/\/www.iber-lepenc.org\/sq\/wp-json\/wp\/v2\/pages\/6099\/page\/2\/\"><i class=\"fa fa-angle-right\"><\/i><\/a><\/li>\n<\/ul>\n          \r\n         <\/div>\r\n      <\/div>\r\n   <\/div>\r\n              \r\n \r\n\r\n<\/section><!-- \/.blog-one -->\r\n\r\n\r\n\t\t\t\t<\/div>\n\t\t\t\t<\/div>\n\t\t\t\t\t<\/div>\n\t\t<\/div>\n\t\t\t\t\t<\/div>\n\t\t<\/section>\n\t\t\t\t<section class=\"elementor-section elementor-top-section elementor-element elementor-element-f8a2a76 elementor-section-full_width elementor-hidden-desktop elementor-hidden-tablet elementor-section-height-default elementor-section-height-default\" data-id=\"f8a2a76\" data-element_type=\"section\">\n\t\t\t\t\t\t<div class=\"elementor-container elementor-column-gap-no\">\n\t\t\t\t\t<div class=\"elementor-column elementor-col-100 elementor-top-column elementor-element elementor-element-cd05e12\" data-id=\"cd05e12\" data-element_type=\"column\">\n\t\t\t<div class=\"elementor-widget-wrap elementor-element-populated\">\n\t\t\t\t\t\t<section class=\"elementor-section elementor-inner-section elementor-element elementor-element-bca00f1 elementor-section-boxed elementor-section-height-default elementor-section-height-default\" data-id=\"bca00f1\" data-element_type=\"section\">\n\t\t\t\t\t\t<div class=\"elementor-container elementor-column-gap-default\">\n\t\t\t\t\t<div class=\"elementor-column elementor-col-100 elementor-inner-column elementor-element elementor-element-c8a2777\" data-id=\"c8a2777\" data-element_type=\"column\">\n\t\t\t<div class=\"elementor-widget-wrap elementor-element-populated\">\n\t\t\t\t\t\t<div class=\"elementor-element elementor-element-4947ea7 elementor-widget elementor-widget-html\" data-id=\"4947ea7\" data-element_type=\"widget\" data-widget_type=\"html.default\">\n\t\t\t\t<div class=\"elementor-widget-container\">\n\t\t\t\t\t<h1 key=\"home_mob_publikimet\">Publikimet<\/h1>\t\t\t\t<\/div>\n\t\t\t\t<\/div>\n\t\t\t\t\t<\/div>\n\t\t<\/div>\n\t\t\t\t\t<\/div>\n\t\t<\/section>\n\t\t\t\t<div class=\"elementor-element elementor-element-1921933 elementor-widget elementor-widget-creote-news-v1-new\" data-id=\"1921933\" data-element_type=\"widget\" data-widget_type=\"creote-news-v1-new.default\">\n\t\t\t\t<div class=\"elementor-widget-container\">\n\t\t\t\t\t\r\n<section class=\"blog_all_styles owl_new_one carousel \">\r\n <div class=\"owl_nav_block owl_dots_block owl_type_one theme_carousel owl-theme owl-carousel\"\r\n        data-options='{\"loop\": true, \"margin\": 30, \"autoheight\":true, \"lazyload\":true, \"nav\": true, \"dots\": true, \"autoplay\": true, \"autoplayTimeout\": 7000, \"smartSpeed\": 1800, \"responsive\":{ \"0\" :{ \"items\": \"1\" }, \"768\" :{ \"items\" : \"3\" } , \"1000\":{ \"items\" : \"3\" }}}'>\r\n                                                                <div id=\"post-11129\" class=\"post-11129 post type-post status-publish format-standard has-post-thumbnail hentry category-publikime\">\r\n                                        <div class=\"news_box type_three clearfix\">\r\n                        <div class=\"news_inner\">\r\n                                                        <div class=\"image_box\">\r\n                                <img fetchpriority=\"high\" decoding=\"async\" width=\"1386\" height=\"805\" src=\"https:\/\/www.iber-lepenc.org\/wp-content\/uploads\/2026\/04\/V.B-Foto1.jpeg\" class=\"attachment-creote_object_fits size-creote_object_fits wp-post-image\" alt=\"\" srcset=\"https:\/\/www.iber-lepenc.org\/wp-content\/uploads\/2026\/04\/V.B-Foto1.jpeg 1386w, https:\/\/www.iber-lepenc.org\/wp-content\/uploads\/2026\/04\/V.B-Foto1-300x174.jpeg 300w, https:\/\/www.iber-lepenc.org\/wp-content\/uploads\/2026\/04\/V.B-Foto1-1024x595.jpeg 1024w, https:\/\/www.iber-lepenc.org\/wp-content\/uploads\/2026\/04\/V.B-Foto1-768x446.jpeg 768w\" sizes=\"(max-width: 1386px) 100vw, 1386px\" \/>                                <div class=\"overlay\"><\/div>\r\n                                <div class=\"post-category\">\r\n                                <a href=\"https:\/\/www.iber-lepenc.org\/sq\/category\/publikime\/\" class=\"categories\"><i class=\"icon-folder\"><\/i>Publikime<\/a> <\/div>\r\n                            <\/div>\r\n                                                        <div class=\"content_box\">\r\n                                  <ul class=\"post-info clearfix\">\r\n          <li class=\"authour_name\"><i class=\"fa fa-user\"><\/i><a href=\"\"> gezimiIL <\/a> <\/li>\r\n          <li class=\"date\">  <a href=\"https:\/\/www.iber-lepenc.org\/sq\/publikime\/njoftim-mortor\/\" rel=\"bookmark\"><i class=\"fa  fa-calendar\"><\/i><time class=\"date published\" datetime=\"2026-04-02T11:43:39+00:00\">2 Pri , 2026 <\/time><\/a> <\/li> \r\n      <\/ul>\r\n                            <h2 class=\"entry-title\"><a href=\"https:\/\/www.iber-lepenc.org\/sq\/publikime\/njoftim-mortor\/\" >NJOFTIM MORTOR<\/a><\/h2>                                                            <p class=\"short_desc\">VALMIR BERISHA Zyrtar i Teknologjis\u00eb s\u00eb Informacionit NPH &#8220;Ib\u00ebr-Lepenc&#8221; Sh.A. Me pik\u00ebllim t\u00eb thell\u00eb&hellip;<\/p>\r\n                            \r\n                                <div class=\"bottom_content clearfix\">\r\n                                    <div class=\"continure_reading\">\r\n                                                                                <a href=\"https:\/\/www.iber-lepenc.org\/sq\/publikime\/njoftim-mortor\/\" class=\"read_more type_one\">\r\n                                            Lexoni m\u00eb shum\u00eb <span\r\n                                                class=\"icon-arrow-right\"><\/span><\/a>\r\n                                                                            <\/div>\r\n                                    <div class=\"comments\">\r\n  <i class=\"icon-text\"><\/i>\r\n  <a href=\"https:\/\/www.iber-lepenc.org\/sq\/publikime\/njoftim-mortor\/#respond\" class=\"Comments are Closed\" >Post Comment<\/a>   \r\n  <\/div>\r\n                                  <\/div>\r\n                            <\/div>\r\n                        <\/div>\r\n                    <\/div>\r\n\r\n                                                        <\/div>\r\n                                                <div id=\"post-11113\" class=\"post-11113 post type-post status-publish format-standard has-post-thumbnail hentry category-publikime\">\r\n                                        <div class=\"news_box type_three clearfix\">\r\n                        <div class=\"news_inner\">\r\n                                                        <div class=\"image_box\">\r\n                                <img decoding=\"async\" width=\"1024\" height=\"683\" src=\"https:\/\/www.iber-lepenc.org\/wp-content\/uploads\/2022\/11\/02_09_13_28868_Liqeni_i_Ujmanit-1.jpg\" class=\"attachment-creote_object_fits size-creote_object_fits wp-post-image\" alt=\"\" srcset=\"https:\/\/www.iber-lepenc.org\/wp-content\/uploads\/2022\/11\/02_09_13_28868_Liqeni_i_Ujmanit-1.jpg 1024w, https:\/\/www.iber-lepenc.org\/wp-content\/uploads\/2022\/11\/02_09_13_28868_Liqeni_i_Ujmanit-1-300x200.jpg 300w, https:\/\/www.iber-lepenc.org\/wp-content\/uploads\/2022\/11\/02_09_13_28868_Liqeni_i_Ujmanit-1-768x512.jpg 768w\" sizes=\"(max-width: 1024px) 100vw, 1024px\" \/>                                <div class=\"overlay\"><\/div>\r\n                                <div class=\"post-category\">\r\n                                <a href=\"https:\/\/www.iber-lepenc.org\/sq\/category\/publikime\/\" class=\"categories\"><i class=\"icon-folder\"><\/i>Publikime<\/a> <\/div>\r\n                            <\/div>\r\n                                                        <div class=\"content_box\">\r\n                                  <ul class=\"post-info clearfix\">\r\n          <li class=\"authour_name\"><i class=\"fa fa-user\"><\/i><a href=\"\"> gezimiIL <\/a> <\/li>\r\n          <li class=\"date\">  <a href=\"https:\/\/www.iber-lepenc.org\/sq\/publikime\/mirenjohje-per-iber-lepenc-nga-zv-drejtori-i-policise-se-kosoves\/\" rel=\"bookmark\"><i class=\"fa  fa-calendar\"><\/i><time class=\"date published\" datetime=\"2026-04-01T09:22:59+00:00\">1 Pri , 2026 <\/time><\/a> <\/li> \r\n      <\/ul>\r\n                            <h2 class=\"entry-title\"><a href=\"https:\/\/www.iber-lepenc.org\/sq\/publikime\/mirenjohje-per-iber-lepenc-nga-zv-drejtori-i-policise-se-kosoves\/\" >Mir\u00ebnjohje p\u00ebr \u201cIb\u00ebr-Lepenc\u201d nga Zv. Drejtori i Policis\u00eb s\u00eb Kosov\u00ebs<\/a><\/h2>                                                            <p class=\"short_desc\">Nd\u00ebrmarrja publike \u201cIb\u00ebr-Lepenc\u201d vazhdon t\u00eb tregoj\u00eb bashk\u00ebpunim t\u00eb ngusht\u00eb dhe efektiv me Policin\u00eb e&hellip;<\/p>\r\n                            \r\n                                <div class=\"bottom_content clearfix\">\r\n                                    <div class=\"continure_reading\">\r\n                                                                                <a href=\"https:\/\/www.iber-lepenc.org\/sq\/publikime\/mirenjohje-per-iber-lepenc-nga-zv-drejtori-i-policise-se-kosoves\/\" class=\"read_more type_one\">\r\n                                            Lexoni m\u00eb shum\u00eb <span\r\n                                                class=\"icon-arrow-right\"><\/span><\/a>\r\n                                                                            <\/div>\r\n                                    <div class=\"comments\">\r\n  <i class=\"icon-text\"><\/i>\r\n  <a href=\"https:\/\/www.iber-lepenc.org\/sq\/publikime\/mirenjohje-per-iber-lepenc-nga-zv-drejtori-i-policise-se-kosoves\/#respond\" class=\"Comments are Closed\" >Post Comment<\/a>   \r\n  <\/div>\r\n                                  <\/div>\r\n                            <\/div>\r\n                        <\/div>\r\n                    <\/div>\r\n\r\n                                                        <\/div>\r\n                                                <div id=\"post-11060\" class=\"post-11060 post type-post status-publish format-standard has-post-thumbnail hentry category-publikime\">\r\n                                        <div class=\"news_box type_three clearfix\">\r\n                        <div class=\"news_inner\">\r\n                                                        <div class=\"image_box\">\r\n                                <img decoding=\"async\" width=\"1024\" height=\"683\" src=\"https:\/\/www.iber-lepenc.org\/wp-content\/uploads\/2022\/12\/07_03_2014_9108559_Liqeni_i_Ujmanit.jpg\" class=\"attachment-creote_object_fits size-creote_object_fits wp-post-image\" alt=\"\" srcset=\"https:\/\/www.iber-lepenc.org\/wp-content\/uploads\/2022\/12\/07_03_2014_9108559_Liqeni_i_Ujmanit.jpg 1024w, https:\/\/www.iber-lepenc.org\/wp-content\/uploads\/2022\/12\/07_03_2014_9108559_Liqeni_i_Ujmanit-300x200.jpg 300w, https:\/\/www.iber-lepenc.org\/wp-content\/uploads\/2022\/12\/07_03_2014_9108559_Liqeni_i_Ujmanit-768x512.jpg 768w\" sizes=\"(max-width: 1024px) 100vw, 1024px\" \/>                                <div class=\"overlay\"><\/div>\r\n                                <div class=\"post-category\">\r\n                                <a href=\"https:\/\/www.iber-lepenc.org\/sq\/category\/publikime\/\" class=\"categories\"><i class=\"icon-folder\"><\/i>Publikime<\/a> <\/div>\r\n                            <\/div>\r\n                                                        <div class=\"content_box\">\r\n                                  <ul class=\"post-info clearfix\">\r\n          <li class=\"authour_name\"><i class=\"fa fa-user\"><\/i><a href=\"\"> gezimiIL <\/a> <\/li>\r\n          <li class=\"date\">  <a href=\"https:\/\/www.iber-lepenc.org\/sq\/publikime\/njoftim-per-publikun\/\" rel=\"bookmark\"><i class=\"fa  fa-calendar\"><\/i><time class=\"date published\" datetime=\"2026-01-06T15:40:37+00:00\">6 Jan , 2026 <\/time><\/a> <\/li> \r\n      <\/ul>\r\n                            <h2 class=\"entry-title\"><a href=\"https:\/\/www.iber-lepenc.org\/sq\/publikime\/njoftim-per-publikun\/\" >NJOFTIM P\u00cbR PUBLIKUN<\/a><\/h2>                                                            <p class=\"short_desc\">T\u00eb nderuar qytetar\u00eb, Si pasoj\u00eb e reshjeve t\u00eb fundit atmosferike, rritjes s\u00eb prurjeve t\u00eb&hellip;<\/p>\r\n                            \r\n                                <div class=\"bottom_content clearfix\">\r\n                                    <div class=\"continure_reading\">\r\n                                                                                <a href=\"https:\/\/www.iber-lepenc.org\/sq\/publikime\/njoftim-per-publikun\/\" class=\"read_more type_one\">\r\n                                            Lexoni m\u00eb shum\u00eb <span\r\n                                                class=\"icon-arrow-right\"><\/span><\/a>\r\n                                                                            <\/div>\r\n                                    <div class=\"comments\">\r\n  <i class=\"icon-text\"><\/i>\r\n  <a href=\"https:\/\/www.iber-lepenc.org\/sq\/publikime\/njoftim-per-publikun\/#respond\" class=\"Comments are Closed\" >Post Comment<\/a>   \r\n  <\/div>\r\n                                  <\/div>\r\n                            <\/div>\r\n                        <\/div>\r\n                    <\/div>\r\n\r\n                                                        <\/div>\r\n                                                <div id=\"post-11054\" class=\"post-11054 post type-post status-publish format-standard has-post-thumbnail hentry category-publikime\">\r\n                                        <div class=\"news_box type_three clearfix\">\r\n                        <div class=\"news_inner\">\r\n                                                        <div class=\"image_box\">\r\n                                <img decoding=\"async\" width=\"1024\" height=\"683\" src=\"https:\/\/www.iber-lepenc.org\/wp-content\/uploads\/2022\/12\/07_03_2014_9108559_Liqeni_i_Ujmanit.jpg\" class=\"attachment-creote_object_fits size-creote_object_fits wp-post-image\" alt=\"\" srcset=\"https:\/\/www.iber-lepenc.org\/wp-content\/uploads\/2022\/12\/07_03_2014_9108559_Liqeni_i_Ujmanit.jpg 1024w, https:\/\/www.iber-lepenc.org\/wp-content\/uploads\/2022\/12\/07_03_2014_9108559_Liqeni_i_Ujmanit-300x200.jpg 300w, https:\/\/www.iber-lepenc.org\/wp-content\/uploads\/2022\/12\/07_03_2014_9108559_Liqeni_i_Ujmanit-768x512.jpg 768w\" sizes=\"(max-width: 1024px) 100vw, 1024px\" \/>                                <div class=\"overlay\"><\/div>\r\n                                <div class=\"post-category\">\r\n                                <a href=\"https:\/\/www.iber-lepenc.org\/sq\/category\/publikime\/\" class=\"categories\"><i class=\"icon-folder\"><\/i>Publikime<\/a> <\/div>\r\n                            <\/div>\r\n                                                        <div class=\"content_box\">\r\n                                  <ul class=\"post-info clearfix\">\r\n          <li class=\"authour_name\"><i class=\"fa fa-user\"><\/i><a href=\"\"> gezimiIL <\/a> <\/li>\r\n          <li class=\"date\">  <a href=\"https:\/\/www.iber-lepenc.org\/sq\/publikime\/reagim-lidhur-me-konkursin-per-kryeshef-ekzekutiv-te-nph-iber-lepenc-sh-a\/\" rel=\"bookmark\"><i class=\"fa  fa-calendar\"><\/i><time class=\"date published\" datetime=\"2025-12-19T17:51:52+00:00\">19 Dhj , 2025 <\/time><\/a> <\/li> \r\n      <\/ul>\r\n                            <h2 class=\"entry-title\"><a href=\"https:\/\/www.iber-lepenc.org\/sq\/publikime\/reagim-lidhur-me-konkursin-per-kryeshef-ekzekutiv-te-nph-iber-lepenc-sh-a\/\" >REAGIM LIDHUR ME KONKURSIN P\u00cbR KRYESHEF EKZEKUTIV T\u00cb NPH \u201cIB\u00cbR-LEPENC\u201d SH.A.<\/a><\/h2>                                                            <p class=\"short_desc\">19 dhjetor, 2025 &#8211; Lidhur me shkrimet, pretendimet e pabazuara dhe dezinformatat e publikuara&hellip;<\/p>\r\n                            \r\n                                <div class=\"bottom_content clearfix\">\r\n                                    <div class=\"continure_reading\">\r\n                                                                                <a href=\"https:\/\/www.iber-lepenc.org\/sq\/publikime\/reagim-lidhur-me-konkursin-per-kryeshef-ekzekutiv-te-nph-iber-lepenc-sh-a\/\" class=\"read_more type_one\">\r\n                                            Lexoni m\u00eb shum\u00eb <span\r\n                                                class=\"icon-arrow-right\"><\/span><\/a>\r\n                                                                            <\/div>\r\n                                    <div class=\"comments\">\r\n  <i class=\"icon-text\"><\/i>\r\n  <a href=\"https:\/\/www.iber-lepenc.org\/sq\/publikime\/reagim-lidhur-me-konkursin-per-kryeshef-ekzekutiv-te-nph-iber-lepenc-sh-a\/#respond\" class=\"Comments are Closed\" >Post Comment<\/a>   \r\n  <\/div>\r\n                                  <\/div>\r\n                            <\/div>\r\n                        <\/div>\r\n                    <\/div>\r\n\r\n                                                        <\/div>\r\n                                                <div id=\"post-11041\" class=\"post-11041 post type-post status-publish format-standard has-post-thumbnail hentry category-publikime\">\r\n                                        <div class=\"news_box type_three clearfix\">\r\n                        <div class=\"news_inner\">\r\n                                                        <div class=\"image_box\">\r\n                                <img loading=\"lazy\" decoding=\"async\" width=\"2560\" height=\"1440\" src=\"https:\/\/www.iber-lepenc.org\/wp-content\/uploads\/2025\/12\/Fitimi-nga-2005@2x-scaled.png\" class=\"attachment-creote_object_fits size-creote_object_fits wp-post-image\" alt=\"\" srcset=\"https:\/\/www.iber-lepenc.org\/wp-content\/uploads\/2025\/12\/Fitimi-nga-2005@2x-scaled.png 2560w, https:\/\/www.iber-lepenc.org\/wp-content\/uploads\/2025\/12\/Fitimi-nga-2005@2x-300x169.png 300w, https:\/\/www.iber-lepenc.org\/wp-content\/uploads\/2025\/12\/Fitimi-nga-2005@2x-1024x576.png 1024w, https:\/\/www.iber-lepenc.org\/wp-content\/uploads\/2025\/12\/Fitimi-nga-2005@2x-768x432.png 768w, https:\/\/www.iber-lepenc.org\/wp-content\/uploads\/2025\/12\/Fitimi-nga-2005@2x-1536x864.png 1536w, https:\/\/www.iber-lepenc.org\/wp-content\/uploads\/2025\/12\/Fitimi-nga-2005@2x-2048x1152.png 2048w\" sizes=\"(max-width: 2560px) 100vw, 2560px\" \/>                                <div class=\"overlay\"><\/div>\r\n                                <div class=\"post-category\">\r\n                                <a href=\"https:\/\/www.iber-lepenc.org\/sq\/category\/publikime\/\" class=\"categories\"><i class=\"icon-folder\"><\/i>Publikime<\/a> <\/div>\r\n                            <\/div>\r\n                                                        <div class=\"content_box\">\r\n                                  <ul class=\"post-info clearfix\">\r\n          <li class=\"authour_name\"><i class=\"fa fa-user\"><\/i><a href=\"\"> gezimiIL <\/a> <\/li>\r\n          <li class=\"date\">  <a href=\"https:\/\/www.iber-lepenc.org\/sq\/publikime\/performanca-financiare-nga-viti-2005-2025\/\" rel=\"bookmark\"><i class=\"fa  fa-calendar\"><\/i><time class=\"date published\" datetime=\"2025-12-18T17:18:12+00:00\">18 Dhj , 2025 <\/time><\/a> <\/li> \r\n      <\/ul>\r\n                            <h2 class=\"entry-title\"><a href=\"https:\/\/www.iber-lepenc.org\/sq\/publikime\/performanca-financiare-nga-viti-2005-2025\/\" >Performanca financiare nga viti 2005-2025<\/a><\/h2>                                                            <p class=\"short_desc\">Ka pasur vite kur Ib\u00ebr Lepenc luftonte vet\u00ebm p\u00ebr t\u00eb mbijetuar, mes humbjeve t\u00eb&hellip;<\/p>\r\n                            \r\n                                <div class=\"bottom_content clearfix\">\r\n                                    <div class=\"continure_reading\">\r\n                                                                                <a href=\"https:\/\/www.iber-lepenc.org\/sq\/publikime\/performanca-financiare-nga-viti-2005-2025\/\" class=\"read_more type_one\">\r\n                                            Lexoni m\u00eb shum\u00eb <span\r\n                                                class=\"icon-arrow-right\"><\/span><\/a>\r\n                                                                            <\/div>\r\n                                    <div class=\"comments\">\r\n  <i class=\"icon-text\"><\/i>\r\n  <a href=\"https:\/\/www.iber-lepenc.org\/sq\/publikime\/performanca-financiare-nga-viti-2005-2025\/#respond\" class=\"Comments are Closed\" >Post Comment<\/a>   \r\n  <\/div>\r\n                                  <\/div>\r\n                            <\/div>\r\n                        <\/div>\r\n                    <\/div>\r\n\r\n                                                        <\/div>\r\n                                                <div id=\"post-10987\" class=\"post-10987 post type-post status-publish format-standard has-post-thumbnail hentry category-publikime\">\r\n                                        <div class=\"news_box type_three clearfix\">\r\n                        <div class=\"news_inner\">\r\n                                                        <div class=\"image_box\">\r\n                                <img loading=\"lazy\" decoding=\"async\" width=\"2560\" height=\"1437\" src=\"https:\/\/www.iber-lepenc.org\/wp-content\/uploads\/2025\/10\/image1-scaled.jpg\" class=\"attachment-creote_object_fits size-creote_object_fits wp-post-image\" alt=\"\" srcset=\"https:\/\/www.iber-lepenc.org\/wp-content\/uploads\/2025\/10\/image1-scaled.jpg 2560w, https:\/\/www.iber-lepenc.org\/wp-content\/uploads\/2025\/10\/image1-300x168.jpg 300w, https:\/\/www.iber-lepenc.org\/wp-content\/uploads\/2025\/10\/image1-1024x575.jpg 1024w, https:\/\/www.iber-lepenc.org\/wp-content\/uploads\/2025\/10\/image1-768x431.jpg 768w, https:\/\/www.iber-lepenc.org\/wp-content\/uploads\/2025\/10\/image1-1536x862.jpg 1536w, https:\/\/www.iber-lepenc.org\/wp-content\/uploads\/2025\/10\/image1-2048x1150.jpg 2048w\" sizes=\"(max-width: 2560px) 100vw, 2560px\" \/>                                <div class=\"overlay\"><\/div>\r\n                                <div class=\"post-category\">\r\n                                <a href=\"https:\/\/www.iber-lepenc.org\/sq\/category\/publikime\/\" class=\"categories\"><i class=\"icon-folder\"><\/i>Publikime<\/a> <\/div>\r\n                            <\/div>\r\n                                                        <div class=\"content_box\">\r\n                                  <ul class=\"post-info clearfix\">\r\n          <li class=\"authour_name\"><i class=\"fa fa-user\"><\/i><a href=\"\"> gezimiIL <\/a> <\/li>\r\n          <li class=\"date\">  <a href=\"https:\/\/www.iber-lepenc.org\/sq\/publikime\/n-p-h-iber-lepenc-sh-a-mban-mbledhjen-e-pergjithshme-vjetore-te-aksionarit\/\" rel=\"bookmark\"><i class=\"fa  fa-calendar\"><\/i><time class=\"date published\" datetime=\"2025-10-10T16:03:39+00:00\">10 Tet , 2025 <\/time><\/a> <\/li> \r\n      <\/ul>\r\n                            <h2 class=\"entry-title\"><a href=\"https:\/\/www.iber-lepenc.org\/sq\/publikime\/n-p-h-iber-lepenc-sh-a-mban-mbledhjen-e-pergjithshme-vjetore-te-aksionarit\/\" >N.P.H. \u201cIb\u00ebr-Lepenc\u201d SH.A. mban Mbledhjen e P\u00ebrgjithshme Vjetore t\u00eb Aksionarit<\/a><\/h2>                                                            <p class=\"short_desc\">M\u00eb 7 shtator 2025, Nd\u00ebrmarrja Hidroekonomike \u201cIb\u00ebr-Lepenc\u201d SH.A. mbajti Mbledhjen e P\u00ebrgjithshme Vjetore t\u00eb&hellip;<\/p>\r\n                            \r\n                                <div class=\"bottom_content clearfix\">\r\n                                    <div class=\"continure_reading\">\r\n                                                                                <a href=\"https:\/\/www.iber-lepenc.org\/sq\/publikime\/n-p-h-iber-lepenc-sh-a-mban-mbledhjen-e-pergjithshme-vjetore-te-aksionarit\/\" class=\"read_more type_one\">\r\n                                            Lexoni m\u00eb shum\u00eb <span\r\n                                                class=\"icon-arrow-right\"><\/span><\/a>\r\n                                                                            <\/div>\r\n                                    <div class=\"comments\">\r\n  <i class=\"icon-text\"><\/i>\r\n  <a href=\"https:\/\/www.iber-lepenc.org\/sq\/publikime\/n-p-h-iber-lepenc-sh-a-mban-mbledhjen-e-pergjithshme-vjetore-te-aksionarit\/#respond\" class=\"Comments are Closed\" >Post Comment<\/a>   \r\n  <\/div>\r\n                                  <\/div>\r\n                            <\/div>\r\n                        <\/div>\r\n                    <\/div>\r\n\r\n                                                        <\/div>\r\n                                                <div id=\"post-10960\" class=\"post-10960 post type-post status-publish format-standard has-post-thumbnail hentry category-publikime\">\r\n                                        <div class=\"news_box type_three clearfix\">\r\n                        <div class=\"news_inner\">\r\n                                                        <div class=\"image_box\">\r\n                                <img decoding=\"async\" width=\"1024\" height=\"683\" src=\"https:\/\/www.iber-lepenc.org\/wp-content\/uploads\/2022\/12\/07_03_2014_9108559_Liqeni_i_Ujmanit.jpg\" class=\"attachment-creote_object_fits size-creote_object_fits wp-post-image\" alt=\"\" srcset=\"https:\/\/www.iber-lepenc.org\/wp-content\/uploads\/2022\/12\/07_03_2014_9108559_Liqeni_i_Ujmanit.jpg 1024w, https:\/\/www.iber-lepenc.org\/wp-content\/uploads\/2022\/12\/07_03_2014_9108559_Liqeni_i_Ujmanit-300x200.jpg 300w, https:\/\/www.iber-lepenc.org\/wp-content\/uploads\/2022\/12\/07_03_2014_9108559_Liqeni_i_Ujmanit-768x512.jpg 768w\" sizes=\"(max-width: 1024px) 100vw, 1024px\" \/>                                <div class=\"overlay\"><\/div>\r\n                                <div class=\"post-category\">\r\n                                <a href=\"https:\/\/www.iber-lepenc.org\/sq\/category\/publikime\/\" class=\"categories\"><i class=\"icon-folder\"><\/i>Publikime<\/a> <\/div>\r\n                            <\/div>\r\n                                                        <div class=\"content_box\">\r\n                                  <ul class=\"post-info clearfix\">\r\n          <li class=\"authour_name\"><i class=\"fa fa-user\"><\/i><a href=\"\"> gezimiIL <\/a> <\/li>\r\n          <li class=\"date\">  <a href=\"https:\/\/www.iber-lepenc.org\/sq\/publikime\/vendim-elza-sadiku-zyrtar-e-per-mbrojtjen-e-te-dhenave-personale\/\" rel=\"bookmark\"><i class=\"fa  fa-calendar\"><\/i><time class=\"date published\" datetime=\"2025-09-22T09:41:31+00:00\">22 Sht , 2025 <\/time><\/a> <\/li> \r\n      <\/ul>\r\n                            <h2 class=\"entry-title\"><a href=\"https:\/\/www.iber-lepenc.org\/sq\/publikime\/vendim-elza-sadiku-zyrtar-e-per-mbrojtjen-e-te-dhenave-personale\/\" >Vendim \u2013 Elza Sadiku Zyrtare p\u00ebr Mbrojtjen e t\u00eb dh\u00ebnave Personale<\/a><\/h2>                            \r\n                                <div class=\"bottom_content clearfix\">\r\n                                    <div class=\"continure_reading\">\r\n                                                                                <a href=\"https:\/\/www.iber-lepenc.org\/sq\/publikime\/vendim-elza-sadiku-zyrtar-e-per-mbrojtjen-e-te-dhenave-personale\/\" class=\"read_more type_one\">\r\n                                            Lexoni m\u00eb shum\u00eb <span\r\n                                                class=\"icon-arrow-right\"><\/span><\/a>\r\n                                                                            <\/div>\r\n                                    <div class=\"comments\">\r\n  <i class=\"icon-text\"><\/i>\r\n  <a href=\"https:\/\/www.iber-lepenc.org\/sq\/publikime\/vendim-elza-sadiku-zyrtar-e-per-mbrojtjen-e-te-dhenave-personale\/#respond\" class=\"Comments are Closed\" >Post Comment<\/a>   \r\n  <\/div>\r\n                                  <\/div>\r\n                            <\/div>\r\n                        <\/div>\r\n                    <\/div>\r\n\r\n                                                        <\/div>\r\n                                                <div id=\"post-10936\" class=\"post-10936 post type-post status-publish format-standard has-post-thumbnail hentry category-publikime category-uncategorized\">\r\n                                        <div class=\"news_box type_three clearfix\">\r\n                        <div class=\"news_inner\">\r\n                                                        <div class=\"image_box\">\r\n                                <img decoding=\"async\" width=\"1024\" height=\"683\" src=\"https:\/\/www.iber-lepenc.org\/wp-content\/uploads\/2022\/12\/07_03_2014_9108559_Liqeni_i_Ujmanit.jpg\" class=\"attachment-creote_object_fits size-creote_object_fits wp-post-image\" alt=\"\" srcset=\"https:\/\/www.iber-lepenc.org\/wp-content\/uploads\/2022\/12\/07_03_2014_9108559_Liqeni_i_Ujmanit.jpg 1024w, https:\/\/www.iber-lepenc.org\/wp-content\/uploads\/2022\/12\/07_03_2014_9108559_Liqeni_i_Ujmanit-300x200.jpg 300w, https:\/\/www.iber-lepenc.org\/wp-content\/uploads\/2022\/12\/07_03_2014_9108559_Liqeni_i_Ujmanit-768x512.jpg 768w\" sizes=\"(max-width: 1024px) 100vw, 1024px\" \/>                                <div class=\"overlay\"><\/div>\r\n                                <div class=\"post-category\">\r\n                                <a href=\"https:\/\/www.iber-lepenc.org\/sq\/category\/publikime\/\" class=\"categories\"><i class=\"icon-folder\"><\/i>Publikime<\/a> <\/div>\r\n                            <\/div>\r\n                                                        <div class=\"content_box\">\r\n                                  <ul class=\"post-info clearfix\">\r\n          <li class=\"authour_name\"><i class=\"fa fa-user\"><\/i><a href=\"\"> gezimiIL <\/a> <\/li>\r\n          <li class=\"date\">  <a href=\"https:\/\/www.iber-lepenc.org\/sq\/uncategorized\/njoftim-nderrimi-i-lokacionit-te-ndermarrjes\/\" rel=\"bookmark\"><i class=\"fa  fa-calendar\"><\/i><time class=\"date published\" datetime=\"2025-09-01T12:40:04+00:00\">1 Sht , 2025 <\/time><\/a> <\/li> \r\n      <\/ul>\r\n                            <h2 class=\"entry-title\"><a href=\"https:\/\/www.iber-lepenc.org\/sq\/uncategorized\/njoftim-nderrimi-i-lokacionit-te-ndermarrjes\/\" >NJOFTIM: Nd\u00ebrrimi p\u00ebrkohsh\u00ebm i lokacionit t\u00eb nd\u00ebrmarrjes dhe numrit kontaktues<\/a><\/h2>                                                            <p class=\"short_desc\">Njoftim Nd\u00ebrmarrja Publike \u201cIb\u00ebr Lepenc\u201d SH.A. njofton opinionin publik, partner\u00ebt dhe pal\u00ebt e interesit&hellip;<\/p>\r\n                            \r\n                                <div class=\"bottom_content clearfix\">\r\n                                    <div class=\"continure_reading\">\r\n                                                                                <a href=\"https:\/\/www.iber-lepenc.org\/sq\/uncategorized\/njoftim-nderrimi-i-lokacionit-te-ndermarrjes\/\" class=\"read_more type_one\">\r\n                                            Lexoni m\u00eb shum\u00eb <span\r\n                                                class=\"icon-arrow-right\"><\/span><\/a>\r\n                                                                            <\/div>\r\n                                    <div class=\"comments\">\r\n  <i class=\"icon-text\"><\/i>\r\n  <a href=\"https:\/\/www.iber-lepenc.org\/sq\/uncategorized\/njoftim-nderrimi-i-lokacionit-te-ndermarrjes\/#respond\" class=\"Comments are Closed\" >Post Comment<\/a>   \r\n  <\/div>\r\n                                  <\/div>\r\n                            <\/div>\r\n                        <\/div>\r\n                    <\/div>\r\n\r\n                                                        <\/div>\r\n                                \r\n       \r\n    <\/div>\r\n<\/section><!-- \/.blog-one -->\r\n \r\n\r\n \r\n\r\n\t\t\t\t<\/div>\n\t\t\t\t<\/div>\n\t\t\t\t\t<\/div>\n\t\t<\/div>\n\t\t\t\t\t<\/div>\n\t\t<\/section>\n\t\t\t\t<section class=\"elementor-section elementor-top-section elementor-element elementor-element-b2a60c7 elementor-section-boxed elementor-section-height-default elementor-section-height-default\" data-id=\"b2a60c7\" data-element_type=\"section\" id=\"blog\">\n\t\t\t\t\t\t<div class=\"elementor-container elementor-column-gap-default\">\n\t\t\t\t\t<div class=\"elementor-column elementor-col-100 elementor-top-column elementor-element elementor-element-0f7780e\" data-id=\"0f7780e\" data-element_type=\"column\">\n\t\t\t<div class=\"elementor-widget-wrap elementor-element-populated\">\n\t\t\t\t\t\t<section class=\"elementor-section elementor-inner-section elementor-element elementor-element-a39c00b elementor-section-boxed elementor-section-height-default elementor-section-height-default\" data-id=\"a39c00b\" data-element_type=\"section\">\n\t\t\t\t\t\t<div class=\"elementor-container elementor-column-gap-default\">\n\t\t\t\t\t<div class=\"elementor-column elementor-col-100 elementor-inner-column elementor-element elementor-element-3ecaee3\" data-id=\"3ecaee3\" data-element_type=\"column\">\n\t\t\t<div class=\"elementor-widget-wrap elementor-element-populated\">\n\t\t\t\t\t\t<div class=\"elementor-element elementor-element-eb61bed elementor-widget elementor-widget-html\" data-id=\"eb61bed\" data-element_type=\"widget\" data-widget_type=\"html.default\">\n\t\t\t\t<div class=\"elementor-widget-container\">\n\t\t\t\t\t<h1 key=\"home_dokumentet\">Dokumentet<\/h1>\t\t\t\t<\/div>\n\t\t\t\t<\/div>\n\t\t\t\t\t<\/div>\n\t\t<\/div>\n\t\t\t\t\t<\/div>\n\t\t<\/section>\n\t\t\t\t<div class=\"elementor-element elementor-element-44809f6 elementor-widget elementor-widget-creote-blog-post-v1\" data-id=\"44809f6\" data-element_type=\"widget\" data-widget_type=\"creote-blog-post-v1.default\">\n\t\t\t\t<div class=\"elementor-widget-container\">\n\t\t\t\t\t<section class=\"blog_post_section  elemen_wp   four_column news_wrapper_grid style_six \">\r\n   <div class=\"grid_show_case grid_layout clearfix\">\r\n      <!-- swiper-slide -->\r\n                              <div class=\"news_box style_six grid_box _card   has_images\" id=\"post-9851\">\r\n         <div class=\"content_box\">\r\n            <div class=\"overlay\"> <\/div>\r\n                        <img loading=\"lazy\" decoding=\"async\" width=\"1024\" height=\"683\" src=\"https:\/\/www.iber-lepenc.org\/wp-content\/uploads\/2022\/12\/07_03_2014_9108559_Liqeni_i_Ujmanit.jpg\" class=\"attachment-post-thumbnail size-post-thumbnail wp-post-image\" alt=\"\" srcset=\"https:\/\/www.iber-lepenc.org\/wp-content\/uploads\/2022\/12\/07_03_2014_9108559_Liqeni_i_Ujmanit.jpg 1024w, https:\/\/www.iber-lepenc.org\/wp-content\/uploads\/2022\/12\/07_03_2014_9108559_Liqeni_i_Ujmanit-300x200.jpg 300w, https:\/\/www.iber-lepenc.org\/wp-content\/uploads\/2022\/12\/07_03_2014_9108559_Liqeni_i_Ujmanit-768x512.jpg 768w\" sizes=\"(max-width: 1024px) 100vw, 1024px\" \/>               \r\n            <div class=\"category\">\r\n               <a href=\"https:\/\/www.iber-lepenc.org\/sq\/category\/dokumente\/\" class=\"categories\"><i class=\"icon-folder\"><\/i>Dokumente<\/a>            <\/div>\r\n            <div class=\"content_mid\">\r\n               <span class=\"date_in_number\">19 Korrik, 2024<\/span>\r\n               <h2 class=\"title\"><a href=\"https:\/\/www.iber-lepenc.org\/sq\/dokumente\/vizite-pune-ne-tri-njesite-punuese-te-ndermarrjes-iber-lepenc-sh-a-gjate-sezonit-te-ujitjes\/\" rel=\"bookmark\">Vizit\u00eb pune n\u00eb tri nj\u00ebsit\u00eb punuese t\u00eb nd\u00ebrmarrjes \u201cIb\u00ebr Lepenc\u201d sh.a. gjat\u00eb sezonit t\u00eb ujitjes<\/a><\/h2>            <\/div>\r\n            <div class=\"auhtour_box\">\r\n               <img alt='' src='https:\/\/secure.gravatar.com\/avatar\/c0ffb71d3565f82809ad63a2dcb0e8d76de2db446dbba41c315639bd11e8f05d?s=60&#038;d=mm&#038;r=g' srcset='https:\/\/secure.gravatar.com\/avatar\/c0ffb71d3565f82809ad63a2dcb0e8d76de2db446dbba41c315639bd11e8f05d?s=120&#038;d=mm&#038;r=g 2x' class='avatar avatar-60 photo' height='60' width='60' \/>               <div class=\"contnet_a\">\r\n                  <p>POSTED BY<\/p>\r\n                  <h4> gezimiIL  <\/h4>\r\n               <\/div>\r\n            <\/div>\r\n         <\/div>\r\n      <\/div>\r\n                              <div class=\"news_box style_six grid_box _card   has_images\" id=\"post-8388\">\r\n         <div class=\"content_box\">\r\n            <div class=\"overlay\"> <\/div>\r\n                        <img loading=\"lazy\" decoding=\"async\" width=\"1024\" height=\"683\" src=\"https:\/\/www.iber-lepenc.org\/wp-content\/uploads\/2022\/12\/07_03_2014_9108559_Liqeni_i_Ujmanit.jpg\" class=\"attachment-post-thumbnail size-post-thumbnail wp-post-image\" alt=\"\" srcset=\"https:\/\/www.iber-lepenc.org\/wp-content\/uploads\/2022\/12\/07_03_2014_9108559_Liqeni_i_Ujmanit.jpg 1024w, https:\/\/www.iber-lepenc.org\/wp-content\/uploads\/2022\/12\/07_03_2014_9108559_Liqeni_i_Ujmanit-300x200.jpg 300w, https:\/\/www.iber-lepenc.org\/wp-content\/uploads\/2022\/12\/07_03_2014_9108559_Liqeni_i_Ujmanit-768x512.jpg 768w\" sizes=\"(max-width: 1024px) 100vw, 1024px\" \/>               \r\n            <div class=\"category\">\r\n               <a href=\"https:\/\/www.iber-lepenc.org\/sq\/category\/dokumente\/\" class=\"categories\"><i class=\"icon-folder\"><\/i>Dokumente<\/a>            <\/div>\r\n            <div class=\"content_mid\">\r\n               <span class=\"date_in_number\">27 Dhjetor, 2022<\/span>\r\n               <h2 class=\"title\"><a href=\"https:\/\/www.iber-lepenc.org\/sq\/dokumente\/vendimi-per-perzgjedhjen-e-kryeshefit-ekzekutiv\/\" rel=\"bookmark\">Vendimi p\u00ebr p\u00ebrzgjedhjen e Kryeshefit Ekzekutiv<\/a><\/h2>            <\/div>\r\n            <div class=\"auhtour_box\">\r\n               <img alt='' src='https:\/\/secure.gravatar.com\/avatar\/e542607dd47d9409c02ab13c014635c6370c69a081a3dd52b8e8b5d3d5952162?s=60&#038;d=mm&#038;r=g' srcset='https:\/\/secure.gravatar.com\/avatar\/e542607dd47d9409c02ab13c014635c6370c69a081a3dd52b8e8b5d3d5952162?s=120&#038;d=mm&#038;r=g 2x' class='avatar avatar-60 photo' height='60' width='60' \/>               <div class=\"contnet_a\">\r\n                  <p>POSTED BY<\/p>\r\n                  <h4> erditi  <\/h4>\r\n               <\/div>\r\n            <\/div>\r\n         <\/div>\r\n      <\/div>\r\n                              <div class=\"news_box style_six grid_box _card   no_images\" id=\"post-9090\">\r\n         <div class=\"content_box\">\r\n            <div class=\"overlay\"> <\/div>\r\n               \r\n            <div class=\"category\">\r\n               <a href=\"https:\/\/www.iber-lepenc.org\/sq\/category\/dokumente\/rregulloret-e-ndermarrjes\/\" class=\"categories\"><i class=\"icon-folder\"><\/i>Rregulloret e nd\u00ebrmarrjes<\/a>            <\/div>\r\n            <div class=\"content_mid\">\r\n               <span class=\"date_in_number\">14 Gusht, 2023<\/span>\r\n               <h2 class=\"title\"><a href=\"https:\/\/www.iber-lepenc.org\/sq\/dokumente\/rregulloret-e-ndermarrjes\/vendim-per-ndryshim-dhe-plotesim-te-rregullores-per-kompenzime-jashte-pages-baze-dhe-reprezentacionit-14-08-2023\/\" rel=\"bookmark\">Vendim p\u00ebr Ndryshim dhe plot\u00ebsim t\u00eb rregullor\u00ebs p\u00ebr Kompenzime jasht\u00eb pag\u00ebs baz\u00eb dhe reprezentacionit 14.08.2023<\/a><\/h2>            <\/div>\r\n            <div class=\"auhtour_box\">\r\n               <img alt='' src='https:\/\/secure.gravatar.com\/avatar\/c0ffb71d3565f82809ad63a2dcb0e8d76de2db446dbba41c315639bd11e8f05d?s=60&#038;d=mm&#038;r=g' srcset='https:\/\/secure.gravatar.com\/avatar\/c0ffb71d3565f82809ad63a2dcb0e8d76de2db446dbba41c315639bd11e8f05d?s=120&#038;d=mm&#038;r=g 2x' class='avatar avatar-60 photo' height='60' width='60' \/>               <div class=\"contnet_a\">\r\n                  <p>POSTED BY<\/p>\r\n                  <h4> gezimiIL  <\/h4>\r\n               <\/div>\r\n            <\/div>\r\n         <\/div>\r\n      <\/div>\r\n                              <div class=\"news_box style_six grid_box _card   has_images\" id=\"post-9710\">\r\n         <div class=\"content_box\">\r\n            <div class=\"overlay\"> <\/div>\r\n                        <img loading=\"lazy\" decoding=\"async\" width=\"1024\" height=\"683\" src=\"https:\/\/www.iber-lepenc.org\/wp-content\/uploads\/2022\/12\/07_03_2014_9108559_Liqeni_i_Ujmanit.jpg\" class=\"attachment-post-thumbnail size-post-thumbnail wp-post-image\" alt=\"\" srcset=\"https:\/\/www.iber-lepenc.org\/wp-content\/uploads\/2022\/12\/07_03_2014_9108559_Liqeni_i_Ujmanit.jpg 1024w, https:\/\/www.iber-lepenc.org\/wp-content\/uploads\/2022\/12\/07_03_2014_9108559_Liqeni_i_Ujmanit-300x200.jpg 300w, https:\/\/www.iber-lepenc.org\/wp-content\/uploads\/2022\/12\/07_03_2014_9108559_Liqeni_i_Ujmanit-768x512.jpg 768w\" sizes=\"(max-width: 1024px) 100vw, 1024px\" \/>               \r\n            <div class=\"category\">\r\n               <a href=\"https:\/\/www.iber-lepenc.org\/sq\/category\/dokumente\/\" class=\"categories\"><i class=\"icon-folder\"><\/i>Dokumente<\/a>            <\/div>\r\n            <div class=\"content_mid\">\r\n               <span class=\"date_in_number\">19 Prill, 2024<\/span>\r\n               <h2 class=\"title\"><a href=\"https:\/\/www.iber-lepenc.org\/sq\/dokumente\/skema-organizative-e-ndermarrjes-iber-lepenc\/\" rel=\"bookmark\">Skema Organizative e Nd\u00ebrmarrjes &#8220;Iber-Lepenc&#8221;<\/a><\/h2>            <\/div>\r\n            <div class=\"auhtour_box\">\r\n               <img alt='' src='https:\/\/secure.gravatar.com\/avatar\/c0ffb71d3565f82809ad63a2dcb0e8d76de2db446dbba41c315639bd11e8f05d?s=60&#038;d=mm&#038;r=g' srcset='https:\/\/secure.gravatar.com\/avatar\/c0ffb71d3565f82809ad63a2dcb0e8d76de2db446dbba41c315639bd11e8f05d?s=120&#038;d=mm&#038;r=g 2x' class='avatar avatar-60 photo' height='60' width='60' \/>               <div class=\"contnet_a\">\r\n                  <p>POSTED BY<\/p>\r\n                  <h4> gezimiIL  <\/h4>\r\n               <\/div>\r\n            <\/div>\r\n         <\/div>\r\n      <\/div>\r\n                     <\/div>\r\n      <div class=\"row\">\r\n      <div class=\"col-lg-12\">\r\n         <div class=\"pagination\">\r\n            <ul class='page-numbers'>\n\t<li><span aria-current=\"page\" class=\"page-numbers current\">1<\/span><\/li>\n\t<li><a class=\"page-numbers\" href=\"https:\/\/www.iber-lepenc.org\/sq\/wp-json\/wp\/v2\/pages\/6099\/page\/2\/\">2<\/a><\/li>\n\t<li><a class=\"page-numbers\" href=\"https:\/\/www.iber-lepenc.org\/sq\/wp-json\/wp\/v2\/pages\/6099\/page\/3\/\">3<\/a><\/li>\n\t<li><span class=\"page-numbers dots\">&hellip;<\/span><\/li>\n\t<li><a class=\"page-numbers\" href=\"https:\/\/www.iber-lepenc.org\/sq\/wp-json\/wp\/v2\/pages\/6099\/page\/6\/\">6<\/a><\/li>\n\t<li><a class=\"next page-numbers\" href=\"https:\/\/www.iber-lepenc.org\/sq\/wp-json\/wp\/v2\/pages\/6099\/page\/2\/\"><i class=\"fa fa-angle-right\"><\/i><\/a><\/li>\n<\/ul>\n          \r\n         <\/div>\r\n      <\/div>\r\n   <\/div>\r\n     \r\n<\/section>\r\n\t\t\t\t<\/div>\n\t\t\t\t<\/div>\n\t\t\t\t\t<\/div>\n\t\t<\/div>\n\t\t\t\t\t<\/div>\n\t\t<\/section>\n\t\t\t\t<section class=\"elementor-section elementor-top-section elementor-element elementor-element-cc73190 elementor-section-boxed elementor-section-height-default elementor-section-height-default\" data-id=\"cc73190\" data-element_type=\"section\">\n\t\t\t\t\t\t<div class=\"elementor-container elementor-column-gap-default\">\n\t\t\t\t\t<div class=\"elementor-column elementor-col-100 elementor-top-column elementor-element elementor-element-2ed6fb8\" data-id=\"2ed6fb8\" data-element_type=\"column\">\n\t\t\t<div class=\"elementor-widget-wrap elementor-element-populated\">\n\t\t\t\t\t\t<div class=\"elementor-element elementor-element-fb1e438 elementor-widget elementor-widget-creote-menu-v1\" data-id=\"fb1e438\" data-element_type=\"widget\" data-widget_type=\"creote-menu-v1.default\">\n\t\t\t\t<div class=\"elementor-widget-container\">\n\t\t\t\t\t<header class=\"header header_solo\">\r\n   <div class=\"navbar_togglers hamburger_menu\">\r\n      <span class=\"line\"><\/span>\r\n      <span class=\"line\"><\/span>\r\n      <span class=\"line\"><\/span>\r\n   <\/div>\r\n   <div class=\"header_content_collapse\">\r\n      <div class=\"header_menu_box\">\r\n         <div class=\"navigation_menu\">\r\n                     <\/div>\r\n      <\/div>\r\n   <\/div>\r\n<\/header>\r\n\t\t\t\t<\/div>\n\t\t\t\t<\/div>\n\t\t\t\t\t<\/div>\n\t\t<\/div>\n\t\t\t\t\t<\/div>\n\t\t<\/section>\n\t\t\t\t<\/div>\n\t\t","protected":false},"excerpt":{"rendered":"<p>NJOFTIM MORTOR Me pik\u00ebllim t\u00eb thell\u00eb dhe me ndjenj\u00ebn e humbjes s\u00eb parikuperueshme, Nd\u00ebrmarrja Publike Hidroekonomike &#8220;Ib\u00ebr-Lepenc&#8221; Sh.A. njofton se kolegu yn\u00eb i dashur, Valmir Berisha, Zyrtar i Teknologjis\u00eb s\u00eb Informacionit, na ka l\u00ebn\u00eb p\u00ebrgjithmon\u00eb. Lexo m\u00eb shum\u00eb Mir\u00ebnjohje p\u00ebr \u201cIb\u00ebr-Lepenc\u201d nga Zv. Drejtori i Policis\u00eb s\u00eb Kosov\u00ebs Nd\u00ebrmarrja publike \u201cIb\u00ebr-Lepenc\u201d vazhdon t\u00eb tregoj\u00eb bashk\u00ebpunim [&hellip;]<\/p>\n","protected":false},"author":1,"featured_media":0,"parent":0,"menu_order":0,"comment_status":"closed","ping_status":"closed","template":"template-homepage.php","meta":{"_sq_post_content":"<section>\n                                                                        <h1 >\n<h1>NJOFTIM MORTOR<\/h1>\n<p>Me pik\u00ebllim t\u00eb thell\u00eb dhe me ndjenj\u00ebn e humbjes s\u00eb parikuperueshme, Nd\u00ebrmarrja Publike Hidroekonomike \"Ib\u00ebr-Lepenc\" Sh.A. njofton se kolegu yn\u00eb i dashur, Valmir Berisha, Zyrtar i Teknologjis\u00eb s\u00eb Informacionit, na ka l\u00ebn\u00eb p\u00ebrgjithmon\u00eb.\n<\/p>                        <\/h1>\n                                                                                                                        <a href=\"https:\/\/www.iber-lepenc.org\/sq\/publikime\/njoftim-mortor\/\"  target=&quot;_blank&quot;  rel=&quot;nofollow&quot;>\n                        Lexo m\u00eb shum\u00eb                        <\/a>\n                                                                        <h1 >\n<h1>Mir\u00ebnjohje p\u00ebr \u201cIb\u00ebr-Lepenc\u201d nga Zv. Drejtori i Policis\u00eb s\u00eb Kosov\u00ebs<\/h1>\n<p>Nd\u00ebrmarrja publike \u201cIb\u00ebr-Lepenc\u201d vazhdon t\u00eb tregoj\u00eb bashk\u00ebpunim t\u00eb ngusht\u00eb dhe efektiv me Policin\u00eb e Kosov\u00ebs n\u00eb veri. P\u00ebr angazhimin dhe koordinimin e vazhduesh\u00ebm, Policia ka vler\u00ebsuar kontributin e nd\u00ebrmarrjes duke i dh\u00ebn\u00eb mir\u00ebnjohje t\u00eb posa\u00e7me.\n<\/p>                        <\/h1>\n                                                                                                                        <a href=\"https:\/\/www.iber-lepenc.org\/sq\/publikime\/mirenjohje-per-iber-lepenc-nga-zv-drejtori-i-policise-se-kosoves\/\"  target=&quot;_blank&quot;  rel=&quot;nofollow&quot;>\n                        Lexo m\u00eb shum\u00eb                        <\/a>\n                                                                        <h1 >\n<h1>Shpallje Publike<\/h1>\n<p>Ib\u00ebr Lepenc njofton opinionin publik p\u00ebr shpalljen e Ankandit Publik p\u00ebr dh\u00ebnien me qira t\u00eb nj\u00eb pjese t\u00eb objektit dhe parcel\u00ebs me num\u00ebr 02386-0.\n<\/p>                        <\/h1>\n                                                                                                                        <a href=\"https:\/\/www.iber-lepenc.org\/sq\/publikime\/shpallje-publike\/\"  target=&quot;_blank&quot;  rel=&quot;nofollow&quot;>\n                        Lexo m\u00eb shum\u00eb                        <\/a>\n                                                                        <h1 >\n<h1>NJOFTIM P\u00cbR PUBLIKUN<\/h1>\n<p>T\u00eb nderuar qytetar\u00eb,\nSi pasoj\u00eb e reshjeve t\u00eb fundit atmosferike, rritjes s\u00eb prurjeve t\u00eb pakontrolluara nga p\u00ebrrockat p\u00ebrreth, si dhe rr\u00ebshqitjeve t\u00eb dheut p\u00ebrgjat\u00eb kanalit t\u00eb Ib\u00ebr-Lepencit, \u00ebsht\u00eb sh\u00ebnuar nj\u00eb nivel i lart\u00eb i turbullir\u00ebs n\u00eb kanalin kryesor.\n<\/p>                        <\/h1>\n                                                                                                                        <a href=\"https:\/\/www.iber-lepenc.org\/sq\/publikime\/njoftim-per-publikun\/\"  target=&quot;_blank&quot;  rel=&quot;nofollow&quot;>\n                        Lexo m\u00eb shum\u00eb                        <\/a>\n                                                                        <h1 >\n<h1>REAGIM LIDHUR ME KONKURSIN P\u00cbR KRYESHEF EKZEKUTIV T\u00cb NPH \u201cIB\u00cbR-LEPENC\u201d SH.A.<\/h1>\n<p>19 dhjetor, 2025 \u2013 Lidhur me shkrimet, pretendimet e pabazuara dhe dezinformatat e publikuara s\u00eb fundmi n\u00eb media n\u00eb lidhje me konkursin p\u00ebr pozit\u00ebn e Kryeshefit Ekzekutiv t\u00eb NPH \u201cIb\u00ebr-Lepenc\u201d Sh.A., e shohim t\u00eb nevojshme t\u00eb informojm\u00eb opinionin publik n\u00eb m\u00ebnyr\u00eb t\u00eb sakt\u00eb, t\u00eb plot\u00eb dhe transparente mbi rrjedh\u00ebn e k\u00ebtij procesi.\n<\/p>                        <\/h1>\n                                                                                                                        <a href=\"https:\/\/www.iber-lepenc.org\/sq\/publikime\/reagim-lidhur-me-konkursin-per-kryeshef-ekzekutiv-te-nph-iber-lepenc-sh-a\/\"  target=&quot;_blank&quot;  rel=&quot;nofollow&quot;>\n                        Lexo m\u00eb shum\u00eb                        <\/a>\n                                                                        <h1 >\n<h1>Performanca financiare nga viti 2005-2025<\/h1>\n<p>Ka pasur vite kur Ib\u00ebr Lepenc luftonte vet\u00ebm p\u00ebr t\u00eb mbijetuar, mes humbjeve t\u00eb m\u00ebdha, pritjeve t\u00eb ul\u00ebta dhe mosbesimit t\u00eb vazhduesh\u00ebm. Sot, realiteti \u00ebsht\u00eb tjet\u00ebr.\n<\/p>                        <\/h1>\n                                                                                                                        <a href=\"https:\/\/www.iber-lepenc.org\/sq\/publikime\/performanca-financiare-nga-viti-2005-2025\/\"  target=&quot;_blank&quot;  rel=&quot;nofollow&quot;>\n                        Lexo m\u00eb shum\u00eb                        <\/a>\n                                                                        <h1 >\n<h1>N.P.H. \u201cIb\u00ebr-Lepenc\u201d SH.A. mban Mbledhjen e P\u00ebrgjithshme Vjetore t\u00eb Aksionarit<\/h1>\n<p>M\u00eb 7 shtator 2025, Nd\u00ebrmarrja Hidroekonomike \u201cIb\u00ebr-Lepenc\u201d SH.A. mbajti Mbledhjen e P\u00ebrgjithshme Vjetore t\u00eb Aksionarit, ku u prezantuan dhe u shqyrtuan raportet kryesore p\u00ebr veprimtarin\u00eb e nd\u00ebrmarrjes gjat\u00eb vitit 2024.<\/p>                        <\/h1>\n                                                                                                                        <a href=\"https:\/\/www.iber-lepenc.org\/sq\/publikime\/n-p-h-iber-lepenc-sh-a-mban-mbledhjen-e-pergjithshme-vjetore-te-aksionarit\/\"  target=&quot;_blank&quot;  rel=&quot;nofollow&quot;>\n                        Lexo m\u00eb shum\u00eb                        <\/a>\n                                                                        <h1 >\n<h1>Njoftim: Nd\u00ebrrimi i p\u00ebrkosh\u00ebm i lokacionit t\u00eb nd\u00ebrmarrjes<\/h1>\n<p>Nd\u00ebrmarrja Publike \u201cIb\u00ebr Lepenc\u201d SH.A. njofton opinionin publik, partner\u00ebt dhe pal\u00ebt e interesit se, p\u00ebr shkak t\u00eb renovimeve n\u00eb objektin aktual n\u00eb rrug\u00ebn \u201cBill Clinton\u201d, \u00ebsht\u00eb b\u00ebr\u00eb zhvendosja e p\u00ebrkohshme e stafit dhe zyrave t\u00eb nd\u00ebrmarrjes.<\/p>                        <\/h1>\n                                                                                                                        <a href=\"https:\/\/www.iber-lepenc.org\/sq\/uncategorized\/njoftim-nderrimi-i-lokacionit-te-ndermarrjes\/\"  target=&quot;_blank&quot;  rel=&quot;nofollow&quot;>\n                        Lexo m\u00eb shum\u00eb                        <\/a>\n                                                                        <h1 >\n<h1>Ministrja e Ekonomis\u00eb znj. Artane Rizvanolli viziton punimet e rehabilitimit t\u00eb kanalit kryesor n\u00eb Zubin Potok<\/h1>\n<p>Ministrja e Ekonomis\u00eb znj. Artane Rizvanolli ka vizituar nga af\u00ebr punimet q\u00eb po zhvillohen n\u00eb projektin e rehabilitimit t\u00eb kanalit t\u00eb Ib\u00ebr-Lepenc n\u00eb Zubin Potok<\/p>                        <\/h1>\n                                                                                                                        <a href=\"https:\/\/www.iber-lepenc.org\/sq\/publikime\/ministrja-e-ekonomise-znj-artane-rizvanolli-viziton-punimet-e-rehabilitimit-te-kanalit-kryesor-ne-zubin-potok\/\"  target=&quot;_blank&quot;  rel=&quot;nofollow&quot;>\n                        Lexo m\u00eb shum\u00eb                        <\/a>\n                                                                        <h1 >\n<h1>Njoftim p\u00ebr opinionin publik\nKthimi n\u00eb shfryt\u00ebzim i pron\u00ebs s\u00eb nd\u00ebrmarrjes \u201cIb\u00ebr-Lepenc\u201d n\u00eb veri t\u00eb vendit<\/h1>\n<p>Nd\u00ebrmarrja Publike Hidroekonomike \u201cIb\u00ebr-Lepenc\u201d njofton opinionin publik se m\u00eb dat\u00eb 20 maj 2025<\/p>                        <\/h1>\n                                                                                                                        <a href=\"https:\/\/www.iber-lepenc.org\/sq\/dokumente\/njoftim-per-opinionin-publik\/\"  target=&quot;_blank&quot;  rel=&quot;nofollow&quot;>\n                        Lexo m\u00eb shum\u00eb                        <\/a>\n                                                                        <h1 >\n<h1>Epopeja e U\u00c7K-s\u00eb ...<\/h1>\n<p>Nd\u00ebrmarrja hidroekonomike \u201cIber Lepenc\u201d SH.A., nderon Epopen e Ushtris\u00eb \u00c7lirimtare...<\/p>\n                        <\/h1>\n                                                                                                                        <a href=\"https:\/\/www.iber-lepenc.org\/sq\/publikime\/epopeja-e-uck-se\/\"  target=&quot;_blank&quot;  rel=&quot;nofollow&quot;>\n                        Lexo m\u00eb shum\u00eb                        <\/a>\n                                                                        <h1 >\n<h1>Rezervuari i ujit n\u00eb Mihaliq: Nj\u00eb hap i madh <br> p\u00ebr sigurin\u00eb dhe stabilitetin e furnizimit<\/h1>\n<p>M\u00eb 29 janar 2025, Ministrja e Ekonomis\u00eb znj. Artane Rizvanolli dhe Kryeshefi Ekzekutiv i NPH \u201cIb\u00ebr-Lepenc\u201d sh.a., z. Faruk Mujka, inauguruan nd\u00ebrtimin e rezervuarit t\u00eb ujit me kapacitet 30,000 m\u00b3<\/p>\n                        <\/h1>\n                                                                                                                        <a href=\"https:\/\/www.iber-lepenc.org\/sq\/publikime\/rezervuari-i-ujit-ne-mihaliq-nje-hap-i-madh-per-sigurine-dhe-stabilitetin-e-furnizimit\/\"  target=&quot;_blank&quot;  rel=&quot;nofollow&quot;>\n                        Lexo m\u00eb shum\u00eb                        <\/a>\n                                                                        <h1 >\n<h1>Kryeministri i Republik\u00ebs s\u00eb Kosov\u00ebs z.Albin Kurti dhe Ministrja e Ekonomis\u00eb   ...<\/h1>\n<p>Kryeministri i Republik\u00ebs s\u00eb Kosov\u00ebs dhe Ministrja e Ekonomis\u00eb znj. Artane Rizvanolli kan\u00eb vizituar nd\u00ebrmarrjen hidroekonomike \u201cIber Lepenc\u201d sh.a.. ..<\/p>\n                        <\/h1>\n                                                                                                                        <a href=\"https:\/\/www.iber-lepenc.org\/sq\/publikime\/kryeministri-i-republikes-se-kosoves-z-albin-kurti-dhe-ministrja-e-ekonomise-znj-artane-rizvanolli-vizituan-ndermarrjen-hidroekonomike-iber-lepenc-sh-a\/\"  target=&quot;_blank&quot;  rel=&quot;nofollow&quot;>\n                        Lexo m\u00eb shum\u00eb                        <\/a>\n                                                                        <h1 >\n<h1>Njoftim p\u00ebr Media<\/h1>\n<p>Njoftim p\u00ebr Media mbi Situat\u00ebn pas Sulmit Terrorist n\u00eb Kanalin Kryesor t\u00eb NPH \u201cIb\u00ebr Lepenc\u201d SH.A.<\/p>\n                        <\/h1>\n                                                                                                                        <a href=\"\/publikime\/njoftim-per-media\/\"  target=&quot;_blank&quot;  rel=&quot;nofollow&quot;>\n                        Lexo m\u00eb shum\u00eb                        <\/a>\n                                                                        <h1 >\n<h1>Kryeshefi ekzekutiv z.Faruk Mujka priti n\u00eb takim  ...<\/h1>\n<p>N\u00eb nd\u00ebrmarrjen hidroekonomike \u201cIb\u00ebr Lepenc\u201d sh.a. me 21.08.2024, kryeshefi ekzekutiv z.Faruk Mujka me bashk\u00ebpun\u00ebtor\u00eb, prit\u00ebn n\u00eb takim z\u00ebvend\u00ebsministrin e Ministris\u00eb s\u00eb Mbrojtjes. ..<\/p>\n                        <\/h1>\n                                                                                                                        <a href=\"https:\/\/www.iber-lepenc.org\/uncategorized\/kryeshefi-ekzekutiv-z-faruk-mujka-priti-ne-takim-zevendesministrin-e-ministrise-se-mbrojtjes-se-republikes-se-kosoves-z-shemsi-syla\/\"  target=&quot;_blank&quot;  rel=&quot;nofollow&quot;>\n                        Lexo m\u00eb shum\u00eb                        <\/a>\n                                                                        <h1 >\n<h1>Kryeshefi ekzekutiv z.Faruk Mujka me bashk\u00ebpun\u00ebtor\u00eb  ...<\/h1>\n<p>N\u00eb hidrocentralin e Ujman-it deputet\u00eb t\u00eb Kuvendit t\u00eb Republik\u00ebs s\u00eb Kosov\u00ebs ...<\/p>\n                        <\/h1>\n                                                                                                                        <a href=\"https:\/\/www.iber-lepenc.org\/publikime\/kryeshefi-ekzekutiv-z-faruk-mujka-me-bashkepunetore-mirepriti-ne-liqenin-e-ujman-it-deputetet-e-kuvendit-te-republikes-se-kosoves\/\"  target=&quot;_blank&quot;  rel=&quot;nofollow&quot;>\n                        Lexo m\u00eb shum\u00eb                        <\/a>\n                                                                        <h1 >\n<h1>Kryeshefi Ekzekutiv z.Faruk Mujka priti n\u00eb takim Deputet\u00ebt e Kuvendit ...<\/h1>\n<p>N\u00eb nd\u00ebrmarrjen hidroekonomike \u201cIber Lepenc\u201d sh.a. me 10.06.2024, kryesuesi i Bordit z.Bajram Mustafa ...<\/p>\n                        <\/h1>\n                                                                                                                        <a href=\"https:\/\/www.iber-lepenc.org\/publikime\/kryeshefi-ekzekutiv-z-faruk-mujka-priti-ne-takim-deputetet-e-kuvendit-te-republikes-se-kosoves-nga-komisioni-parlamentar-per-ekonomi\/%20\"  target=&quot;_blank&quot;  rel=&quot;nofollow&quot;>\n                        Lexo m\u00eb shum\u00eb                        <\/a>\n                                                                        <h1 >\n<h1>Mbahet mbledhja e p\u00ebrgjithshme vjetore ...<\/h1>\n<p>Bordi i Drejtor\u00ebve i nd\u00ebrmarrjes hidroekonomike \u201cIber Lepenc\u201d sh.a. i udh\u00ebhequr nga kryesuesi z.Bajram Mustafa...<\/p>\n                        <\/h1>\n                                                                                                                        <a href=\"https:\/\/www.iber-lepenc.org\/publikime\/mbahet-mbledhja-e-pergjithshme-vjetore-e-aksionarit\/\"  target=&quot;_blank&quot;  rel=&quot;nofollow&quot;>\n                        Lexo m\u00eb shum\u00eb                        <\/a>\n                                                                        <h1 >\n<h1>Kryeshefi Ekzekutiv z. Mujka priti n\u00eb takim Deputet\u00ebt ...<\/h1>\n<p>Kryeshefi Ekzekutiv i NPH \u201cIb\u00ebr-Lepenc\u201d sh.a., z.Faruk Mujka ka pritur n\u00eb takim deputet\u00ebt e Kuvendit t\u00eb Republik\u00ebs s\u00eb Kosov\u00ebs...<\/p>\n                        <\/h1>\n                                                                                                                        <a href=\"https:\/\/www.iber-lepenc.org\/publikime\/kryeshefi-ekzekutiv-z-mujka-priti-ne-takim-deputetet-e-kuvendit-te-republikes-se-kosoves\/\"  target=&quot;_blank&quot;  rel=&quot;nofollow&quot;>\n                        Lexo m\u00eb shum\u00eb                        <\/a>\n                                                                        <h1 >\n<h1>N\u00ebnshkruhet Marr\u00ebveshje Partneriteti n\u00eb mes t\u00eb ...<\/h1>\n<p>Kryeshefi i Nd\u00ebrmarrjes Hidroekonomike \u201cIber Lepenc\u201d sh.a. z.Faruk Mujka dhe Ambasadori i Republik\u00ebs s\u00eb Franc\u00ebs n\u00eb Kosov\u00eb z. Olivier Guerot, n\u00ebnshkruan Marr\u00ebveshje Partneriteti p\u00ebr t\u00eb menaxhuar p\u00ebrdorimin e ujit dhe p\u00ebr t\u00eb ruajtur k\u00ebt\u00eb burim. ...<\/p>\n                        <\/h1>\n                                                                                                                        <a href=\"https:\/\/www.iber-lepenc.org\/publikime\/nenshkruhet-marreveshje-partneriteti-ne-mes-te-ndermarrjes-hidroekonomike-iber-lepenc-sh-a-dhe-scp-societe-du-canal-de-provence\/\"  target=&quot;_blank&quot;  rel=&quot;nofollow&quot;>\n                        Lexo m\u00eb shum\u00eb                        <\/a>\n                                                                        <h1 >\n<h1>N\u00ebnshkruhet Marr\u00ebveshje Bashk\u00ebpunimi nd\u00ebrmjet NPH \u201cIb\u00ebr-Lepenc\u201d sh.a. dhe Fakultetit t\u00eb Nd\u00ebrtimtaris\u00eb ...<\/h1>\n<p>Bazuar n\u00eb interesat e p\u00ebrbashk\u00ebta \u00ebsht\u00eb arritur nj\u00eb marr\u00ebveshje n\u00eb mes t\u00eb k\u00ebtyre dy institucioneve me q\u00ebllim t\u00eb avancimit dhe ngritjes s\u00eb arritjeve profesionale n\u00eb arsimin e lart\u00eb, shkenc\u00eb, bashk\u00ebpunimin arsimor dhe akademik nd\u00ebrmjet dy institucioneve, duke hapur mund\u00ebsi t\u00eb reja bashk\u00ebpunimi p\u00ebr student\u00ebt, stafin akademik dhe atij administrativ.r...<\/p>\n                        <\/h1>\n                                                                                                                        <a href=\"https:\/\/www.iber-lepenc.org\/publikime\/nenshkruhet-marreveshje-bashkepunimi-ndermjet-nph-iber-lepenc-sh-a-dhe-fakultetit-te-ndertimtarise-universiteti-i-prishtines\/\"  target=&quot;_blank&quot;  rel=&quot;nofollow&quot;>\n                        Lexo m\u00eb shum\u00eb                        <\/a>\n                                                                        <h1 >\n<h1>Sekretari i Nd\u00ebrmarrjes \u201cIB\u00cbR LEPENC\u201d SH.A. z. Hysni Mustafa n\u00eb takim me...<\/h1>\n<p>Sekretari i nd\u00ebrmarrjes \u201cIb\u00ebr Lepenc\u201d sh.a. z. Hysni Mustafa n\u00eb takim me z\u00ebvend\u00ebsministrin...<\/p>\n                        <\/h1>\n                                                                                                                        <a href=\"https:\/\/www.iber-lepenc.org\/publikime\/sekretari-i-ndermarrjes-iber-lepenc-sh-a-z-hysni-mustafa-ne-takim-me-zevendesministerin-e-ministrise-se-ekonomise-z-getoar-mjeku-dhe-udheheqesin-e-njpmnp-z-valon-prebreza\/\"  target=&quot;_blank&quot;  rel=&quot;nofollow&quot;>\n                        Lexo m\u00eb shum\u00eb                        <\/a>\n                                                                        <h1 >\n<h1>Mbledhja e Bordit t\u00eb Drejtor\u00ebve \u2013 NH \u201cIber-Lepenc\u201d sh.a. ...<\/h1>\n<p>Me dat\u00eb 31.10.2023 Bordi i Drejtor\u00ebve t\u00eb nd\u00ebrmarrjes hidroekonomike \u201cIb\u00ebr-Lepenc\u201d Sh.A. ka mbajtur mbledhjen e tremb\u00ebdhjet\u00eb (XIII). \nBordi i Drejtor\u00ebve n\u00eb ket\u00eb mbledhje ka miratuar...<\/p>\n                        <\/h1>\n                                                                                                                        <a href=\"https:\/\/www.iber-lepenc.org\/publikime\/mbledhja-e-bordit-te-drejtoreve-nh-iber-lepenc-sh-a\/\"  target=&quot;_blank&quot;  rel=&quot;nofollow&quot;>\n                        Lexo m\u00eb shum\u00eb                        <\/a>\n                                                                        <h1 >\n<h1>Vizit\u00eb n\u00eb familjen e heroit rreshter Afrim Bunjaku ...<\/h1>\n<p>Me dat\u00eb 19.10.2023 kryeshefi ekzekutiv i nd\u00ebrmarrjes \u201cIb\u00ebr Lepenc\u201d sh.a. z.Faruk Mujka me bashk\u00ebpun\u00ebtor\u00eb...<\/p>\n                        <\/h1>\n                                                                                                                        <a href=\"https:\/\/www.iber-lepenc.org\/publikime\/vizite-ne-famijen-e-heroit-rreshter-afrim-bunjaku\/\"  target=&quot;_blank&quot;  rel=&quot;nofollow&quot;>\n                        Lexo m\u00eb shum\u00eb                        <\/a>\n                                                                        <h1 >\n<h1>KRYESHEFI EKZEKUTIV I ND\u0401RMARRJES \u201cIBER-LEPENC\u201d SH.A. z.FARUK MUJKA N\u0401 VIZIT\u0401 ZYRTARE N\u0401 KRU MITROVICA SH.A...<\/h1>\n<p> N\u00eb vazhd\u00ebn e takimeve me nd\u00ebrmarrjet partnere, Kryeshefi Ekzekutiv i NPH Ib\u00ebr-Lepenc, z.Faruk Mujka vizitoi nd\u00ebrmarrjen KRU Mitrovica,..<\/p>\n                        <\/h1>\n                                                                                                                        <a href=\"https:\/\/www.iber-lepenc.org\/publikime\/kryeshefi-ekzekutiv-i-nd%d1%91rmarrjes-iber-lepenc-sh-a-z-faruk-mujka-n%d1%91-vizit%d1%91-zyrtare-n%d1%91-kru-mitrovica-sh-a\/\"  target=&quot;_blank&quot;  rel=&quot;nofollow&quot;>\n                        Lexo m\u00eb shum\u00eb                        <\/a>\n                                                                        <h1 >\n<h1>Kryeshefi ekzekutiv i nd\u00ebrmarrjes \u201cIber Lepenc\u201d sh.a. z. Faruk Mujka n\u00eb vizit\u00eb zyrtare n\u00eb nd\u00ebrmarrjen Trep\u00e7a sh.a....<\/h1>\n<p>\n..<\/p>\n                        <\/h1>\n                                                                                                                        <a href=\"https:\/\/www.iber-lepenc.org\/publikime\/kryeshefi-ekzekutiv-i-ndermarrjes-iber-lepenc-sh-a-z-faruk-mujka-ne-vizite-zyrtare-ne-ndermarrjen-trepca-sh-a\/\"  target=&quot;_blank&quot;  rel=&quot;nofollow&quot;>\n                        Lexo m\u00eb shum\u00eb                        <\/a>\n                                                                        <h1 >\n<h1>Miratimi i <br> raportit vjetor!<\/h1>\n<p>N\u00eb vazhd\u00ebn e pun\u00ebve dhe misionit t\u00eb besuar nga Qeveria e Kosov\u00ebs, <br>sot me dat\u00eb 27.10.2022 prit\u00ebm n\u00eb vizit\u00eb pune z. Getoar Mjeku \u2013 zv. Minist\u00ebr i Ekonomis\u00eb s\u00eb bashku me<\/p>\n                        <\/h1>\n                                                                                                                        <a href=\"\/publikime\/miratimi-i-raportit-vjetor-te-nderrmarjes-n-h-iber-lepenc-per-vitin-2021\/\"  target=&quot;_blank&quot;  rel=&quot;nofollow&quot;>\n                        Lexo m\u00eb shum\u00eb                        <\/a>\n                                                                        <h1 >\n                           Inspired <br>  Performance                        <\/h1>\n                                                                                                                        <a href=\"https:\/\/www.iber-lepenc.org\/wp-content\/uploads\/2025\/06\/Ujitja-2.png\"  target=&quot;_blank&quot;  rel=&quot;nofollow&quot;>\n                        Contact Us                        <\/a>\n<\/section>\n\t\t\t\t\t<h1>Pyetje t\u00eb shpeshta<\/h1>\t\t\t\t\n<section>\n         <dl>\n                                    <dt  >\n                Lorem ipsum dolor sit amet, consectetur adipiscing elit.            <\/dt>\n            <dd  style=\"display:block;\"   >\n               <p>\nLorem ipsum dolor sit amet, consectetur adipiscing elit. Nulla erat quam, hendrerit aliquet justo sed, molestie elementum mi.               <\/p>\n            <\/dd>\n                        <dt  >\n                Lorem ipsum dolor sit amet, consectetur adipiscing elit.            <\/dt>\n            <dd   >\n               <p>\nLorem ipsum dolor sit amet, consectetur adipiscing elit. Nulla erat quam, hendrerit aliquet justo sed, molestie elementum mi.               <\/p>\n            <\/dd>\n                        <dt  >\n                Lorem ipsum dolor sit amet, consectetur adipiscing elit.            <\/dt>\n            <dd   >\n               <p>\nLorem ipsum dolor sit amet, consectetur adipiscing elit. Nulla erat quam, hendrerit aliquet justo sed, molestie elementum mi.               <\/p>\n            <\/dd>\n                        <dt  >\n                Lorem ipsum dolor sit amet, consectetur adipiscing elit.            <\/dt>\n            <dd   >\n               <p>\nLorem ipsum dolor sit amet, consectetur adipiscing elit. Nulla erat quam, hendrerit aliquet justo sed, molestie elementum mi.               <\/p>\n            <\/dd>\n                                 <\/dl>\n<\/section>\n         Intelligent      \n                      Human Resources\n                  <p>  Our power of choice is untrammelled and when nothing prevents being able to do what we like best every pleasure.<\/p>\n            01         \n                           <h2>    <a href=\"#\"   target=&quot;_blank&quot;  rel=&quot;nofollow&quot;>\n            Claims of duty            <\/a>\n         <\/h2>\n                           <p>  Certain circumstances seds owing to the claims duty ourighteous indignation and so beguiled.<\/p>\n            01         \n                           <h2>    <a href=\"#\"   target=&quot;_blank&quot;  rel=&quot;nofollow&quot;>\n            Accepted always            <\/a>\n         <\/h2>\n                           <p>  To take a trivial example, which of us ever undertakes get\nlaborious physical exercise.<\/p>\n      <a href=\"https:\/\/themepanthers.com\/wp\/creote\/v-new\/about-us\/\"   target=&quot;_blank&quot;  rel=&quot;nofollow&quot;>\n   Read More   <\/a>\n         <img src=\"https:\/\/www.iber-lepenc.org\/wp-content\/plugins\/creote-addons\/assets\/images\/signature.png\" alt=\"authour Image\" \/>\n         <h6>Liam Oliver, Founder &amp; CEO of Qetus<\/h6>\n            <a href=\"#\" download>\n      Download our latest presentation      \n      <\/a>\n         <img src=\"https:\/\/themepanthers.com\/wp\/creote\/v-new\/wp-content\/uploads\/2021\/10\/serv-ico-img-1.png\" alt=\"Service Image\" \/>\n                  <h2>\n            <a href=\"#\"   >\n            Innovative\nHR Solutions            <\/a> \n         <\/h2>\n                           <p>  Except too obtain some work\nadvantages from it but whom\nhas any rights.<\/p>\n                           <a href=\"#\"   >\n         Read more         <\/a>\n      <img src=\"https:\/\/themepanthers.com\/wp\/creote\/v-new\/wp-content\/uploads\/2021\/10\/about-img-1-min.png\" alt=\"image\" \/>\n         <img src=\"https:\/\/themepanthers.com\/wp\/creote\/v-new\/wp-content\/uploads\/2021\/10\/serv-ico-img-2.png\" alt=\"Service Image\" \/>\n                  <h2>\n            <a href=\"#\"   >\n            Leadership\nDevelopment            <\/a> \n         <\/h2>\n                           <p>  Actual teachings of the great explorer of the truth masters human happiness.<\/p>\n                           <a href=\"#\"   >\n         Read more         <\/a>\n    <ul>\n        <li>\n            <a href=\"\/\"   >\n                                Ballina            <\/a>\n        <\/li>\n        <li>\n            <a href=\"\/per-ne\"   >\n                                P\u00ebr ne            <\/a>\n        <\/li>\n        <li>\n            <a href=\"\/publikimet\"   >\n                                Publikimet            <\/a>\n        <\/li>\n        <li>\n            <a href=\"\/sherbimet\"   >\n                                Sh\u00ebrbimet            <\/a>\n        <\/li>\n        <li>\n            <a href=\"http:\/\/192.232.251.217:2095\/mail\"   >\n                                Kontakti            <\/a>\n        <\/li>\n        <li>\n            <a href=\"\/na-kontaktoni\"   >\n                                Webmail            <\/a>\n        <\/li>\n            <\/ul>\n               <img src=\"https:\/\/www.iber-lepenc.org\/wp-content\/plugins\/creote-addons\/assets\/images\/010-job-search.png\" alt=\"Service Image\" \/>\n                                    <h2>\n               <a href=\"\/category\/publikime\/publikim-konkursi\/\"   >\n               <h2>Konkurset<\/h2>               <\/a> \n            <\/h2>\n                                    <p>  <p>K\u00ebtu mund t\u00eb gjeni t\u00eb gjitha konkurset e publikuara.<\/p><\/p>\n         <a href=\"\/category\/publikime\/publikim-konkursi\/\"   >\n         <\/a> \n                  <h2>\n            <a href=\"\/category\/publikime\/publikim-konkursi\/\"   >\n            <h2>Konkurset<\/h2>            <\/a> \n         <\/h2>\n                           <p>  <p>K\u00ebtu mund t\u00eb gjeni t\u00eb gjitha konkurset e publikuara.<\/p><\/p>\n               <img src=\"https:\/\/themepanthers.com\/wp\/creote\/v-new\/wp-content\/uploads\/2021\/10\/service-ico-1.png\" alt=\"Service Image\" \/>\n                                    <h2>\n               <a href=\"https:\/\/www.iber-lepenc.org\/per-ne\/dokumente\/\"   >\n               <h2>Dokumente<\/h2>               <\/a> \n            <\/h2>\n                                    <p>  <p>K\u00ebtu mund t\u00eb gjeni t\u00eb gjitha dokumentet e publikuara.<\/p><\/p>\n         <a href=\"https:\/\/www.iber-lepenc.org\/per-ne\/dokumente\/\"   >\n         <\/a> \n                  <h2>\n            <a href=\"https:\/\/www.iber-lepenc.org\/per-ne\/dokumente\/\"   >\n            <h2>Dokumente<\/h2>            <\/a> \n         <\/h2>\n                           <p>  <p>K\u00ebtu mund t\u00eb gjeni t\u00eb gjitha dokumentet e publikuara.<\/p><\/p>\n               <img src=\"https:\/\/themepanthers.com\/wp\/creote\/v-new\/wp-content\/uploads\/2021\/10\/service-ico-2.png\" alt=\"Service Image\" \/>\n                                    <h2>\n               <a href=\"\/publikimet\"   >\n               <h2>Njoftime<\/h2>               <\/a> \n            <\/h2>\n                                    <p>  <p>K\u00ebtu mund t\u00eb gjeni t\u00eb gjitha njoftimet e publikuara.<\/p><\/p>\n         <a href=\"\/publikimet\"   >\n         <\/a> \n                  <h2>\n            <a href=\"\/publikimet\"   >\n            <h2>Njoftime<\/h2>            <\/a> \n         <\/h2>\n                           <p>  <p>K\u00ebtu mund t\u00eb gjeni t\u00eb gjitha njoftimet e publikuara.<\/p><\/p>\n   <img src=\"https:\/\/iberlepenci.hajt24.xyz\/wp-content\/uploads\/2022\/11\/02_09_13_28868_Liqeni_i_Ujmanit.jpg\" alt=\"image\" \/>\n                  <a href=\"https:\/\/www.youtube.com\/watch?v=-8_AuZLmCzs&amp;t=3s\"><\/a>\n                                          <h2>  VIDEO GALERIA<\/h2>\n                                                               <p>  <br><\/p>\n                                          <a href=\"\/galeria\/\"   >\n                     Shikoni m\u00eb shum\u00eb                     <\/a>\n\t\t\t\t\t<h1 key=\"home_publikimet\">Publikimet<\/h1>\t\t\t\t\n<section>\n                                <img width=\"1024\" height=\"683\" src=\"https:\/\/www.iber-lepenc.org\/wp-content\/uploads\/2022\/12\/07_03_2014_9108559_Liqeni_i_Ujmanit.jpg\" alt=\"\" decoding=\"async\" srcset=\"https:\/\/www.iber-lepenc.org\/wp-content\/uploads\/2022\/12\/07_03_2014_9108559_Liqeni_i_Ujmanit.jpg 1024w, https:\/\/www.iber-lepenc.org\/wp-content\/uploads\/2022\/12\/07_03_2014_9108559_Liqeni_i_Ujmanit-300x200.jpg 300w, https:\/\/www.iber-lepenc.org\/wp-content\/uploads\/2022\/12\/07_03_2014_9108559_Liqeni_i_Ujmanit-768x512.jpg 768w\" sizes=\"(max-width: 1024px) 100vw, 1024px\" \/>                                \n                                <a href=\"https:\/\/www.iber-lepenc.org\/sq\/category\/publikime\/\">Publikime<\/a> \n                                  <ul>\n          <li><a href=\"\"> gezimiIL <\/a> <\/li>\n          <li>  <a href=\"https:\/\/www.iber-lepenc.org\/sq\/publikime\/njoftim-mortor\/\" rel=\"bookmark\"><time datetime=\"2026-04-02T11:43:39+00:00\">2 Apr , 2026 <\/time><\/a> <\/li> \n      <\/ul>\n                            <h2><a href=\"https:\/\/www.iber-lepenc.org\/sq\/publikime\/njoftim-mortor\/\" >NJOFTIM MORTOR<\/a><\/h2>                                                            <p>VALMIR BERISHA Zyrtar i Teknologjis\u00eb s\u00eb Informacionit NPH &#8220;Ib\u00ebr-Lepenc&#8221; Sh.A. Me pik\u00ebllim t\u00eb thell\u00eb dhe me ndjenj\u00ebn e&hellip;<\/p>\n                                                                                <a href=\"https:\/\/www.iber-lepenc.org\/sq\/publikime\/njoftim-mortor\/\">\n                                            Lexoni m\u00eb shum\u00eb <\/a>\n  <a href=\"https:\/\/www.iber-lepenc.org\/sq\/publikime\/njoftim-mortor\/#respond\" >Post Comment<\/a>   \n                                <img width=\"1024\" height=\"683\" src=\"https:\/\/www.iber-lepenc.org\/wp-content\/uploads\/2022\/11\/02_09_13_28868_Liqeni_i_Ujmanit-1.jpg\" alt=\"\" decoding=\"async\" srcset=\"https:\/\/www.iber-lepenc.org\/wp-content\/uploads\/2022\/11\/02_09_13_28868_Liqeni_i_Ujmanit-1.jpg 1024w, https:\/\/www.iber-lepenc.org\/wp-content\/uploads\/2022\/11\/02_09_13_28868_Liqeni_i_Ujmanit-1-300x200.jpg 300w, https:\/\/www.iber-lepenc.org\/wp-content\/uploads\/2022\/11\/02_09_13_28868_Liqeni_i_Ujmanit-1-768x512.jpg 768w\" sizes=\"(max-width: 1024px) 100vw, 1024px\" \/>                                \n                                <a href=\"https:\/\/www.iber-lepenc.org\/sq\/category\/publikime\/\">Publikime<\/a> \n                                  <ul>\n          <li><a href=\"\"> gezimiIL <\/a> <\/li>\n          <li>  <a href=\"https:\/\/www.iber-lepenc.org\/sq\/publikime\/mirenjohje-per-iber-lepenc-nga-zv-drejtori-i-policise-se-kosoves\/\" rel=\"bookmark\"><time datetime=\"2026-04-01T09:22:59+00:00\">1 Apr , 2026 <\/time><\/a> <\/li> \n      <\/ul>\n                            <h2><a href=\"https:\/\/www.iber-lepenc.org\/sq\/publikime\/mirenjohje-per-iber-lepenc-nga-zv-drejtori-i-policise-se-kosoves\/\" >Mir\u00ebnjohje p\u00ebr \u201cIb\u00ebr-Lepenc\u201d nga Zv. Drejtori i Policis\u00eb s\u00eb Kosov\u00ebs<\/a><\/h2>                                                            <p>Nd\u00ebrmarrja publike \u201cIb\u00ebr-Lepenc\u201d vazhdon t\u00eb tregoj\u00eb bashk\u00ebpunim t\u00eb ngusht\u00eb dhe efektiv me Policin\u00eb e Kosov\u00ebs n\u00eb veri. P\u00ebr&hellip;<\/p>\n                                                                                <a href=\"https:\/\/www.iber-lepenc.org\/sq\/publikime\/mirenjohje-per-iber-lepenc-nga-zv-drejtori-i-policise-se-kosoves\/\">\n                                            Lexoni m\u00eb shum\u00eb <\/a>\n  <a href=\"https:\/\/www.iber-lepenc.org\/sq\/publikime\/mirenjohje-per-iber-lepenc-nga-zv-drejtori-i-policise-se-kosoves\/#respond\" >Post Comment<\/a>   \n                                <img width=\"1024\" height=\"683\" src=\"https:\/\/www.iber-lepenc.org\/wp-content\/uploads\/2022\/12\/07_03_2014_9108559_Liqeni_i_Ujmanit.jpg\" alt=\"\" decoding=\"async\" srcset=\"https:\/\/www.iber-lepenc.org\/wp-content\/uploads\/2022\/12\/07_03_2014_9108559_Liqeni_i_Ujmanit.jpg 1024w, https:\/\/www.iber-lepenc.org\/wp-content\/uploads\/2022\/12\/07_03_2014_9108559_Liqeni_i_Ujmanit-300x200.jpg 300w, https:\/\/www.iber-lepenc.org\/wp-content\/uploads\/2022\/12\/07_03_2014_9108559_Liqeni_i_Ujmanit-768x512.jpg 768w\" sizes=\"(max-width: 1024px) 100vw, 1024px\" \/>                                \n                                <a href=\"https:\/\/www.iber-lepenc.org\/sq\/category\/publikime\/publikim-konkursi\/\">Publikim konkursi<\/a> \n                                  <ul>\n          <li><a href=\"\"> gezimiIL <\/a> <\/li>\n          <li>  <a href=\"https:\/\/www.iber-lepenc.org\/sq\/?p=11107\" rel=\"bookmark\"><time datetime=\"2026-03-04T13:00:20+00:00\">4 Mar , 2026 <\/time><\/a> <\/li> \n      <\/ul>\n                            <h2><a href=\"https:\/\/www.iber-lepenc.org\/sq\/?p=11107\" >Konkurs p\u00ebr pun\u00ebtor sezonal<\/a><\/h2>                            \n                                                                                <a href=\"https:\/\/www.iber-lepenc.org\/sq\/?p=11107\">\n                                            Lexoni m\u00eb shum\u00eb <\/a>\n  <a href=\"https:\/\/www.iber-lepenc.org\/sq\/?p=11107#respond\" >Post Comment<\/a>   \n                                <img width=\"1024\" height=\"683\" src=\"https:\/\/www.iber-lepenc.org\/wp-content\/uploads\/2022\/12\/07_03_2014_9108559_Liqeni_i_Ujmanit.jpg\" alt=\"\" decoding=\"async\" srcset=\"https:\/\/www.iber-lepenc.org\/wp-content\/uploads\/2022\/12\/07_03_2014_9108559_Liqeni_i_Ujmanit.jpg 1024w, https:\/\/www.iber-lepenc.org\/wp-content\/uploads\/2022\/12\/07_03_2014_9108559_Liqeni_i_Ujmanit-300x200.jpg 300w, https:\/\/www.iber-lepenc.org\/wp-content\/uploads\/2022\/12\/07_03_2014_9108559_Liqeni_i_Ujmanit-768x512.jpg 768w\" sizes=\"(max-width: 1024px) 100vw, 1024px\" \/>                                \n                                <a href=\"https:\/\/www.iber-lepenc.org\/sq\/category\/publikime\/publikim-konkursi\/\">Publikim konkursi<\/a> \n                                  <ul>\n          <li><a href=\"\"> gezimiIL <\/a> <\/li>\n          <li>  <a href=\"https:\/\/www.iber-lepenc.org\/sq\/?p=11101\" rel=\"bookmark\"><time datetime=\"2026-02-27T12:08:52+00:00\">27 Feb , 2026 <\/time><\/a> <\/li> \n      <\/ul>\n                            <h2><a href=\"https:\/\/www.iber-lepenc.org\/sq\/?p=11101\" >KONKURS I BRENDSH\u00cbM &#8211; INTERNI KONKURS<\/a><\/h2>                            \n                                                                                <a href=\"https:\/\/www.iber-lepenc.org\/sq\/?p=11101\">\n                                            Lexoni m\u00eb shum\u00eb <\/a>\n  <a href=\"https:\/\/www.iber-lepenc.org\/sq\/?p=11101#respond\" >Post Comment<\/a>   \n                                <img width=\"1024\" height=\"683\" src=\"https:\/\/www.iber-lepenc.org\/wp-content\/uploads\/2022\/12\/07_03_2014_9108559_Liqeni_i_Ujmanit.jpg\" alt=\"\" decoding=\"async\" srcset=\"https:\/\/www.iber-lepenc.org\/wp-content\/uploads\/2022\/12\/07_03_2014_9108559_Liqeni_i_Ujmanit.jpg 1024w, https:\/\/www.iber-lepenc.org\/wp-content\/uploads\/2022\/12\/07_03_2014_9108559_Liqeni_i_Ujmanit-300x200.jpg 300w, https:\/\/www.iber-lepenc.org\/wp-content\/uploads\/2022\/12\/07_03_2014_9108559_Liqeni_i_Ujmanit-768x512.jpg 768w\" sizes=\"(max-width: 1024px) 100vw, 1024px\" \/>                                \n                                <a href=\"https:\/\/www.iber-lepenc.org\/sq\/category\/publikime\/\">Publikime<\/a> \n                                  <ul>\n          <li><a href=\"\"> gezimiIL <\/a> <\/li>\n          <li>  <a href=\"https:\/\/www.iber-lepenc.org\/sq\/?p=11092\" rel=\"bookmark\"><time datetime=\"2026-02-23T13:38:13+00:00\">23 Feb , 2026 <\/time><\/a> <\/li> \n      <\/ul>\n                            <h2><a href=\"https:\/\/www.iber-lepenc.org\/sq\/?p=11092\" >Shpallje Publike<\/a><\/h2>                                                            <p>Ib\u00ebr Lepenc njofton opinionin publik p\u00ebr shpalljen e Ankandit Publik p\u00ebr dh\u00ebnien me qira t\u00eb nj\u00eb pjese t\u00eb&hellip;<\/p>\n                                                                                <a href=\"https:\/\/www.iber-lepenc.org\/sq\/?p=11092\">\n                                            Lexoni m\u00eb shum\u00eb <\/a>\n  <a href=\"https:\/\/www.iber-lepenc.org\/sq\/?p=11092#respond\" >Post Comment<\/a>   \n                                <img width=\"1024\" height=\"683\" src=\"https:\/\/www.iber-lepenc.org\/wp-content\/uploads\/2022\/12\/07_03_2014_9108559_Liqeni_i_Ujmanit.jpg\" alt=\"\" decoding=\"async\" srcset=\"https:\/\/www.iber-lepenc.org\/wp-content\/uploads\/2022\/12\/07_03_2014_9108559_Liqeni_i_Ujmanit.jpg 1024w, https:\/\/www.iber-lepenc.org\/wp-content\/uploads\/2022\/12\/07_03_2014_9108559_Liqeni_i_Ujmanit-300x200.jpg 300w, https:\/\/www.iber-lepenc.org\/wp-content\/uploads\/2022\/12\/07_03_2014_9108559_Liqeni_i_Ujmanit-768x512.jpg 768w\" sizes=\"(max-width: 1024px) 100vw, 1024px\" \/>                                \n                                <a href=\"https:\/\/www.iber-lepenc.org\/sq\/category\/publikime\/publikim-konkursi\/\">Publikim konkursi<\/a> \n                                  <ul>\n          <li><a href=\"\"> gezimiIL <\/a> <\/li>\n          <li>  <a href=\"https:\/\/www.iber-lepenc.org\/sq\/?p=11069\" rel=\"bookmark\"><time datetime=\"2026-01-28T09:25:10+00:00\">28 Jan , 2026 <\/time><\/a> <\/li> \n      <\/ul>\n                            <h2><a href=\"https:\/\/www.iber-lepenc.org\/sq\/?p=11069\" >KONKURS I BRENDSH\u00cbM<\/a><\/h2>                            \n                                                                                <a href=\"https:\/\/www.iber-lepenc.org\/sq\/?p=11069\">\n                                            Lexoni m\u00eb shum\u00eb <\/a>\n  <a href=\"https:\/\/www.iber-lepenc.org\/sq\/?p=11069#respond\" >Post Comment<\/a>   \n                                <img width=\"1024\" height=\"683\" src=\"https:\/\/www.iber-lepenc.org\/wp-content\/uploads\/2022\/12\/07_03_2014_9108559_Liqeni_i_Ujmanit.jpg\" alt=\"\" decoding=\"async\" srcset=\"https:\/\/www.iber-lepenc.org\/wp-content\/uploads\/2022\/12\/07_03_2014_9108559_Liqeni_i_Ujmanit.jpg 1024w, https:\/\/www.iber-lepenc.org\/wp-content\/uploads\/2022\/12\/07_03_2014_9108559_Liqeni_i_Ujmanit-300x200.jpg 300w, https:\/\/www.iber-lepenc.org\/wp-content\/uploads\/2022\/12\/07_03_2014_9108559_Liqeni_i_Ujmanit-768x512.jpg 768w\" sizes=\"(max-width: 1024px) 100vw, 1024px\" \/>                                \n                                <a href=\"https:\/\/www.iber-lepenc.org\/sq\/category\/publikime\/\">Publikime<\/a> \n                                  <ul>\n          <li><a href=\"\"> gezimiIL <\/a> <\/li>\n          <li>  <a href=\"https:\/\/www.iber-lepenc.org\/sq\/publikime\/njoftim-per-publikun\/\" rel=\"bookmark\"><time datetime=\"2026-01-06T15:40:37+00:00\">6 Jan , 2026 <\/time><\/a> <\/li> \n      <\/ul>\n                            <h2><a href=\"https:\/\/www.iber-lepenc.org\/sq\/publikime\/njoftim-per-publikun\/\" >NJOFTIM P\u00cbR PUBLIKUN<\/a><\/h2>                                                            <p>T\u00eb nderuar qytetar\u00eb, Si pasoj\u00eb e reshjeve t\u00eb fundit atmosferike, rritjes s\u00eb prurjeve t\u00eb pakontrolluara nga p\u00ebrrockat p\u00ebrreth,&hellip;<\/p>\n                                                                                <a href=\"https:\/\/www.iber-lepenc.org\/sq\/publikime\/njoftim-per-publikun\/\">\n                                            Lexoni m\u00eb shum\u00eb <\/a>\n  <a href=\"https:\/\/www.iber-lepenc.org\/sq\/publikime\/njoftim-per-publikun\/#respond\" >Post Comment<\/a>   \n                                <img width=\"1024\" height=\"683\" src=\"https:\/\/www.iber-lepenc.org\/wp-content\/uploads\/2022\/12\/07_03_2014_9108559_Liqeni_i_Ujmanit.jpg\" alt=\"\" decoding=\"async\" srcset=\"https:\/\/www.iber-lepenc.org\/wp-content\/uploads\/2022\/12\/07_03_2014_9108559_Liqeni_i_Ujmanit.jpg 1024w, https:\/\/www.iber-lepenc.org\/wp-content\/uploads\/2022\/12\/07_03_2014_9108559_Liqeni_i_Ujmanit-300x200.jpg 300w, https:\/\/www.iber-lepenc.org\/wp-content\/uploads\/2022\/12\/07_03_2014_9108559_Liqeni_i_Ujmanit-768x512.jpg 768w\" sizes=\"(max-width: 1024px) 100vw, 1024px\" \/>                                \n                                <a href=\"https:\/\/www.iber-lepenc.org\/sq\/category\/publikime\/\">Publikime<\/a> \n                                  <ul>\n          <li><a href=\"\"> gezimiIL <\/a> <\/li>\n          <li>  <a href=\"https:\/\/www.iber-lepenc.org\/sq\/publikime\/reagim-lidhur-me-konkursin-per-kryeshef-ekzekutiv-te-nph-iber-lepenc-sh-a\/\" rel=\"bookmark\"><time datetime=\"2025-12-19T17:51:52+00:00\">19 Dec , 2025 <\/time><\/a> <\/li> \n      <\/ul>\n                            <h2><a href=\"https:\/\/www.iber-lepenc.org\/sq\/publikime\/reagim-lidhur-me-konkursin-per-kryeshef-ekzekutiv-te-nph-iber-lepenc-sh-a\/\" >REAGIM LIDHUR ME KONKURSIN P\u00cbR KRYESHEF EKZEKUTIV T\u00cb NPH \u201cIB\u00cbR-LEPENC\u201d SH.A.<\/a><\/h2>                                                            <p>19 dhjetor, 2025 &#8211; Lidhur me shkrimet, pretendimet e pabazuara dhe dezinformatat e publikuara s\u00eb fundmi n\u00eb media&hellip;<\/p>\n                                                                                <a href=\"https:\/\/www.iber-lepenc.org\/sq\/publikime\/reagim-lidhur-me-konkursin-per-kryeshef-ekzekutiv-te-nph-iber-lepenc-sh-a\/\">\n                                            Lexoni m\u00eb shum\u00eb <\/a>\n  <a href=\"https:\/\/www.iber-lepenc.org\/sq\/publikime\/reagim-lidhur-me-konkursin-per-kryeshef-ekzekutiv-te-nph-iber-lepenc-sh-a\/#respond\" >Post Comment<\/a>   \n<\/section><!-- \/.blog-one -->\n\t\t\t\t\t<h1 key=\"home_tab_publikimet\">Publikimet<\/h1>\t\t\t\t\n<section>\n                            <img width=\"1024\" height=\"683\" src=\"https:\/\/www.iber-lepenc.org\/wp-content\/uploads\/2022\/12\/07_03_2014_9108559_Liqeni_i_Ujmanit.jpg\" alt=\"\" decoding=\"async\" srcset=\"https:\/\/www.iber-lepenc.org\/wp-content\/uploads\/2022\/12\/07_03_2014_9108559_Liqeni_i_Ujmanit.jpg 1024w, https:\/\/www.iber-lepenc.org\/wp-content\/uploads\/2022\/12\/07_03_2014_9108559_Liqeni_i_Ujmanit-300x200.jpg 300w, https:\/\/www.iber-lepenc.org\/wp-content\/uploads\/2022\/12\/07_03_2014_9108559_Liqeni_i_Ujmanit-768x512.jpg 768w\" sizes=\"(max-width: 1024px) 100vw, 1024px\" \/>                            \n                                <a href=\"https:\/\/www.iber-lepenc.org\/sq\/category\/publikime\/\">Publikime<\/a>\n                                  <ul>\n          <li><a href=\"\"> gezimiIL <\/a> <\/li>\n          <li>  <a href=\"https:\/\/www.iber-lepenc.org\/sq\/publikime\/njoftim-mortor\/\" rel=\"bookmark\"><time datetime=\"2026-04-02T11:43:39+00:00\">2 Apr , 2026 <\/time><\/a> <\/li> \n      <\/ul>\n                            <h2><a href=\"https:\/\/www.iber-lepenc.org\/sq\/publikime\/njoftim-mortor\/\">NJOFTIM MORTOR<\/a><\/h2>                                                            <p>VALMIR BERISHA Zyrtar i Teknologjis\u00eb s\u00eb Informacionit NPH &#8220;Ib\u00ebr-Lepenc&#8221; Sh.A. Me pik\u00ebllim t\u00eb thell\u00eb dhe me ndjenj\u00ebn e&hellip;<\/p>\n                                                                        <a href=\"https:\/\/www.iber-lepenc.org\/sq\/publikime\/njoftim-mortor\/\">\n                                        Lexoni m\u00eb shum\u00eb <\/a>\n  <a href=\"https:\/\/www.iber-lepenc.org\/sq\/publikime\/njoftim-mortor\/#respond\" >Post Comment<\/a>   \n        <!-- \/.col-lg-3 -->\n                            <img width=\"1024\" height=\"683\" src=\"https:\/\/www.iber-lepenc.org\/wp-content\/uploads\/2022\/11\/02_09_13_28868_Liqeni_i_Ujmanit-1.jpg\" alt=\"\" decoding=\"async\" srcset=\"https:\/\/www.iber-lepenc.org\/wp-content\/uploads\/2022\/11\/02_09_13_28868_Liqeni_i_Ujmanit-1.jpg 1024w, https:\/\/www.iber-lepenc.org\/wp-content\/uploads\/2022\/11\/02_09_13_28868_Liqeni_i_Ujmanit-1-300x200.jpg 300w, https:\/\/www.iber-lepenc.org\/wp-content\/uploads\/2022\/11\/02_09_13_28868_Liqeni_i_Ujmanit-1-768x512.jpg 768w\" sizes=\"(max-width: 1024px) 100vw, 1024px\" \/>                            \n                                <a href=\"https:\/\/www.iber-lepenc.org\/sq\/category\/publikime\/\">Publikime<\/a>\n                                  <ul>\n          <li><a href=\"\"> gezimiIL <\/a> <\/li>\n          <li>  <a href=\"https:\/\/www.iber-lepenc.org\/sq\/publikime\/mirenjohje-per-iber-lepenc-nga-zv-drejtori-i-policise-se-kosoves\/\" rel=\"bookmark\"><time datetime=\"2026-04-01T09:22:59+00:00\">1 Apr , 2026 <\/time><\/a> <\/li> \n      <\/ul>\n                            <h2><a href=\"https:\/\/www.iber-lepenc.org\/sq\/publikime\/mirenjohje-per-iber-lepenc-nga-zv-drejtori-i-policise-se-kosoves\/\">Mir\u00ebnjohje p\u00ebr \u201cIb\u00ebr-Lepenc\u201d nga Zv. Drejtori i Policis\u00eb s\u00eb Kosov\u00ebs<\/a><\/h2>                                                            <p>Nd\u00ebrmarrja publike \u201cIb\u00ebr-Lepenc\u201d vazhdon t\u00eb tregoj\u00eb bashk\u00ebpunim t\u00eb ngusht\u00eb dhe efektiv me Policin\u00eb e Kosov\u00ebs n\u00eb veri. P\u00ebr&hellip;<\/p>\n                                                                        <a href=\"https:\/\/www.iber-lepenc.org\/sq\/publikime\/mirenjohje-per-iber-lepenc-nga-zv-drejtori-i-policise-se-kosoves\/\">\n                                        Lexoni m\u00eb shum\u00eb <\/a>\n  <a href=\"https:\/\/www.iber-lepenc.org\/sq\/publikime\/mirenjohje-per-iber-lepenc-nga-zv-drejtori-i-policise-se-kosoves\/#respond\" >Post Comment<\/a>   \n        <!-- \/.col-lg-3 -->\n            <ul class='page-numbers'>\n\t<li>1<\/li>\n\t<li><a href=\"https:\/\/www.iber-lepenc.org\/sq\/wp-admin\/admin-ajax.php?paged=2\">2<\/a><\/li>\n\t<li><a href=\"https:\/\/www.iber-lepenc.org\/sq\/wp-admin\/admin-ajax.php?paged=3\">3<\/a><\/li>\n\t<li>&hellip;<\/li>\n\t<li><a href=\"https:\/\/www.iber-lepenc.org\/sq\/wp-admin\/admin-ajax.php?paged=58\">58<\/a><\/li>\n\t<li><a href=\"https:\/\/www.iber-lepenc.org\/sq\/wp-admin\/admin-ajax.php?paged=2\"><\/a><\/li>\n<\/ul>\n<\/section><!-- \/.blog-one -->\n\t\t\t\t\t<h1 key=\"home_mob_publikimet\">Publikimet<\/h1>\t\t\t\t\n<section>\n                                <img width=\"1024\" height=\"683\" src=\"https:\/\/www.iber-lepenc.org\/wp-content\/uploads\/2022\/12\/07_03_2014_9108559_Liqeni_i_Ujmanit.jpg\" alt=\"\" decoding=\"async\" srcset=\"https:\/\/www.iber-lepenc.org\/wp-content\/uploads\/2022\/12\/07_03_2014_9108559_Liqeni_i_Ujmanit.jpg 1024w, https:\/\/www.iber-lepenc.org\/wp-content\/uploads\/2022\/12\/07_03_2014_9108559_Liqeni_i_Ujmanit-300x200.jpg 300w, https:\/\/www.iber-lepenc.org\/wp-content\/uploads\/2022\/12\/07_03_2014_9108559_Liqeni_i_Ujmanit-768x512.jpg 768w\" sizes=\"(max-width: 1024px) 100vw, 1024px\" \/>                                \n                                <a href=\"https:\/\/www.iber-lepenc.org\/sq\/category\/publikime\/\">Publikime<\/a> \n                                  <ul>\n          <li><a href=\"\"> gezimiIL <\/a> <\/li>\n          <li>  <a href=\"https:\/\/www.iber-lepenc.org\/sq\/publikime\/njoftim-mortor\/\" rel=\"bookmark\"><time datetime=\"2026-04-02T11:43:39+00:00\">2 Apr , 2026 <\/time><\/a> <\/li> \n      <\/ul>\n                            <h2><a href=\"https:\/\/www.iber-lepenc.org\/sq\/publikime\/njoftim-mortor\/\" >NJOFTIM MORTOR<\/a><\/h2>                                                            <p>VALMIR BERISHA Zyrtar i Teknologjis\u00eb s\u00eb Informacionit NPH &#8220;Ib\u00ebr-Lepenc&#8221; Sh.A. Me pik\u00ebllim t\u00eb thell\u00eb&hellip;<\/p>\n                                                                                <a href=\"https:\/\/www.iber-lepenc.org\/sq\/publikime\/njoftim-mortor\/\">\n                                            Lexoni m\u00eb shum\u00eb <\/a>\n  <a href=\"https:\/\/www.iber-lepenc.org\/sq\/publikime\/njoftim-mortor\/#respond\" >Post Comment<\/a>   \n                                <img width=\"1024\" height=\"683\" src=\"https:\/\/www.iber-lepenc.org\/wp-content\/uploads\/2022\/11\/02_09_13_28868_Liqeni_i_Ujmanit-1.jpg\" alt=\"\" decoding=\"async\" srcset=\"https:\/\/www.iber-lepenc.org\/wp-content\/uploads\/2022\/11\/02_09_13_28868_Liqeni_i_Ujmanit-1.jpg 1024w, https:\/\/www.iber-lepenc.org\/wp-content\/uploads\/2022\/11\/02_09_13_28868_Liqeni_i_Ujmanit-1-300x200.jpg 300w, https:\/\/www.iber-lepenc.org\/wp-content\/uploads\/2022\/11\/02_09_13_28868_Liqeni_i_Ujmanit-1-768x512.jpg 768w\" sizes=\"(max-width: 1024px) 100vw, 1024px\" \/>                                \n                                <a href=\"https:\/\/www.iber-lepenc.org\/sq\/category\/publikime\/\">Publikime<\/a> \n                                  <ul>\n          <li><a href=\"\"> gezimiIL <\/a> <\/li>\n          <li>  <a href=\"https:\/\/www.iber-lepenc.org\/sq\/publikime\/mirenjohje-per-iber-lepenc-nga-zv-drejtori-i-policise-se-kosoves\/\" rel=\"bookmark\"><time datetime=\"2026-04-01T09:22:59+00:00\">1 Apr , 2026 <\/time><\/a> <\/li> \n      <\/ul>\n                            <h2><a href=\"https:\/\/www.iber-lepenc.org\/sq\/publikime\/mirenjohje-per-iber-lepenc-nga-zv-drejtori-i-policise-se-kosoves\/\" >Mir\u00ebnjohje p\u00ebr \u201cIb\u00ebr-Lepenc\u201d nga Zv. Drejtori i Policis\u00eb s\u00eb Kosov\u00ebs<\/a><\/h2>                                                            <p>Nd\u00ebrmarrja publike \u201cIb\u00ebr-Lepenc\u201d vazhdon t\u00eb tregoj\u00eb bashk\u00ebpunim t\u00eb ngusht\u00eb dhe efektiv me Policin\u00eb e&hellip;<\/p>\n                                                                                <a href=\"https:\/\/www.iber-lepenc.org\/sq\/publikime\/mirenjohje-per-iber-lepenc-nga-zv-drejtori-i-policise-se-kosoves\/\">\n                                            Lexoni m\u00eb shum\u00eb <\/a>\n  <a href=\"https:\/\/www.iber-lepenc.org\/sq\/publikime\/mirenjohje-per-iber-lepenc-nga-zv-drejtori-i-policise-se-kosoves\/#respond\" >Post Comment<\/a>   \n                                <img width=\"1024\" height=\"683\" src=\"https:\/\/www.iber-lepenc.org\/wp-content\/uploads\/2022\/12\/07_03_2014_9108559_Liqeni_i_Ujmanit.jpg\" alt=\"\" decoding=\"async\" srcset=\"https:\/\/www.iber-lepenc.org\/wp-content\/uploads\/2022\/12\/07_03_2014_9108559_Liqeni_i_Ujmanit.jpg 1024w, https:\/\/www.iber-lepenc.org\/wp-content\/uploads\/2022\/12\/07_03_2014_9108559_Liqeni_i_Ujmanit-300x200.jpg 300w, https:\/\/www.iber-lepenc.org\/wp-content\/uploads\/2022\/12\/07_03_2014_9108559_Liqeni_i_Ujmanit-768x512.jpg 768w\" sizes=\"(max-width: 1024px) 100vw, 1024px\" \/>                                \n                                <a href=\"https:\/\/www.iber-lepenc.org\/sq\/category\/publikime\/publikim-konkursi\/\">Publikim konkursi<\/a> \n                                  <ul>\n          <li><a href=\"\"> gezimiIL <\/a> <\/li>\n          <li>  <a href=\"https:\/\/www.iber-lepenc.org\/sq\/?p=11107\" rel=\"bookmark\"><time datetime=\"2026-03-04T13:00:20+00:00\">4 Mar , 2026 <\/time><\/a> <\/li> \n      <\/ul>\n                            <h2><a href=\"https:\/\/www.iber-lepenc.org\/sq\/?p=11107\" >Konkurs p\u00ebr pun\u00ebtor sezonal<\/a><\/h2>                            \n                                                                                <a href=\"https:\/\/www.iber-lepenc.org\/sq\/?p=11107\">\n                                            Lexoni m\u00eb shum\u00eb <\/a>\n  <a href=\"https:\/\/www.iber-lepenc.org\/sq\/?p=11107#respond\" >Post Comment<\/a>   \n                                <img width=\"1024\" height=\"683\" src=\"https:\/\/www.iber-lepenc.org\/wp-content\/uploads\/2022\/12\/07_03_2014_9108559_Liqeni_i_Ujmanit.jpg\" alt=\"\" decoding=\"async\" srcset=\"https:\/\/www.iber-lepenc.org\/wp-content\/uploads\/2022\/12\/07_03_2014_9108559_Liqeni_i_Ujmanit.jpg 1024w, https:\/\/www.iber-lepenc.org\/wp-content\/uploads\/2022\/12\/07_03_2014_9108559_Liqeni_i_Ujmanit-300x200.jpg 300w, https:\/\/www.iber-lepenc.org\/wp-content\/uploads\/2022\/12\/07_03_2014_9108559_Liqeni_i_Ujmanit-768x512.jpg 768w\" sizes=\"(max-width: 1024px) 100vw, 1024px\" \/>                                \n                                <a href=\"https:\/\/www.iber-lepenc.org\/sq\/category\/publikime\/publikim-konkursi\/\">Publikim konkursi<\/a> \n                                  <ul>\n          <li><a href=\"\"> gezimiIL <\/a> <\/li>\n          <li>  <a href=\"https:\/\/www.iber-lepenc.org\/sq\/?p=11101\" rel=\"bookmark\"><time datetime=\"2026-02-27T12:08:52+00:00\">27 Feb , 2026 <\/time><\/a> <\/li> \n      <\/ul>\n                            <h2><a href=\"https:\/\/www.iber-lepenc.org\/sq\/?p=11101\" >KONKURS I BRENDSH\u00cbM &#8211; INTERNI KONKURS<\/a><\/h2>                            \n                                                                                <a href=\"https:\/\/www.iber-lepenc.org\/sq\/?p=11101\">\n                                            Lexoni m\u00eb shum\u00eb <\/a>\n  <a href=\"https:\/\/www.iber-lepenc.org\/sq\/?p=11101#respond\" >Post Comment<\/a>   \n                                <img width=\"1024\" height=\"683\" src=\"https:\/\/www.iber-lepenc.org\/wp-content\/uploads\/2022\/12\/07_03_2014_9108559_Liqeni_i_Ujmanit.jpg\" alt=\"\" decoding=\"async\" srcset=\"https:\/\/www.iber-lepenc.org\/wp-content\/uploads\/2022\/12\/07_03_2014_9108559_Liqeni_i_Ujmanit.jpg 1024w, https:\/\/www.iber-lepenc.org\/wp-content\/uploads\/2022\/12\/07_03_2014_9108559_Liqeni_i_Ujmanit-300x200.jpg 300w, https:\/\/www.iber-lepenc.org\/wp-content\/uploads\/2022\/12\/07_03_2014_9108559_Liqeni_i_Ujmanit-768x512.jpg 768w\" sizes=\"(max-width: 1024px) 100vw, 1024px\" \/>                                \n                                <a href=\"https:\/\/www.iber-lepenc.org\/sq\/category\/publikime\/\">Publikime<\/a> \n                                  <ul>\n          <li><a href=\"\"> gezimiIL <\/a> <\/li>\n          <li>  <a href=\"https:\/\/www.iber-lepenc.org\/sq\/?p=11092\" rel=\"bookmark\"><time datetime=\"2026-02-23T13:38:13+00:00\">23 Feb , 2026 <\/time><\/a> <\/li> \n      <\/ul>\n                            <h2><a href=\"https:\/\/www.iber-lepenc.org\/sq\/?p=11092\" >Shpallje Publike<\/a><\/h2>                                                            <p>Ib\u00ebr Lepenc njofton opinionin publik p\u00ebr shpalljen e Ankandit Publik p\u00ebr dh\u00ebnien me qira&hellip;<\/p>\n                                                                                <a href=\"https:\/\/www.iber-lepenc.org\/sq\/?p=11092\">\n                                            Lexoni m\u00eb shum\u00eb <\/a>\n  <a href=\"https:\/\/www.iber-lepenc.org\/sq\/?p=11092#respond\" >Post Comment<\/a>   \n                                <img width=\"1024\" height=\"683\" src=\"https:\/\/www.iber-lepenc.org\/wp-content\/uploads\/2022\/12\/07_03_2014_9108559_Liqeni_i_Ujmanit.jpg\" alt=\"\" decoding=\"async\" srcset=\"https:\/\/www.iber-lepenc.org\/wp-content\/uploads\/2022\/12\/07_03_2014_9108559_Liqeni_i_Ujmanit.jpg 1024w, https:\/\/www.iber-lepenc.org\/wp-content\/uploads\/2022\/12\/07_03_2014_9108559_Liqeni_i_Ujmanit-300x200.jpg 300w, https:\/\/www.iber-lepenc.org\/wp-content\/uploads\/2022\/12\/07_03_2014_9108559_Liqeni_i_Ujmanit-768x512.jpg 768w\" sizes=\"(max-width: 1024px) 100vw, 1024px\" \/>                                \n                                <a href=\"https:\/\/www.iber-lepenc.org\/sq\/category\/publikime\/publikim-konkursi\/\">Publikim konkursi<\/a> \n                                  <ul>\n          <li><a href=\"\"> gezimiIL <\/a> <\/li>\n          <li>  <a href=\"https:\/\/www.iber-lepenc.org\/sq\/?p=11069\" rel=\"bookmark\"><time datetime=\"2026-01-28T09:25:10+00:00\">28 Jan , 2026 <\/time><\/a> <\/li> \n      <\/ul>\n                            <h2><a href=\"https:\/\/www.iber-lepenc.org\/sq\/?p=11069\" >KONKURS I BRENDSH\u00cbM<\/a><\/h2>                            \n                                                                                <a href=\"https:\/\/www.iber-lepenc.org\/sq\/?p=11069\">\n                                            Lexoni m\u00eb shum\u00eb <\/a>\n  <a href=\"https:\/\/www.iber-lepenc.org\/sq\/?p=11069#respond\" >Post Comment<\/a>   \n                                <img width=\"1024\" height=\"683\" src=\"https:\/\/www.iber-lepenc.org\/wp-content\/uploads\/2022\/12\/07_03_2014_9108559_Liqeni_i_Ujmanit.jpg\" alt=\"\" decoding=\"async\" srcset=\"https:\/\/www.iber-lepenc.org\/wp-content\/uploads\/2022\/12\/07_03_2014_9108559_Liqeni_i_Ujmanit.jpg 1024w, https:\/\/www.iber-lepenc.org\/wp-content\/uploads\/2022\/12\/07_03_2014_9108559_Liqeni_i_Ujmanit-300x200.jpg 300w, https:\/\/www.iber-lepenc.org\/wp-content\/uploads\/2022\/12\/07_03_2014_9108559_Liqeni_i_Ujmanit-768x512.jpg 768w\" sizes=\"(max-width: 1024px) 100vw, 1024px\" \/>                                \n                                <a href=\"https:\/\/www.iber-lepenc.org\/sq\/category\/publikime\/\">Publikime<\/a> \n                                  <ul>\n          <li><a href=\"\"> gezimiIL <\/a> <\/li>\n          <li>  <a href=\"https:\/\/www.iber-lepenc.org\/sq\/publikime\/njoftim-per-publikun\/\" rel=\"bookmark\"><time datetime=\"2026-01-06T15:40:37+00:00\">6 Jan , 2026 <\/time><\/a> <\/li> \n      <\/ul>\n                            <h2><a href=\"https:\/\/www.iber-lepenc.org\/sq\/publikime\/njoftim-per-publikun\/\" >NJOFTIM P\u00cbR PUBLIKUN<\/a><\/h2>                                                            <p>T\u00eb nderuar qytetar\u00eb, Si pasoj\u00eb e reshjeve t\u00eb fundit atmosferike, rritjes s\u00eb prurjeve t\u00eb&hellip;<\/p>\n                                                                                <a href=\"https:\/\/www.iber-lepenc.org\/sq\/publikime\/njoftim-per-publikun\/\">\n                                            Lexoni m\u00eb shum\u00eb <\/a>\n  <a href=\"https:\/\/www.iber-lepenc.org\/sq\/publikime\/njoftim-per-publikun\/#respond\" >Post Comment<\/a>   \n                                <img width=\"1024\" height=\"683\" src=\"https:\/\/www.iber-lepenc.org\/wp-content\/uploads\/2022\/12\/07_03_2014_9108559_Liqeni_i_Ujmanit.jpg\" alt=\"\" decoding=\"async\" srcset=\"https:\/\/www.iber-lepenc.org\/wp-content\/uploads\/2022\/12\/07_03_2014_9108559_Liqeni_i_Ujmanit.jpg 1024w, https:\/\/www.iber-lepenc.org\/wp-content\/uploads\/2022\/12\/07_03_2014_9108559_Liqeni_i_Ujmanit-300x200.jpg 300w, https:\/\/www.iber-lepenc.org\/wp-content\/uploads\/2022\/12\/07_03_2014_9108559_Liqeni_i_Ujmanit-768x512.jpg 768w\" sizes=\"(max-width: 1024px) 100vw, 1024px\" \/>                                \n                                <a href=\"https:\/\/www.iber-lepenc.org\/sq\/category\/publikime\/\">Publikime<\/a> \n                                  <ul>\n          <li><a href=\"\"> gezimiIL <\/a> <\/li>\n          <li>  <a href=\"https:\/\/www.iber-lepenc.org\/sq\/publikime\/reagim-lidhur-me-konkursin-per-kryeshef-ekzekutiv-te-nph-iber-lepenc-sh-a\/\" rel=\"bookmark\"><time datetime=\"2025-12-19T17:51:52+00:00\">19 Dec , 2025 <\/time><\/a> <\/li> \n      <\/ul>\n                            <h2><a href=\"https:\/\/www.iber-lepenc.org\/sq\/publikime\/reagim-lidhur-me-konkursin-per-kryeshef-ekzekutiv-te-nph-iber-lepenc-sh-a\/\" >REAGIM LIDHUR ME KONKURSIN P\u00cbR KRYESHEF EKZEKUTIV T\u00cb NPH \u201cIB\u00cbR-LEPENC\u201d SH.A.<\/a><\/h2>                                                            <p>19 dhjetor, 2025 &#8211; Lidhur me shkrimet, pretendimet e pabazuara dhe dezinformatat e publikuara&hellip;<\/p>\n                                                                                <a href=\"https:\/\/www.iber-lepenc.org\/sq\/publikime\/reagim-lidhur-me-konkursin-per-kryeshef-ekzekutiv-te-nph-iber-lepenc-sh-a\/\">\n                                            Lexoni m\u00eb shum\u00eb <\/a>\n  <a href=\"https:\/\/www.iber-lepenc.org\/sq\/publikime\/reagim-lidhur-me-konkursin-per-kryeshef-ekzekutiv-te-nph-iber-lepenc-sh-a\/#respond\" >Post Comment<\/a>   \n<\/section><!-- \/.blog-one -->\n\t\t\t\t\t<h1 key=\"home_dokumentet\">Dokumentet<\/h1>\t\t\t\t\n\t\t\t\t\t<section>\n      <!-- swiper-slide -->\n                        <img width=\"1024\" height=\"683\" src=\"https:\/\/www.iber-lepenc.org\/wp-content\/uploads\/2022\/12\/07_03_2014_9108559_Liqeni_i_Ujmanit.jpg\" alt=\"\" decoding=\"async\" srcset=\"https:\/\/www.iber-lepenc.org\/wp-content\/uploads\/2022\/12\/07_03_2014_9108559_Liqeni_i_Ujmanit.jpg 1024w, https:\/\/www.iber-lepenc.org\/wp-content\/uploads\/2022\/12\/07_03_2014_9108559_Liqeni_i_Ujmanit-300x200.jpg 300w, https:\/\/www.iber-lepenc.org\/wp-content\/uploads\/2022\/12\/07_03_2014_9108559_Liqeni_i_Ujmanit-768x512.jpg 768w\" sizes=\"(max-width: 1024px) 100vw, 1024px\" \/>               \n               <a href=\"https:\/\/www.iber-lepenc.org\/sq\/category\/dokumente\/\">Dokumente<\/a>            \n               July 19, 2024\n               <h2><a href=\"https:\/\/www.iber-lepenc.org\/sq\/dokumente\/vizite-pune-ne-tri-njesite-punuese-te-ndermarrjes-iber-lepenc-sh-a-gjate-sezonit-te-ujitjes\/\" rel=\"bookmark\">Vizit\u00eb pune n\u00eb tri nj\u00ebsit\u00eb punuese t\u00eb nd\u00ebrmarrjes \u201cIb\u00ebr Lepenc\u201d sh.a. gjat\u00eb sezonit t\u00eb ujitjes<\/a><\/h2>            \n               <img alt='' src='https:\/\/secure.gravatar.com\/avatar\/c0ffb71d3565f82809ad63a2dcb0e8d76de2db446dbba41c315639bd11e8f05d?s=60&#038;d=mm&#038;r=g' srcset='https:\/\/secure.gravatar.com\/avatar\/c0ffb71d3565f82809ad63a2dcb0e8d76de2db446dbba41c315639bd11e8f05d?s=120&#038;d=mm&#038;r=g 2x' class='avatar avatar-60 photo' height='60' width='60' decoding='async'\/>               \n                  <p>POSTED BY<\/p>\n                  <h4> gezimiIL  <\/h4>\n                        <img width=\"1024\" height=\"683\" src=\"https:\/\/www.iber-lepenc.org\/wp-content\/uploads\/2022\/12\/07_03_2014_9108559_Liqeni_i_Ujmanit.jpg\" alt=\"\" decoding=\"async\" srcset=\"https:\/\/www.iber-lepenc.org\/wp-content\/uploads\/2022\/12\/07_03_2014_9108559_Liqeni_i_Ujmanit.jpg 1024w, https:\/\/www.iber-lepenc.org\/wp-content\/uploads\/2022\/12\/07_03_2014_9108559_Liqeni_i_Ujmanit-300x200.jpg 300w, https:\/\/www.iber-lepenc.org\/wp-content\/uploads\/2022\/12\/07_03_2014_9108559_Liqeni_i_Ujmanit-768x512.jpg 768w\" sizes=\"(max-width: 1024px) 100vw, 1024px\" \/>               \n               <a href=\"https:\/\/www.iber-lepenc.org\/sq\/category\/dokumente\/\">Dokumente<\/a>            \n               December 27, 2022\n               <h2><a href=\"https:\/\/www.iber-lepenc.org\/sq\/dokumente\/vendimi-per-perzgjedhjen-e-kryeshefit-ekzekutiv\/\" rel=\"bookmark\">Vendimi p\u00ebr p\u00ebrzgjedhjen e Kryeshefit Ekzekutiv<\/a><\/h2>            \n               <img alt='' src='https:\/\/secure.gravatar.com\/avatar\/e542607dd47d9409c02ab13c014635c6370c69a081a3dd52b8e8b5d3d5952162?s=60&#038;d=mm&#038;r=g' srcset='https:\/\/secure.gravatar.com\/avatar\/e542607dd47d9409c02ab13c014635c6370c69a081a3dd52b8e8b5d3d5952162?s=120&#038;d=mm&#038;r=g 2x' class='avatar avatar-60 photo' height='60' width='60' decoding='async'\/>               \n                  <p>POSTED BY<\/p>\n                  <h4> erditi  <\/h4>\n               <a href=\"https:\/\/www.iber-lepenc.org\/sq\/category\/dokumente\/rregulloret-e-ndermarrjes\/\">Rregulloret e nd\u00ebrmarrjes<\/a>            \n               August 14, 2023\n               <h2><a href=\"https:\/\/www.iber-lepenc.org\/sq\/dokumente\/rregulloret-e-ndermarrjes\/vendim-per-ndryshim-dhe-plotesim-te-rregullores-per-kompenzime-jashte-pages-baze-dhe-reprezentacionit-14-08-2023\/\" rel=\"bookmark\">Vendim p\u00ebr Ndryshim dhe plot\u00ebsim t\u00eb rregullor\u00ebs p\u00ebr Kompenzime jasht\u00eb pag\u00ebs baz\u00eb dhe reprezentacionit 14.08.2023<\/a><\/h2>            \n               <img alt='' src='https:\/\/secure.gravatar.com\/avatar\/c0ffb71d3565f82809ad63a2dcb0e8d76de2db446dbba41c315639bd11e8f05d?s=60&#038;d=mm&#038;r=g' srcset='https:\/\/secure.gravatar.com\/avatar\/c0ffb71d3565f82809ad63a2dcb0e8d76de2db446dbba41c315639bd11e8f05d?s=120&#038;d=mm&#038;r=g 2x' class='avatar avatar-60 photo' height='60' width='60' decoding='async'\/>               \n                  <p>POSTED BY<\/p>\n                  <h4> gezimiIL  <\/h4>\n               <a href=\"https:\/\/www.iber-lepenc.org\/sq\/category\/dokumente\/rregulloret-e-ndermarrjes\/\">Rregulloret e nd\u00ebrmarrjes<\/a>            \n               August 14, 2023\n               <h2><a href=\"https:\/\/www.iber-lepenc.org\/sq\/?p=10149\" rel=\"bookmark\">Vendim p\u00ebr Ndryshim dhe plot\u00ebsim t\u00eb rregullor\u00ebs p\u00ebr Kompenzime jasht\u00eb pag\u00ebs baz\u00eb dhe reprezentacionit 14.08.2023<\/a><\/h2>            \n               <img alt='' src='https:\/\/secure.gravatar.com\/avatar\/c0ffb71d3565f82809ad63a2dcb0e8d76de2db446dbba41c315639bd11e8f05d?s=60&#038;d=mm&#038;r=g' srcset='https:\/\/secure.gravatar.com\/avatar\/c0ffb71d3565f82809ad63a2dcb0e8d76de2db446dbba41c315639bd11e8f05d?s=120&#038;d=mm&#038;r=g 2x' class='avatar avatar-60 photo' height='60' width='60' decoding='async'\/>               \n                  <p>POSTED BY<\/p>\n                  <h4> gezimiIL  <\/h4>\n            <ul class='page-numbers'>\n\t<li>1<\/li>\n\t<li><a href=\"https:\/\/www.iber-lepenc.org\/sq\/wp-admin\/admin-ajax.php?paged=2\">2<\/a><\/li>\n\t<li><a href=\"https:\/\/www.iber-lepenc.org\/sq\/wp-admin\/admin-ajax.php?paged=3\">3<\/a><\/li>\n\t<li>&hellip;<\/li>\n\t<li><a href=\"https:\/\/www.iber-lepenc.org\/sq\/wp-admin\/admin-ajax.php?paged=10\">10<\/a><\/li>\n\t<li><a href=\"https:\/\/www.iber-lepenc.org\/sq\/wp-admin\/admin-ajax.php?paged=2\"><\/a><\/li>\n<\/ul>\n<\/section>\n\t\t\t\t\t<header>\n<\/header>","_sq_post_name":"ballina","_sq_post_excerpt":"","_sq_post_title":"<span key=\"menu_ballina\">BALLINA<\/span>","_en_post_content":"","_en_post_name":"","_en_post_excerpt":"","_en_post_title":"","_sr_post_content":"","_sr_post_name":"","_sr_post_excerpt":"","_sr_post_title":"","edit_language":"sq","footnotes":""},"class_list":["post-6099","page","type-page","status-publish","hentry"],"publishpress_future_action":{"enabled":false,"date":"2026-05-09 02:50:39","action":"change-status","newStatus":"draft","terms":[],"taxonomy":"","extraData":[]},"publishpress_future_workflow_manual_trigger":{"enabledWorkflows":[]},"_links":{"self":[{"href":"https:\/\/www.iber-lepenc.org\/sq\/wp-json\/wp\/v2\/pages\/6099","targetHints":{"allow":["GET"]}}],"collection":[{"href":"https:\/\/www.iber-lepenc.org\/sq\/wp-json\/wp\/v2\/pages"}],"about":[{"href":"https:\/\/www.iber-lepenc.org\/sq\/wp-json\/wp\/v2\/types\/page"}],"author":[{"embeddable":true,"href":"https:\/\/www.iber-lepenc.org\/sq\/wp-json\/wp\/v2\/users\/1"}],"replies":[{"embeddable":true,"href":"https:\/\/www.iber-lepenc.org\/sq\/wp-json\/wp\/v2\/comments?post=6099"}],"version-history":[{"count":250,"href":"https:\/\/www.iber-lepenc.org\/sq\/wp-json\/wp\/v2\/pages\/6099\/revisions"}],"predecessor-version":[{"id":11137,"href":"https:\/\/www.iber-lepenc.org\/sq\/wp-json\/wp\/v2\/pages\/6099\/revisions\/11137"}],"wp:attachment":[{"href":"https:\/\/www.iber-lepenc.org\/sq\/wp-json\/wp\/v2\/media?parent=6099"}],"curies":[{"name":"wp","href":"https:\/\/api.w.org\/{rel}","templated":true}]}}